{"version":"1.0","provider_name":"Smedemokrati.sk","provider_url":"https:\/\/www.smedemokrati.sk\/sv","author_name":"Tom\u00e1\u0161 Koppl","author_url":"https:\/\/www.smedemokrati.sk\/sv\/author\/tomaskoppl\/","title":"\u017dilinka sa priznal. Je \u010das na disciplin\u00e1rne konanie - Smedemokrati.sk","type":"rich","width":600,"height":338,"html":"<blockquote class=\"wp-embedded-content\" data-secret=\"wKdzSVU3DV\"><a href=\"https:\/\/www.smedemokrati.sk\/sv\/zilinka-sa-priznal-je-cas-na-disciplinarne-konanie\/\">\u017dilinka sa priznal. Je \u010das na disciplin\u00e1rne konanie<\/a><\/blockquote><iframe sandbox=\"allow-scripts\" security=\"restricted\" src=\"https:\/\/www.smedemokrati.sk\/sv\/zilinka-sa-priznal-je-cas-na-disciplinarne-konanie\/embed\/#?secret=wKdzSVU3DV\" width=\"600\" height=\"338\" title=\"\u201d\u017dilinka sa priznal. Je \u010das na disciplin\u00e1rne konanie\u201d &ndash; Smedemokrati.sk\" data-secret=\"wKdzSVU3DV\" frameborder=\"0\" marginwidth=\"0\" marginheight=\"0\" scrolling=\"no\" class=\"wp-embedded-content\"><\/iframe><script type=\"text\/javascript\">\n\/* <![CDATA[ *\/\n\/*! This file is auto-generated *\/\n!function(d,l){\"use strict\";l.querySelector&&d.addEventListener&&\"undefined\"!=typeof URL&&(d.wp=d.wp||{},d.wp.receiveEmbedMessage||(d.wp.receiveEmbedMessage=function(e){var t=e.data;if((t||t.secret||t.message||t.value)&&!\/[^a-zA-Z0-9]\/.test(t.secret)){for(var s,r,n,a=l.querySelectorAll('iframe[data-secret=\"'+t.secret+'\"]'),o=l.querySelectorAll('blockquote[data-secret=\"'+t.secret+'\"]'),c=new RegExp(\"^https?:$\",\"i\"),i=0;i<o.length;i++)o[i].style.display=\"none\";for(i=0;i<a.length;i++)s=a[i],e.source===s.contentWindow&&(s.removeAttribute(\"style\"),\"height\"===t.message?(1e3<(r=parseInt(t.value,10))?r=1e3:~~r<200&&(r=200),s.height=r):\"link\"===t.message&&(r=new URL(s.getAttribute(\"src\")),n=new URL(t.value),c.test(n.protocol))&&n.host===r.host&&l.activeElement===s&&(d.top.location.href=t.value))}},d.addEventListener(\"message\",d.wp.receiveEmbedMessage,!1),l.addEventListener(\"DOMContentLoaded\",function(){for(var e,t,s=l.querySelectorAll(\"iframe.wp-embedded-content\"),r=0;r<s.length;r++)(t=(e=s[r]).getAttribute(\"data-secret\"))||(t=Math.random().toString(36).substring(2,12),e.src+=\"#?secret=\"+t,e.setAttribute(\"data-secret\",t)),e.contentWindow.postMessage({message:\"ready\",secret:t},\"*\")},!1)))}(window,document);\n\/\/# sourceURL=https:\/\/www.smedemokrati.sk\/wp-includes\/js\/wp-embed.min.js\n\/* ]]> *\/\n<\/script>\n","thumbnail_url":"https:\/\/www.smedemokrati.sk\/wp-content\/uploads\/2023\/07\/aaa.jpg","thumbnail_width":1115,"thumbnail_height":684,"description":"\u010clen predsedn\u00edctva strany Demokrati Juraj \u0160eliga podal druh\u00fd podnet prezidentke, aby za\u010dala disciplin\u00e1rne konanie vo\u010di gener\u00e1lnemu prokur\u00e1torovi M. \u017dilinkovi. Urobil tak po tom, \u010do \u00dastavn\u00fd s\u00fad vo svojom n\u00e1leze kon\u0161tatoval viacero pr\u00edpadov poru\u0161enia z\u00e1kona zo strany Gener\u00e1lnej prokurat\u00fary. Pod\u013ea \u0160eligu by mal by\u0165 \u017dilinka vzat\u00fd na zodpovednos\u0165. Strana Demokrati presadzuje komplexn\u00fa reformu Gener\u00e1lnej prokurat\u00fary spolu [&hellip;]"}