{"version":"1.0","provider_name":"Smedemokrati.sk","provider_url":"https:\/\/www.smedemokrati.sk\/sv","author_name":"miro.sopko","author_url":"https:\/\/www.smedemokrati.sk\/sv\/author\/miro-sopko\/","title":"Skuto\u010dn\u00fd pl\u00e1n Roberta Fica s II. pilierom? Kr\u00e1de\u017e! - Smedemokrati.sk","type":"rich","width":600,"height":338,"html":"<blockquote class=\"wp-embedded-content\" data-secret=\"3emHv2UsW6\"><a href=\"https:\/\/www.smedemokrati.sk\/sv\/skutocny-plan-roberta-fica-s-ii-pilierom-kradez\/\">Skuto\u010dn\u00fd pl\u00e1n Roberta Fica s II. pilierom? Kr\u00e1de\u017e!<\/a><\/blockquote><iframe sandbox=\"allow-scripts\" security=\"restricted\" src=\"https:\/\/www.smedemokrati.sk\/sv\/skutocny-plan-roberta-fica-s-ii-pilierom-kradez\/embed\/#?secret=3emHv2UsW6\" width=\"600\" height=\"338\" title=\"\u201dSkuto\u010dn\u00fd pl\u00e1n Roberta Fica s II. pilierom? Kr\u00e1de\u017e!\u201d &ndash; Smedemokrati.sk\" data-secret=\"3emHv2UsW6\" frameborder=\"0\" marginwidth=\"0\" marginheight=\"0\" scrolling=\"no\" class=\"wp-embedded-content\"><\/iframe><script type=\"text\/javascript\">\n\/* <![CDATA[ *\/\n\/*! This file is auto-generated *\/\n!function(d,l){\"use strict\";l.querySelector&&d.addEventListener&&\"undefined\"!=typeof URL&&(d.wp=d.wp||{},d.wp.receiveEmbedMessage||(d.wp.receiveEmbedMessage=function(e){var t=e.data;if((t||t.secret||t.message||t.value)&&!\/[^a-zA-Z0-9]\/.test(t.secret)){for(var s,r,n,a=l.querySelectorAll('iframe[data-secret=\"'+t.secret+'\"]'),o=l.querySelectorAll('blockquote[data-secret=\"'+t.secret+'\"]'),c=new RegExp(\"^https?:$\",\"i\"),i=0;i<o.length;i++)o[i].style.display=\"none\";for(i=0;i<a.length;i++)s=a[i],e.source===s.contentWindow&&(s.removeAttribute(\"style\"),\"height\"===t.message?(1e3<(r=parseInt(t.value,10))?r=1e3:~~r<200&&(r=200),s.height=r):\"link\"===t.message&&(r=new URL(s.getAttribute(\"src\")),n=new URL(t.value),c.test(n.protocol))&&n.host===r.host&&l.activeElement===s&&(d.top.location.href=t.value))}},d.addEventListener(\"message\",d.wp.receiveEmbedMessage,!1),l.addEventListener(\"DOMContentLoaded\",function(){for(var e,t,s=l.querySelectorAll(\"iframe.wp-embedded-content\"),r=0;r<s.length;r++)(t=(e=s[r]).getAttribute(\"data-secret\"))||(t=Math.random().toString(36).substring(2,12),e.src+=\"#?secret=\"+t,e.setAttribute(\"data-secret\",t)),e.contentWindow.postMessage({message:\"ready\",secret:t},\"*\")},!1)))}(window,document);\n\/\/# sourceURL=https:\/\/www.smedemokrati.sk\/wp-includes\/js\/wp-embed.min.js\n\/* ]]> *\/\n<\/script>\n","thumbnail_url":"https:\/\/www.smedemokrati.sk\/wp-content\/uploads\/2023\/06\/fico.jpg","thumbnail_width":1920,"thumbnail_height":1080,"description":"Premi\u00e9r Robert Fico chce znovu okradn\u00fa\u0165 \u013eud\u00ed o\u00a0d\u00f4chodkov\u00e9 \u00faspory a\u00a0zn\u00ed\u017ei\u0165 im tak ich bud\u00face d\u00f4chodky o\u00a0stovky eur. Fico tieto svoje kroky maskuje za investovanie do slovensk\u00fdch dia\u013enic a\u00a0\u010fal\u0161\u00edch projektov, skuto\u010dnos\u0165 je v\u0161ak in\u00e1, chce vytiahnu\u0165 peniaze z\u00a0II. piliera, aby mal na rozhadzovanie, ke\u010f\u017ee norm\u00e1lne konsolidova\u0165 verejn\u00e9 financie nevie. Strana Demokrati upozor\u0148uje, \u017ee v\u00a0minulosti kroky Roberta [&hellip;]"}