{"version":"1.0","provider_name":"Smedemokrati.sk","provider_url":"https:\/\/www.smedemokrati.sk\/sv","author_name":"miro.sopko","author_url":"https:\/\/www.smedemokrati.sk\/sv\/author\/miro-sopko\/","title":"Reakcia na prezidenta Pellegriniho v Sobotn\u00fdch dial\u00f3goch - Smedemokrati.sk","type":"rich","width":600,"height":338,"html":"<blockquote class=\"wp-embedded-content\" data-secret=\"1a1Jaqs21Z\"><a href=\"https:\/\/www.smedemokrati.sk\/sv\/reakcia-na-prezidenta-pellegriniho-v-sobotnych-dialogoch\/\">Reakcia na prezidenta Pellegriniho v Sobotn\u00fdch dial\u00f3goch<\/a><\/blockquote><iframe sandbox=\"allow-scripts\" security=\"restricted\" src=\"https:\/\/www.smedemokrati.sk\/sv\/reakcia-na-prezidenta-pellegriniho-v-sobotnych-dialogoch\/embed\/#?secret=1a1Jaqs21Z\" width=\"600\" height=\"338\" title=\"\u201dReakcia na prezidenta Pellegriniho v Sobotn\u00fdch dial\u00f3goch\u201d &ndash; Smedemokrati.sk\" data-secret=\"1a1Jaqs21Z\" frameborder=\"0\" marginwidth=\"0\" marginheight=\"0\" scrolling=\"no\" class=\"wp-embedded-content\"><\/iframe><script type=\"text\/javascript\">\n\/* <![CDATA[ *\/\n\/*! This file is auto-generated *\/\n!function(d,l){\"use strict\";l.querySelector&&d.addEventListener&&\"undefined\"!=typeof URL&&(d.wp=d.wp||{},d.wp.receiveEmbedMessage||(d.wp.receiveEmbedMessage=function(e){var t=e.data;if((t||t.secret||t.message||t.value)&&!\/[^a-zA-Z0-9]\/.test(t.secret)){for(var s,r,n,a=l.querySelectorAll('iframe[data-secret=\"'+t.secret+'\"]'),o=l.querySelectorAll('blockquote[data-secret=\"'+t.secret+'\"]'),c=new RegExp(\"^https?:$\",\"i\"),i=0;i<o.length;i++)o[i].style.display=\"none\";for(i=0;i<a.length;i++)s=a[i],e.source===s.contentWindow&&(s.removeAttribute(\"style\"),\"height\"===t.message?(1e3<(r=parseInt(t.value,10))?r=1e3:~~r<200&&(r=200),s.height=r):\"link\"===t.message&&(r=new URL(s.getAttribute(\"src\")),n=new URL(t.value),c.test(n.protocol))&&n.host===r.host&&l.activeElement===s&&(d.top.location.href=t.value))}},d.addEventListener(\"message\",d.wp.receiveEmbedMessage,!1),l.addEventListener(\"DOMContentLoaded\",function(){for(var e,t,s=l.querySelectorAll(\"iframe.wp-embedded-content\"),r=0;r<s.length;r++)(t=(e=s[r]).getAttribute(\"data-secret\"))||(t=Math.random().toString(36).substring(2,12),e.src+=\"#?secret=\"+t,e.setAttribute(\"data-secret\",t)),e.contentWindow.postMessage({message:\"ready\",secret:t},\"*\")},!1)))}(window,document);\n\/\/# sourceURL=https:\/\/www.smedemokrati.sk\/wp-includes\/js\/wp-embed.min.js\n\/* ]]> *\/\n<\/script>\n","thumbnail_url":"https:\/\/www.smedemokrati.sk\/wp-content\/uploads\/2026\/03\/657581098_1448224493766912_7311792421332175351_n-e1774721764899.jpg","thumbnail_width":1536,"thumbnail_height":1328,"description":"Vyjadenie podpredsedu Demokratov Juraja \u0160eliga k vyst\u00fapeniu prezidenta Petra Pellegriniho v Sobotn\u00fdch dial\u00f3goch Reakcia p\u00e1na prezidenta Pellegriniho, ktor\u00e1 dnes zaznela v Sobotn\u00fdch dial\u00f3goch, je nemil\u00fdm, ale \u017eia\u013e nie \u00faplne ne\u010dakan\u00fdm, prekvapen\u00edm. P\u00e1n prezident u\u017e azda zabudol \u010do hovoril pred tromi rokmi? Alebo to m\u00e1me ch\u00e1pa\u0165 ako pr\u00edpravu p\u00f4dy na facku \u013eu\u010fom? P\u00e1n prezident Pellegrini na [&hellip;]"}