{"version":"1.0","provider_name":"Smedemokrati.sk","provider_url":"https:\/\/www.smedemokrati.sk\/sv","author_name":"miro.sopko","author_url":"https:\/\/www.smedemokrati.sk\/sv\/author\/miro-sopko\/","title":"Podali sme podnet na Mat\u00fa\u0161a \u0160utaja E\u0161toka - Smedemokrati.sk","type":"rich","width":600,"height":338,"html":"<blockquote class=\"wp-embedded-content\" data-secret=\"cZCAXgRI4K\"><a href=\"https:\/\/www.smedemokrati.sk\/sv\/podali-sme-podnet-na-matusa-sutaja-estoka\/\">Podali sme podnet na Mat\u00fa\u0161a \u0160utaja E\u0161toka<\/a><\/blockquote><iframe sandbox=\"allow-scripts\" security=\"restricted\" src=\"https:\/\/www.smedemokrati.sk\/sv\/podali-sme-podnet-na-matusa-sutaja-estoka\/embed\/#?secret=cZCAXgRI4K\" width=\"600\" height=\"338\" title=\"\u201dPodali sme podnet na Mat\u00fa\u0161a \u0160utaja E\u0161toka\u201d &ndash; Smedemokrati.sk\" data-secret=\"cZCAXgRI4K\" frameborder=\"0\" marginwidth=\"0\" marginheight=\"0\" scrolling=\"no\" class=\"wp-embedded-content\"><\/iframe><script type=\"text\/javascript\">\n\/* <![CDATA[ *\/\n\/*! This file is auto-generated *\/\n!function(d,l){\"use strict\";l.querySelector&&d.addEventListener&&\"undefined\"!=typeof URL&&(d.wp=d.wp||{},d.wp.receiveEmbedMessage||(d.wp.receiveEmbedMessage=function(e){var t=e.data;if((t||t.secret||t.message||t.value)&&!\/[^a-zA-Z0-9]\/.test(t.secret)){for(var s,r,n,a=l.querySelectorAll('iframe[data-secret=\"'+t.secret+'\"]'),o=l.querySelectorAll('blockquote[data-secret=\"'+t.secret+'\"]'),c=new RegExp(\"^https?:$\",\"i\"),i=0;i<o.length;i++)o[i].style.display=\"none\";for(i=0;i<a.length;i++)s=a[i],e.source===s.contentWindow&&(s.removeAttribute(\"style\"),\"height\"===t.message?(1e3<(r=parseInt(t.value,10))?r=1e3:~~r<200&&(r=200),s.height=r):\"link\"===t.message&&(r=new URL(s.getAttribute(\"src\")),n=new URL(t.value),c.test(n.protocol))&&n.host===r.host&&l.activeElement===s&&(d.top.location.href=t.value))}},d.addEventListener(\"message\",d.wp.receiveEmbedMessage,!1),l.addEventListener(\"DOMContentLoaded\",function(){for(var e,t,s=l.querySelectorAll(\"iframe.wp-embedded-content\"),r=0;r<s.length;r++)(t=(e=s[r]).getAttribute(\"data-secret\"))||(t=Math.random().toString(36).substring(2,12),e.src+=\"#?secret=\"+t,e.setAttribute(\"data-secret\",t)),e.contentWindow.postMessage({message:\"ready\",secret:t},\"*\")},!1)))}(window,document);\n\/\/# sourceURL=https:\/\/www.smedemokrati.sk\/wp-includes\/js\/wp-embed.min.js\n\/* ]]> *\/\n<\/script>\n","thumbnail_url":"https:\/\/www.smedemokrati.sk\/wp-content\/uploads\/2025\/07\/podnet-na-MSE.jpg","thumbnail_width":722,"thumbnail_height":417,"description":"Demokrati sa ofici\u00e1lne obr\u00e1tili na gener\u00e1lneho prokur\u00e1tora Maro\u0161a \u017dilinku, aby preveril ot\u00e1zku financovania prezidentskej kampane Petra Pellegriniho. Dnes pozn\u00e1me tri verzie vysvetlenia, pre\u010do strana Hlas nezverejnila inform\u00e1cie tak, ako prikazuje z\u00e1kon, o p\u00f4\u017ei\u010dke od Evy Pellegrini vo v\u00fd\u0161ke 300-tis\u00edc eur, ktor\u00e1 smerovala na prezidentsk\u00fa kampa\u0148:\u00a0\u201eHlas je zamotan\u00fd vo vlastn\u00fdch klamstv\u00e1ch a predseda strany a z\u00e1rove\u0148 [&hellip;]"}