{"version":"1.0","provider_name":"Smedemokrati.sk","provider_url":"https:\/\/www.smedemokrati.sk\/sv","author_name":"admin","author_url":"https:\/\/www.smedemokrati.sk\/sv\/author\/admin\/","title":"Michal Ki\u010da - Smedemokrati.sk","type":"rich","width":600,"height":338,"html":"<blockquote class=\"wp-embedded-content\" data-secret=\"ZSkGTNdZFG\"><a href=\"https:\/\/www.smedemokrati.sk\/sv\/leader\/michal-kica\/\">Michal Ki\u010da<\/a><\/blockquote><iframe sandbox=\"allow-scripts\" security=\"restricted\" src=\"https:\/\/www.smedemokrati.sk\/sv\/leader\/michal-kica\/embed\/#?secret=ZSkGTNdZFG\" width=\"600\" height=\"338\" title=\"\u201dMichal Ki\u010da\u201d &ndash; Smedemokrati.sk\" data-secret=\"ZSkGTNdZFG\" frameborder=\"0\" marginwidth=\"0\" marginheight=\"0\" scrolling=\"no\" class=\"wp-embedded-content\"><\/iframe><script type=\"text\/javascript\">\n\/* <![CDATA[ *\/\n\/*! This file is auto-generated *\/\n!function(d,l){\"use strict\";l.querySelector&&d.addEventListener&&\"undefined\"!=typeof URL&&(d.wp=d.wp||{},d.wp.receiveEmbedMessage||(d.wp.receiveEmbedMessage=function(e){var t=e.data;if((t||t.secret||t.message||t.value)&&!\/[^a-zA-Z0-9]\/.test(t.secret)){for(var s,r,n,a=l.querySelectorAll('iframe[data-secret=\"'+t.secret+'\"]'),o=l.querySelectorAll('blockquote[data-secret=\"'+t.secret+'\"]'),c=new RegExp(\"^https?:$\",\"i\"),i=0;i<o.length;i++)o[i].style.display=\"none\";for(i=0;i<a.length;i++)s=a[i],e.source===s.contentWindow&&(s.removeAttribute(\"style\"),\"height\"===t.message?(1e3<(r=parseInt(t.value,10))?r=1e3:~~r<200&&(r=200),s.height=r):\"link\"===t.message&&(r=new URL(s.getAttribute(\"src\")),n=new URL(t.value),c.test(n.protocol))&&n.host===r.host&&l.activeElement===s&&(d.top.location.href=t.value))}},d.addEventListener(\"message\",d.wp.receiveEmbedMessage,!1),l.addEventListener(\"DOMContentLoaded\",function(){for(var e,t,s=l.querySelectorAll(\"iframe.wp-embedded-content\"),r=0;r<s.length;r++)(t=(e=s[r]).getAttribute(\"data-secret\"))||(t=Math.random().toString(36).substring(2,12),e.src+=\"#?secret=\"+t,e.setAttribute(\"data-secret\",t)),e.contentWindow.postMessage({message:\"ready\",secret:t},\"*\")},!1)))}(window,document);\n\/\/# sourceURL=https:\/\/www.smedemokrati.sk\/wp-includes\/js\/wp-embed.min.js\n\/* ]]> *\/\n<\/script>\n","description":"Aktivista, enviroment\u00e1lny pr\u00e1vnik a oddan\u00fd ochranca pr\u00edrody Ochrana \u017eivotn\u00e9ho prostredia mu bola v\u017edy bl\u00edzka. U\u017e po\u010das \u0161t\u00fadia na vysokej \u0161kole si uvedomil, \u017ee po sebe chce zanecha\u0165 aj in\u00fa, ne\u017e len uhl\u00edkov\u00fa stopu. Preto si vybral pr\u00e1vo so \u0161pecializ\u00e1ciou na \u017eivotn\u00e9 prostredie. Ako advok\u00e1t v spolupr\u00e1ci s environment\u00e1lnymi mimovl\u00e1dnymi organiz\u00e1ciami neraz \u00faspe\u0161ne h\u00e1jil z\u00e1ujmy pr\u00edrody. [&hellip;]","thumbnail_url":"https:\/\/www.smedemokrati.sk\/wp-content\/uploads\/2023\/04\/ff.004.jpeg","thumbnail_width":640,"thumbnail_height":480}