{"version":"1.0","provider_name":"Smedemokrati.sk","provider_url":"https:\/\/www.smedemokrati.sk\/sv","author_name":"Tom\u00e1\u0161 Koppl","author_url":"https:\/\/www.smedemokrati.sk\/sv\/author\/tomaskoppl\/","title":"Fico na\u0161iel svojho Lexu - Smedemokrati.sk","type":"rich","width":600,"height":338,"html":"<blockquote class=\"wp-embedded-content\" data-secret=\"gRYI7LguR6\"><a href=\"https:\/\/www.smedemokrati.sk\/sv\/fico-nasiel-svojho-lexu\/\">Fico na\u0161iel svojho Lexu<\/a><\/blockquote><iframe sandbox=\"allow-scripts\" security=\"restricted\" src=\"https:\/\/www.smedemokrati.sk\/sv\/fico-nasiel-svojho-lexu\/embed\/#?secret=gRYI7LguR6\" width=\"600\" height=\"338\" title=\"\u201dFico na\u0161iel svojho Lexu\u201d &ndash; Smedemokrati.sk\" data-secret=\"gRYI7LguR6\" frameborder=\"0\" marginwidth=\"0\" marginheight=\"0\" scrolling=\"no\" class=\"wp-embedded-content\"><\/iframe><script type=\"text\/javascript\">\n\/* <![CDATA[ *\/\n\/*! This file is auto-generated *\/\n!function(d,l){\"use strict\";l.querySelector&&d.addEventListener&&\"undefined\"!=typeof URL&&(d.wp=d.wp||{},d.wp.receiveEmbedMessage||(d.wp.receiveEmbedMessage=function(e){var t=e.data;if((t||t.secret||t.message||t.value)&&!\/[^a-zA-Z0-9]\/.test(t.secret)){for(var s,r,n,a=l.querySelectorAll('iframe[data-secret=\"'+t.secret+'\"]'),o=l.querySelectorAll('blockquote[data-secret=\"'+t.secret+'\"]'),c=new RegExp(\"^https?:$\",\"i\"),i=0;i<o.length;i++)o[i].style.display=\"none\";for(i=0;i<a.length;i++)s=a[i],e.source===s.contentWindow&&(s.removeAttribute(\"style\"),\"height\"===t.message?(1e3<(r=parseInt(t.value,10))?r=1e3:~~r<200&&(r=200),s.height=r):\"link\"===t.message&&(r=new URL(s.getAttribute(\"src\")),n=new URL(t.value),c.test(n.protocol))&&n.host===r.host&&l.activeElement===s&&(d.top.location.href=t.value))}},d.addEventListener(\"message\",d.wp.receiveEmbedMessage,!1),l.addEventListener(\"DOMContentLoaded\",function(){for(var e,t,s=l.querySelectorAll(\"iframe.wp-embedded-content\"),r=0;r<s.length;r++)(t=(e=s[r]).getAttribute(\"data-secret\"))||(t=Math.random().toString(36).substring(2,12),e.src+=\"#?secret=\"+t,e.setAttribute(\"data-secret\",t)),e.contentWindow.postMessage({message:\"ready\",secret:t},\"*\")},!1)))}(window,document);\n\/\/# sourceURL=https:\/\/www.smedemokrati.sk\/wp-includes\/js\/wp-embed.min.js\n\/* ]]> *\/\n<\/script>\n","thumbnail_url":"https:\/\/www.smedemokrati.sk\/wp-content\/uploads\/2024\/02\/sss.jpg","thumbnail_width":1909,"thumbnail_height":1175,"description":"Pod\u013ea Demokratov by bol Pavol Ga\u0161par na poz\u00edcii riadite\u013ea SIS priamym ohrozen\u00edm bezpe\u010dnosti Slovenska a Slovensk\u00e1 informa\u010dn\u00e1 slu\u017eba by sa stala \u00faplne izolovan\u00e1. Jaroslav Na\u010f, \u0161\u00e9f Demokratov pripom\u00edna, \u017ee jednotliv\u00e9, aj zahrani\u010dn\u00e9 spravodajsk\u00e9 slu\u017eby si potrebuj\u00fa vz\u00e1jomne vymie\u0148a\u0165 d\u00f4vern\u00e9 inform\u00e1cie a\u00a0v\u00fdmena t\u00fdchto inform\u00e1ci\u00ed prebieha na z\u00e1klade vz\u00e1jomnej d\u00f4very. Av\u0161ak plat\u00ed, \u017ee pre ned\u00f4veryhodn\u00e9 vedenie, ktor\u00e9 [&hellip;]"}