{"version":"1.0","provider_name":"Smedemokrati.sk","provider_url":"https:\/\/www.smedemokrati.sk\/sv","author_name":"miro.sopko","author_url":"https:\/\/www.smedemokrati.sk\/sv\/author\/miro-sopko\/","title":"Fico a jeho regul\u00e1tor pripravuj\u00fa energetick\u00fa nespravodlivos\u0165 - Smedemokrati.sk","type":"rich","width":600,"height":338,"html":"<blockquote class=\"wp-embedded-content\" data-secret=\"bFLyd5nFGa\"><a href=\"https:\/\/www.smedemokrati.sk\/sv\/fico-a-jeho-regulator-pripravuju-energeticku-nespravodlivost\/\">Fico a jeho regul\u00e1tor pripravuj\u00fa energetick\u00fa nespravodlivos\u0165<\/a><\/blockquote><iframe sandbox=\"allow-scripts\" security=\"restricted\" src=\"https:\/\/www.smedemokrati.sk\/sv\/fico-a-jeho-regulator-pripravuju-energeticku-nespravodlivost\/embed\/#?secret=bFLyd5nFGa\" width=\"600\" height=\"338\" title=\"\u201dFico a jeho regul\u00e1tor pripravuj\u00fa energetick\u00fa nespravodlivos\u0165\u201d &ndash; Smedemokrati.sk\" data-secret=\"bFLyd5nFGa\" frameborder=\"0\" marginwidth=\"0\" marginheight=\"0\" scrolling=\"no\" class=\"wp-embedded-content\"><\/iframe><script type=\"text\/javascript\">\n\/* <![CDATA[ *\/\n\/*! This file is auto-generated *\/\n!function(d,l){\"use strict\";l.querySelector&&d.addEventListener&&\"undefined\"!=typeof URL&&(d.wp=d.wp||{},d.wp.receiveEmbedMessage||(d.wp.receiveEmbedMessage=function(e){var t=e.data;if((t||t.secret||t.message||t.value)&&!\/[^a-zA-Z0-9]\/.test(t.secret)){for(var s,r,n,a=l.querySelectorAll('iframe[data-secret=\"'+t.secret+'\"]'),o=l.querySelectorAll('blockquote[data-secret=\"'+t.secret+'\"]'),c=new RegExp(\"^https?:$\",\"i\"),i=0;i<o.length;i++)o[i].style.display=\"none\";for(i=0;i<a.length;i++)s=a[i],e.source===s.contentWindow&&(s.removeAttribute(\"style\"),\"height\"===t.message?(1e3<(r=parseInt(t.value,10))?r=1e3:~~r<200&&(r=200),s.height=r):\"link\"===t.message&&(r=new URL(s.getAttribute(\"src\")),n=new URL(t.value),c.test(n.protocol))&&n.host===r.host&&l.activeElement===s&&(d.top.location.href=t.value))}},d.addEventListener(\"message\",d.wp.receiveEmbedMessage,!1),l.addEventListener(\"DOMContentLoaded\",function(){for(var e,t,s=l.querySelectorAll(\"iframe.wp-embedded-content\"),r=0;r<s.length;r++)(t=(e=s[r]).getAttribute(\"data-secret\"))||(t=Math.random().toString(36).substring(2,12),e.src+=\"#?secret=\"+t,e.setAttribute(\"data-secret\",t)),e.contentWindow.postMessage({message:\"ready\",secret:t},\"*\")},!1)))}(window,document);\n\/\/# sourceURL=https:\/\/www.smedemokrati.sk\/wp-includes\/js\/wp-embed.min.js\n\/* ]]> *\/\n<\/script>\n","thumbnail_url":"https:\/\/www.smedemokrati.sk\/wp-content\/uploads\/2025\/07\/2025-07-10-14_17_11-1-Facebook-e1752149907815.jpg","thumbnail_width":1288,"thumbnail_height":847,"description":"Viacdetn\u00e9 a viacgenera\u010dn\u00e9 rodiny a najm\u00e4 v\u0161etky dom\u00e1cnosti na severe Slovenska sa musia pripravi\u0165 na prudk\u00fd n\u00e1rast cien energi\u00ed. D\u00f4vodom je pripravovan\u00e1 nov\u00e1 cenov\u00e1 regul\u00e1cia zo strany \u00daradu pre regul\u00e1ciu sie\u0165ov\u00fdch odvetv\u00ed (\u00daRSO), ktor\u00e9ho \u010deln\u00ed predstavitelia boli dosaden\u00ed Ficovou vl\u00e1dou.\u201e\u00daRSO pripravuje n\u00e1vrh, pod\u013ea ktor\u00e9ho by od janu\u00e1ra 2026 dom\u00e1cnosti platili za elektrinu a plyn t\u00fdm [&hellip;]"}