{"version":"1.0","provider_name":"Smedemokrati.sk","provider_url":"https:\/\/www.smedemokrati.sk\/sv","author_name":"Tom\u00e1\u0161 Koppl","author_url":"https:\/\/www.smedemokrati.sk\/sv\/author\/tomaskoppl\/","title":"Ak bude sch\u00f4dza otvoren\u00e1, predlo\u017e\u00edme nov\u00e9 znenie uznesenia - Smedemokrati.sk","type":"rich","width":600,"height":338,"html":"<blockquote class=\"wp-embedded-content\" data-secret=\"E1x93IPe2r\"><a href=\"https:\/\/www.smedemokrati.sk\/sv\/ak-bude-schodza-otvorena-predlozime-nove-znenie-uznesenia\/\">Ak bude sch\u00f4dza otvoren\u00e1, predlo\u017e\u00edme nov\u00e9 znenie uznesenia<\/a><\/blockquote><iframe sandbox=\"allow-scripts\" security=\"restricted\" src=\"https:\/\/www.smedemokrati.sk\/sv\/ak-bude-schodza-otvorena-predlozime-nove-znenie-uznesenia\/embed\/#?secret=E1x93IPe2r\" width=\"600\" height=\"338\" title=\"\u201dAk bude sch\u00f4dza otvoren\u00e1, predlo\u017e\u00edme nov\u00e9 znenie uznesenia\u201d &ndash; Smedemokrati.sk\" data-secret=\"E1x93IPe2r\" frameborder=\"0\" marginwidth=\"0\" marginheight=\"0\" scrolling=\"no\" class=\"wp-embedded-content\"><\/iframe><script type=\"text\/javascript\">\n\/* <![CDATA[ *\/\n\/*! This file is auto-generated *\/\n!function(d,l){\"use strict\";l.querySelector&&d.addEventListener&&\"undefined\"!=typeof URL&&(d.wp=d.wp||{},d.wp.receiveEmbedMessage||(d.wp.receiveEmbedMessage=function(e){var t=e.data;if((t||t.secret||t.message||t.value)&&!\/[^a-zA-Z0-9]\/.test(t.secret)){for(var s,r,n,a=l.querySelectorAll('iframe[data-secret=\"'+t.secret+'\"]'),o=l.querySelectorAll('blockquote[data-secret=\"'+t.secret+'\"]'),c=new RegExp(\"^https?:$\",\"i\"),i=0;i<o.length;i++)o[i].style.display=\"none\";for(i=0;i<a.length;i++)s=a[i],e.source===s.contentWindow&&(s.removeAttribute(\"style\"),\"height\"===t.message?(1e3<(r=parseInt(t.value,10))?r=1e3:~~r<200&&(r=200),s.height=r):\"link\"===t.message&&(r=new URL(s.getAttribute(\"src\")),n=new URL(t.value),c.test(n.protocol))&&n.host===r.host&&l.activeElement===s&&(d.top.location.href=t.value))}},d.addEventListener(\"message\",d.wp.receiveEmbedMessage,!1),l.addEventListener(\"DOMContentLoaded\",function(){for(var e,t,s=l.querySelectorAll(\"iframe.wp-embedded-content\"),r=0;r<s.length;r++)(t=(e=s[r]).getAttribute(\"data-secret\"))||(t=Math.random().toString(36).substring(2,12),e.src+=\"#?secret=\"+t,e.setAttribute(\"data-secret\",t)),e.contentWindow.postMessage({message:\"ready\",secret:t},\"*\")},!1)))}(window,document);\n\/\/# sourceURL=https:\/\/www.smedemokrati.sk\/wp-includes\/js\/wp-embed.min.js\n\/* ]]> *\/\n<\/script>\n","thumbnail_url":"https:\/\/www.smedemokrati.sk\/wp-content\/uploads\/2023\/08\/01.jpg","thumbnail_width":1399,"thumbnail_height":870,"description":"Poslanci za stranu Demokrati, ktor\u00fdch je v s\u00fa\u010dasnosti 15, sa fyzicky z\u00fa\u010dastnia pondelkovej mimoriadnej sch\u00f4dze, no nezahlasuj\u00fa za schv\u00e1lenie jej programu. Povedal to poslanec NR SR Juraj \u0160eliga (Demokrati) na piatkovej tla\u010dovej konferencii. Demokrati deklarovali, \u017ee s\u00fa odhodlan\u00ed na\u010falej bojova\u0165 proti Ficovi a ak sa mimoriadna sch\u00f4dza otvor\u00ed, predlo\u017eia na \u0148u vlastn\u00e9 znenie uznesenia. O [&hellip;]"}