{"version":"1.0","provider_name":"Smedemokrati.sk","provider_url":"https:\/\/www.smedemokrati.sk\/hu","author_name":"Tom\u00e1\u0161 Koppl","author_url":"https:\/\/www.smedemokrati.sk\/hu\/author\/tomaskoppl\/","title":"Stanovisko strany Demokrati k vyhl\u00e1seniu prezidentky Z. \u010caputovej - Smedemokrati.sk","type":"rich","width":600,"height":338,"html":"<blockquote class=\"wp-embedded-content\" data-secret=\"X9dHBAzpO3\"><a href=\"https:\/\/www.smedemokrati.sk\/hu\/stanovisko-strany-demokrati-k-vyhlaseniu-prezidentky-z-caputovej\/\">Stanovisko strany Demokrati k vyhl\u00e1seniu prezidentky Z. \u010caputovej<\/a><\/blockquote><iframe sandbox=\"allow-scripts\" security=\"restricted\" src=\"https:\/\/www.smedemokrati.sk\/hu\/stanovisko-strany-demokrati-k-vyhlaseniu-prezidentky-z-caputovej\/embed\/#?secret=X9dHBAzpO3\" width=\"600\" height=\"338\" title=\"&#8220;Stanovisko strany Demokrati k vyhl\u00e1seniu prezidentky Z. \u010caputovej&#8221; &#8212; Smedemokrati.sk\" data-secret=\"X9dHBAzpO3\" frameborder=\"0\" marginwidth=\"0\" marginheight=\"0\" scrolling=\"no\" class=\"wp-embedded-content\"><\/iframe><script type=\"text\/javascript\">\n\/* <![CDATA[ *\/\n\/*! This file is auto-generated *\/\n!function(d,l){\"use strict\";l.querySelector&&d.addEventListener&&\"undefined\"!=typeof URL&&(d.wp=d.wp||{},d.wp.receiveEmbedMessage||(d.wp.receiveEmbedMessage=function(e){var t=e.data;if((t||t.secret||t.message||t.value)&&!\/[^a-zA-Z0-9]\/.test(t.secret)){for(var s,r,n,a=l.querySelectorAll('iframe[data-secret=\"'+t.secret+'\"]'),o=l.querySelectorAll('blockquote[data-secret=\"'+t.secret+'\"]'),c=new RegExp(\"^https?:$\",\"i\"),i=0;i<o.length;i++)o[i].style.display=\"none\";for(i=0;i<a.length;i++)s=a[i],e.source===s.contentWindow&&(s.removeAttribute(\"style\"),\"height\"===t.message?(1e3<(r=parseInt(t.value,10))?r=1e3:~~r<200&&(r=200),s.height=r):\"link\"===t.message&&(r=new URL(s.getAttribute(\"src\")),n=new URL(t.value),c.test(n.protocol))&&n.host===r.host&&l.activeElement===s&&(d.top.location.href=t.value))}},d.addEventListener(\"message\",d.wp.receiveEmbedMessage,!1),l.addEventListener(\"DOMContentLoaded\",function(){for(var e,t,s=l.querySelectorAll(\"iframe.wp-embedded-content\"),r=0;r<s.length;r++)(t=(e=s[r]).getAttribute(\"data-secret\"))||(t=Math.random().toString(36).substring(2,12),e.src+=\"#?secret=\"+t,e.setAttribute(\"data-secret\",t)),e.contentWindow.postMessage({message:\"ready\",secret:t},\"*\")},!1)))}(window,document);\n\/\/# sourceURL=https:\/\/www.smedemokrati.sk\/wp-includes\/js\/wp-embed.min.js\n\/* ]]> *\/\n<\/script>\n","thumbnail_url":"https:\/\/www.smedemokrati.sk\/wp-content\/uploads\/2023\/06\/unnamed.jpg","thumbnail_width":900,"thumbnail_height":900,"description":"Slovensk\u00e1 politika je preplnen\u00e1 egami a krik\u013e\u00fanstvom. Prezidentka Zuzana \u010caputov\u00e1 prin\u00e1\u0161a do politiky pokoj a pomoc \u013eu\u010fom. Jej snaha sp\u00e1ja\u0165 bude vo verejnom \u017eivote ch\u00fdba\u0165. Rozhodnutie nekandidova\u0165 v\u0161ak plne re\u0161pektujeme. Nie je to prejav slabosti, ale naopak ve\u013ekej sily niekoho, pre koho moc nie je t\u00fdm najvy\u0161\u0161\u00edm, \u010do m\u00f4\u017ee dosiahnu\u0165. Zuzane \u010caputovej prajeme ve\u013ea s\u00edl [&hellip;]"}