{"version":"1.0","provider_name":"Smedemokrati.sk","provider_url":"https:\/\/www.smedemokrati.sk\/hu","author_name":"miro.sopko","author_url":"https:\/\/www.smedemokrati.sk\/hu\/author\/miro-sopko\/","title":"Podujat\u00edm v Pre\u0161ove si pripomenieme udalosti novembra 89 - Smedemokrati.sk","type":"rich","width":600,"height":338,"html":"<blockquote class=\"wp-embedded-content\" data-secret=\"wgkRtTBWuQ\"><a href=\"https:\/\/www.smedemokrati.sk\/hu\/podujatim-v-presove-si-pripomenieme-udalosti-novembra-89\/\">Podujat\u00edm v Pre\u0161ove si pripomenieme udalosti novembra 89<\/a><\/blockquote><iframe sandbox=\"allow-scripts\" security=\"restricted\" src=\"https:\/\/www.smedemokrati.sk\/hu\/podujatim-v-presove-si-pripomenieme-udalosti-novembra-89\/embed\/#?secret=wgkRtTBWuQ\" width=\"600\" height=\"338\" title=\"&#8220;Podujat\u00edm v Pre\u0161ove si pripomenieme udalosti novembra 89&#8221; &#8212; Smedemokrati.sk\" data-secret=\"wgkRtTBWuQ\" frameborder=\"0\" marginwidth=\"0\" marginheight=\"0\" scrolling=\"no\" class=\"wp-embedded-content\"><\/iframe><script type=\"text\/javascript\">\n\/* <![CDATA[ *\/\n\/*! This file is auto-generated *\/\n!function(d,l){\"use strict\";l.querySelector&&d.addEventListener&&\"undefined\"!=typeof URL&&(d.wp=d.wp||{},d.wp.receiveEmbedMessage||(d.wp.receiveEmbedMessage=function(e){var t=e.data;if((t||t.secret||t.message||t.value)&&!\/[^a-zA-Z0-9]\/.test(t.secret)){for(var s,r,n,a=l.querySelectorAll('iframe[data-secret=\"'+t.secret+'\"]'),o=l.querySelectorAll('blockquote[data-secret=\"'+t.secret+'\"]'),c=new RegExp(\"^https?:$\",\"i\"),i=0;i<o.length;i++)o[i].style.display=\"none\";for(i=0;i<a.length;i++)s=a[i],e.source===s.contentWindow&&(s.removeAttribute(\"style\"),\"height\"===t.message?(1e3<(r=parseInt(t.value,10))?r=1e3:~~r<200&&(r=200),s.height=r):\"link\"===t.message&&(r=new URL(s.getAttribute(\"src\")),n=new URL(t.value),c.test(n.protocol))&&n.host===r.host&&l.activeElement===s&&(d.top.location.href=t.value))}},d.addEventListener(\"message\",d.wp.receiveEmbedMessage,!1),l.addEventListener(\"DOMContentLoaded\",function(){for(var e,t,s=l.querySelectorAll(\"iframe.wp-embedded-content\"),r=0;r<s.length;r++)(t=(e=s[r]).getAttribute(\"data-secret\"))||(t=Math.random().toString(36).substring(2,12),e.src+=\"#?secret=\"+t,e.setAttribute(\"data-secret\",t)),e.contentWindow.postMessage({message:\"ready\",secret:t},\"*\")},!1)))}(window,document);\n\/\/# sourceURL=https:\/\/www.smedemokrati.sk\/wp-includes\/js\/wp-embed.min.js\n\/* ]]> *\/\n<\/script>\n","thumbnail_url":"https:\/\/www.smedemokrati.sk\/wp-content\/uploads\/2024\/11\/466424425_1139713904188103_6325424110398727714_n.jpg","thumbnail_width":1080,"thumbnail_height":1350,"description":"Demokrati si pripomen\u00fa udalosti novembra 1989 podujat\u00edm v Pre\u0161ove. Program pre verejnos\u0165 za\u010d\u00edna o 16:00 na Hlavnej ulici. Na p\u00f3diu vyst\u00fapi Jaroslav Na\u010f (Demokrati), prim\u00e1tor mesta Pre\u0161ov Franti\u0161ek O\u013eha (Demokrati), Martin Husovsk\u00fd (Komajota), politol\u00f3g Grigorij Mese\u017enikov \u010di priamy \u00fa\u010dastn\u00edci novembrov\u00fdch udalost\u00ed. S\u00fa\u010da\u0165ou programu bude aj zap\u00e1lenie svie\u010dok obetiam komunistick\u00e9ho re\u017eimu. \u201cPoz\u00fdvame v\u0161etk\u00fdch, ktor\u00ed m\u00f4\u017eu, aby [&hellip;]"}