{"version":"1.0","provider_name":"Smedemokrati.sk","provider_url":"https:\/\/www.smedemokrati.sk\/hu","author_name":"Tom\u00e1\u0161 Koppl","author_url":"https:\/\/www.smedemokrati.sk\/hu\/author\/tomaskoppl\/","title":"Pl\u00e1n pomoci \u013eu\u010fom - volebn\u00fd program strany Demokrati - Smedemokrati.sk","type":"rich","width":600,"height":338,"html":"<blockquote class=\"wp-embedded-content\" data-secret=\"GhfvFoRkP8\"><a href=\"https:\/\/www.smedemokrati.sk\/hu\/plan-pomoci-ludom-volebny-program-strany-demokrati\/\">Pl\u00e1n pomoci \u013eu\u010fom &#8211; volebn\u00fd program strany Demokrati<\/a><\/blockquote><iframe sandbox=\"allow-scripts\" security=\"restricted\" src=\"https:\/\/www.smedemokrati.sk\/hu\/plan-pomoci-ludom-volebny-program-strany-demokrati\/embed\/#?secret=GhfvFoRkP8\" width=\"600\" height=\"338\" title=\"&#8220;Pl\u00e1n pomoci \u013eu\u010fom &#8211; volebn\u00fd program strany Demokrati&#8221; &#8212; Smedemokrati.sk\" data-secret=\"GhfvFoRkP8\" frameborder=\"0\" marginwidth=\"0\" marginheight=\"0\" scrolling=\"no\" class=\"wp-embedded-content\"><\/iframe><script type=\"text\/javascript\">\n\/* <![CDATA[ *\/\n\/*! This file is auto-generated *\/\n!function(d,l){\"use strict\";l.querySelector&&d.addEventListener&&\"undefined\"!=typeof URL&&(d.wp=d.wp||{},d.wp.receiveEmbedMessage||(d.wp.receiveEmbedMessage=function(e){var t=e.data;if((t||t.secret||t.message||t.value)&&!\/[^a-zA-Z0-9]\/.test(t.secret)){for(var s,r,n,a=l.querySelectorAll('iframe[data-secret=\"'+t.secret+'\"]'),o=l.querySelectorAll('blockquote[data-secret=\"'+t.secret+'\"]'),c=new RegExp(\"^https?:$\",\"i\"),i=0;i<o.length;i++)o[i].style.display=\"none\";for(i=0;i<a.length;i++)s=a[i],e.source===s.contentWindow&&(s.removeAttribute(\"style\"),\"height\"===t.message?(1e3<(r=parseInt(t.value,10))?r=1e3:~~r<200&&(r=200),s.height=r):\"link\"===t.message&&(r=new URL(s.getAttribute(\"src\")),n=new URL(t.value),c.test(n.protocol))&&n.host===r.host&&l.activeElement===s&&(d.top.location.href=t.value))}},d.addEventListener(\"message\",d.wp.receiveEmbedMessage,!1),l.addEventListener(\"DOMContentLoaded\",function(){for(var e,t,s=l.querySelectorAll(\"iframe.wp-embedded-content\"),r=0;r<s.length;r++)(t=(e=s[r]).getAttribute(\"data-secret\"))||(t=Math.random().toString(36).substring(2,12),e.src+=\"#?secret=\"+t,e.setAttribute(\"data-secret\",t)),e.contentWindow.postMessage({message:\"ready\",secret:t},\"*\")},!1)))}(window,document);\n\/\/# sourceURL=https:\/\/www.smedemokrati.sk\/wp-includes\/js\/wp-embed.min.js\n\/* ]]> *\/\n<\/script>\n","thumbnail_url":"https:\/\/www.smedemokrati.sk\/wp-content\/uploads\/2023\/09\/plan.jpg","thumbnail_width":1200,"thumbnail_height":697,"description":"Strana Demokrati predstavila volebn\u00fd program. Predseda strany Eduard Heger uviedol, \u017ee vo volebnom programe Demokratov s\u00fa nepopulistick\u00e9 rie\u0161enia. \u201eNen\u00e1jdete tam jedno populistick\u00e9 opatrenie. Naopak s\u00fa to opatrenia, ktor\u00e9 Slovensko pos\u00favaj\u00fa dopredu a robia z n\u00e1s modern\u00fa a demokratick\u00fa krajinu. Krajinu, kde v\u0161etci chceme \u017ei\u0165. Dovol\u00edm poveda\u0165, \u017ee toto je program, ktor\u00fd je mo\u017en\u00e9 realizova\u0165 okam\u017eite, [&hellip;]"}