{"version":"1.0","provider_name":"Smedemokrati.sk","provider_url":"https:\/\/www.smedemokrati.sk\/hu","author_name":"miro.sopko","author_url":"https:\/\/www.smedemokrati.sk\/hu\/author\/miro-sopko\/","title":"Odvolanie Maz\u00e1ka znamen\u00e1 \u010fal\u0161\u00ed krok k ovl\u00e1dnutiu s\u00fadnictva - Smedemokrati.sk","type":"rich","width":600,"height":338,"html":"<blockquote class=\"wp-embedded-content\" data-secret=\"iL5arkCjJw\"><a href=\"https:\/\/www.smedemokrati.sk\/hu\/odvolanie-mazaka-znamena-dalsi-krok-k-ovladnutiu-sudnictva\/\">Odvolanie Maz\u00e1ka znamen\u00e1 \u010fal\u0161\u00ed krok k ovl\u00e1dnutiu s\u00fadnictva<\/a><\/blockquote><iframe sandbox=\"allow-scripts\" security=\"restricted\" src=\"https:\/\/www.smedemokrati.sk\/hu\/odvolanie-mazaka-znamena-dalsi-krok-k-ovladnutiu-sudnictva\/embed\/#?secret=iL5arkCjJw\" width=\"600\" height=\"338\" title=\"&#8220;Odvolanie Maz\u00e1ka znamen\u00e1 \u010fal\u0161\u00ed krok k ovl\u00e1dnutiu s\u00fadnictva&#8221; &#8212; Smedemokrati.sk\" data-secret=\"iL5arkCjJw\" frameborder=\"0\" marginwidth=\"0\" marginheight=\"0\" scrolling=\"no\" class=\"wp-embedded-content\"><\/iframe><script type=\"text\/javascript\">\n\/* <![CDATA[ *\/\n\/*! This file is auto-generated *\/\n!function(d,l){\"use strict\";l.querySelector&&d.addEventListener&&\"undefined\"!=typeof URL&&(d.wp=d.wp||{},d.wp.receiveEmbedMessage||(d.wp.receiveEmbedMessage=function(e){var t=e.data;if((t||t.secret||t.message||t.value)&&!\/[^a-zA-Z0-9]\/.test(t.secret)){for(var s,r,n,a=l.querySelectorAll('iframe[data-secret=\"'+t.secret+'\"]'),o=l.querySelectorAll('blockquote[data-secret=\"'+t.secret+'\"]'),c=new RegExp(\"^https?:$\",\"i\"),i=0;i<o.length;i++)o[i].style.display=\"none\";for(i=0;i<a.length;i++)s=a[i],e.source===s.contentWindow&&(s.removeAttribute(\"style\"),\"height\"===t.message?(1e3<(r=parseInt(t.value,10))?r=1e3:~~r<200&&(r=200),s.height=r):\"link\"===t.message&&(r=new URL(s.getAttribute(\"src\")),n=new URL(t.value),c.test(n.protocol))&&n.host===r.host&&l.activeElement===s&&(d.top.location.href=t.value))}},d.addEventListener(\"message\",d.wp.receiveEmbedMessage,!1),l.addEventListener(\"DOMContentLoaded\",function(){for(var e,t,s=l.querySelectorAll(\"iframe.wp-embedded-content\"),r=0;r<s.length;r++)(t=(e=s[r]).getAttribute(\"data-secret\"))||(t=Math.random().toString(36).substring(2,12),e.src+=\"#?secret=\"+t,e.setAttribute(\"data-secret\",t)),e.contentWindow.postMessage({message:\"ready\",secret:t},\"*\")},!1)))}(window,document);\n\/\/# sourceURL=https:\/\/www.smedemokrati.sk\/wp-includes\/js\/wp-embed.min.js\n\/* ]]> *\/\n<\/script>\n","thumbnail_url":"https:\/\/www.smedemokrati.sk\/wp-content\/uploads\/2024\/04\/mazak.jpg","thumbnail_width":678,"thumbnail_height":452,"description":"Postup, ktor\u00fd dnes zvolila S\u00fadna rada je ned\u00f4stojn\u00fd. Profesor J\u00e1n Maz\u00e1k sa nemohol pripravi\u0165 na svoju obhajobu. To, \u010do sa dnes dialo na S\u00fadnej rade pripom\u00edna zinscenovan\u00e9 procesy, podobne ako v 50. rokoch, \u201crozsudok bol nap\u00edsan\u00fd vopred\u201d. Kde sa tak navrhovatelia pon\u00e1h\u013eali, \u017ee nedovolili prof. Maz\u00e1kovi, aby sa pripravil na svoju obhajobu?&nbsp; \u201eTo, \u010do dnes [&hellip;]"}