{"version":"1.0","provider_name":"Smedemokrati.sk","provider_url":"https:\/\/www.smedemokrati.sk\/hu","author_name":"admin","author_url":"https:\/\/www.smedemokrati.sk\/hu\/author\/admin\/","title":"Jaroslav Na\u010f - Smedemokrati.sk","type":"rich","width":600,"height":338,"html":"<blockquote class=\"wp-embedded-content\" data-secret=\"aKS4kDw6zG\"><a href=\"https:\/\/www.smedemokrati.sk\/hu\/leader\/jaroslav-nad\/\">Jaroslav Na\u010f<\/a><\/blockquote><iframe sandbox=\"allow-scripts\" security=\"restricted\" src=\"https:\/\/www.smedemokrati.sk\/hu\/leader\/jaroslav-nad\/embed\/#?secret=aKS4kDw6zG\" width=\"600\" height=\"338\" title=\"&#8220;Jaroslav Na\u010f&#8221; &#8212; Smedemokrati.sk\" data-secret=\"aKS4kDw6zG\" frameborder=\"0\" marginwidth=\"0\" marginheight=\"0\" scrolling=\"no\" class=\"wp-embedded-content\"><\/iframe><script type=\"text\/javascript\">\n\/* <![CDATA[ *\/\n\/*! This file is auto-generated *\/\n!function(d,l){\"use strict\";l.querySelector&&d.addEventListener&&\"undefined\"!=typeof URL&&(d.wp=d.wp||{},d.wp.receiveEmbedMessage||(d.wp.receiveEmbedMessage=function(e){var t=e.data;if((t||t.secret||t.message||t.value)&&!\/[^a-zA-Z0-9]\/.test(t.secret)){for(var s,r,n,a=l.querySelectorAll('iframe[data-secret=\"'+t.secret+'\"]'),o=l.querySelectorAll('blockquote[data-secret=\"'+t.secret+'\"]'),c=new RegExp(\"^https?:$\",\"i\"),i=0;i<o.length;i++)o[i].style.display=\"none\";for(i=0;i<a.length;i++)s=a[i],e.source===s.contentWindow&&(s.removeAttribute(\"style\"),\"height\"===t.message?(1e3<(r=parseInt(t.value,10))?r=1e3:~~r<200&&(r=200),s.height=r):\"link\"===t.message&&(r=new URL(s.getAttribute(\"src\")),n=new URL(t.value),c.test(n.protocol))&&n.host===r.host&&l.activeElement===s&&(d.top.location.href=t.value))}},d.addEventListener(\"message\",d.wp.receiveEmbedMessage,!1),l.addEventListener(\"DOMContentLoaded\",function(){for(var e,t,s=l.querySelectorAll(\"iframe.wp-embedded-content\"),r=0;r<s.length;r++)(t=(e=s[r]).getAttribute(\"data-secret\"))||(t=Math.random().toString(36).substring(2,12),e.src+=\"#?secret=\"+t,e.setAttribute(\"data-secret\",t)),e.contentWindow.postMessage({message:\"ready\",secret:t},\"*\")},!1)))}(window,document);\n\/\/# sourceURL=https:\/\/www.smedemokrati.sk\/wp-includes\/js\/wp-embed.min.js\n\/* ]]> *\/\n<\/script>\n","description":"Odborn\u00edk na obranu a bezpe\u010dnos\u0165, bojovn\u00edk proti korupcii a po\u013eovn\u00edk. Jaro sa narodil v Nitre, vyrastal v Banskej \u0160tiavnici a na v\u00fdchode v Pavlovciach nad Uhom. Vy\u0161tudoval Univerzitu Mateja Bela v Banskej Bystrici a doktorandsk\u00e9 \u0161t\u00fadium absolvoval na Akad\u00e9mii Ozbrojen\u00fdch s\u00edl v Liptovskom Mikul\u00e1\u0161i. T\u00e9mam obrany a bezpe\u010dnosti sa venuje vy\u0161e 20 rokov. Ako diplomat [&hellip;]","thumbnail_url":"https:\/\/www.smedemokrati.sk\/wp-content\/uploads\/2023\/04\/ff.004.jpeg","thumbnail_width":640,"thumbnail_height":480}