{"version":"1.0","provider_name":"Smedemokrati.sk","provider_url":"https:\/\/www.smedemokrati.sk\/hu","author_name":"Tom\u00e1\u0161 Koppl","author_url":"https:\/\/www.smedemokrati.sk\/hu\/author\/tomaskoppl\/","title":"K strane Demokrati sa prid\u00e1va odborn\u00edk na soci\u00e1lnu politiku Jozef Mih\u00e1l - Smedemokrati.sk","type":"rich","width":600,"height":338,"html":"<blockquote class=\"wp-embedded-content\" data-secret=\"iVzo4rLfG6\"><a href=\"https:\/\/www.smedemokrati.sk\/hu\/k-strane-demokrati-sa-pridava-jozef-mihal\/\">K strane Demokrati sa prid\u00e1va odborn\u00edk na soci\u00e1lnu politiku Jozef Mih\u00e1l<\/a><\/blockquote><iframe sandbox=\"allow-scripts\" security=\"restricted\" src=\"https:\/\/www.smedemokrati.sk\/hu\/k-strane-demokrati-sa-pridava-jozef-mihal\/embed\/#?secret=iVzo4rLfG6\" width=\"600\" height=\"338\" title=\"&#8220;K strane Demokrati sa prid\u00e1va odborn\u00edk na soci\u00e1lnu politiku Jozef Mih\u00e1l&#8221; &#8212; Smedemokrati.sk\" data-secret=\"iVzo4rLfG6\" frameborder=\"0\" marginwidth=\"0\" marginheight=\"0\" scrolling=\"no\" class=\"wp-embedded-content\"><\/iframe><script type=\"text\/javascript\">\n\/* <![CDATA[ *\/\n\/*! This file is auto-generated *\/\n!function(d,l){\"use strict\";l.querySelector&&d.addEventListener&&\"undefined\"!=typeof URL&&(d.wp=d.wp||{},d.wp.receiveEmbedMessage||(d.wp.receiveEmbedMessage=function(e){var t=e.data;if((t||t.secret||t.message||t.value)&&!\/[^a-zA-Z0-9]\/.test(t.secret)){for(var s,r,n,a=l.querySelectorAll('iframe[data-secret=\"'+t.secret+'\"]'),o=l.querySelectorAll('blockquote[data-secret=\"'+t.secret+'\"]'),c=new RegExp(\"^https?:$\",\"i\"),i=0;i<o.length;i++)o[i].style.display=\"none\";for(i=0;i<a.length;i++)s=a[i],e.source===s.contentWindow&&(s.removeAttribute(\"style\"),\"height\"===t.message?(1e3<(r=parseInt(t.value,10))?r=1e3:~~r<200&&(r=200),s.height=r):\"link\"===t.message&&(r=new URL(s.getAttribute(\"src\")),n=new URL(t.value),c.test(n.protocol))&&n.host===r.host&&l.activeElement===s&&(d.top.location.href=t.value))}},d.addEventListener(\"message\",d.wp.receiveEmbedMessage,!1),l.addEventListener(\"DOMContentLoaded\",function(){for(var e,t,s=l.querySelectorAll(\"iframe.wp-embedded-content\"),r=0;r<s.length;r++)(t=(e=s[r]).getAttribute(\"data-secret\"))||(t=Math.random().toString(36).substring(2,12),e.src+=\"#?secret=\"+t,e.setAttribute(\"data-secret\",t)),e.contentWindow.postMessage({message:\"ready\",secret:t},\"*\")},!1)))}(window,document);\n\/\/# sourceURL=https:\/\/www.smedemokrati.sk\/wp-includes\/js\/wp-embed.min.js\n\/* ]]> *\/\n<\/script>\n","thumbnail_url":"https:\/\/www.smedemokrati.sk\/wp-content\/uploads\/2023\/06\/mihal-1.jpg","thumbnail_width":1600,"thumbnail_height":1068,"description":"K strane Demokrati sa prid\u00e1va odborn\u00edk na soci\u00e1lnu politiku a b\u00fdval\u00fd minister pr\u00e1ce Jozef Mih\u00e1l. J. Mih\u00e1l vstupuje na 145. miesto kandid\u00e1tky Demokratov ako nez\u00e1visl\u00fd odborn\u00edk. Pod\u013ea Hegera je Mih\u00e1l najv\u00e4\u010d\u0161\u00ed odborn\u00edk na soci\u00e1lne veci na Slovensku.\u201eStrana Demokrati bude ma\u0165 najsilnej\u0161\u00ed a najlep\u0161\u00ed soci\u00e1lny program vo vo\u013eb\u00e1ch v roku 2023,\u201d&nbsp;vyhl\u00e1sil Heger pri pr\u00edle\u017eitosti predstavenia Jozefa [&hellip;]"}