{"version":"1.0","provider_name":"Smedemokrati.sk","provider_url":"https:\/\/www.smedemokrati.sk\/hu","author_name":"miro.sopko","author_url":"https:\/\/www.smedemokrati.sk\/hu\/author\/miro-sopko\/","title":"Inform\u00e1cia o protestoch - Smedemokrati.sk","type":"rich","width":600,"height":338,"html":"<blockquote class=\"wp-embedded-content\" data-secret=\"tyHxZYB8tj\"><a href=\"https:\/\/www.smedemokrati.sk\/hu\/informacia-o-protestoch\/\">Inform\u00e1cia o protestoch<\/a><\/blockquote><iframe sandbox=\"allow-scripts\" security=\"restricted\" src=\"https:\/\/www.smedemokrati.sk\/hu\/informacia-o-protestoch\/embed\/#?secret=tyHxZYB8tj\" width=\"600\" height=\"338\" title=\"&#8220;Inform\u00e1cia o protestoch&#8221; &#8212; Smedemokrati.sk\" data-secret=\"tyHxZYB8tj\" frameborder=\"0\" marginwidth=\"0\" marginheight=\"0\" scrolling=\"no\" class=\"wp-embedded-content\"><\/iframe><script type=\"text\/javascript\">\n\/* <![CDATA[ *\/\n\/*! This file is auto-generated *\/\n!function(d,l){\"use strict\";l.querySelector&&d.addEventListener&&\"undefined\"!=typeof URL&&(d.wp=d.wp||{},d.wp.receiveEmbedMessage||(d.wp.receiveEmbedMessage=function(e){var t=e.data;if((t||t.secret||t.message||t.value)&&!\/[^a-zA-Z0-9]\/.test(t.secret)){for(var s,r,n,a=l.querySelectorAll('iframe[data-secret=\"'+t.secret+'\"]'),o=l.querySelectorAll('blockquote[data-secret=\"'+t.secret+'\"]'),c=new RegExp(\"^https?:$\",\"i\"),i=0;i<o.length;i++)o[i].style.display=\"none\";for(i=0;i<a.length;i++)s=a[i],e.source===s.contentWindow&&(s.removeAttribute(\"style\"),\"height\"===t.message?(1e3<(r=parseInt(t.value,10))?r=1e3:~~r<200&&(r=200),s.height=r):\"link\"===t.message&&(r=new URL(s.getAttribute(\"src\")),n=new URL(t.value),c.test(n.protocol))&&n.host===r.host&&l.activeElement===s&&(d.top.location.href=t.value))}},d.addEventListener(\"message\",d.wp.receiveEmbedMessage,!1),l.addEventListener(\"DOMContentLoaded\",function(){for(var e,t,s=l.querySelectorAll(\"iframe.wp-embedded-content\"),r=0;r<s.length;r++)(t=(e=s[r]).getAttribute(\"data-secret\"))||(t=Math.random().toString(36).substring(2,12),e.src+=\"#?secret=\"+t,e.setAttribute(\"data-secret\",t)),e.contentWindow.postMessage({message:\"ready\",secret:t},\"*\")},!1)))}(window,document);\n\/\/# sourceURL=https:\/\/www.smedemokrati.sk\/wp-includes\/js\/wp-embed.min.js\n\/* ]]> *\/\n<\/script>\n","thumbnail_url":"https:\/\/www.smedemokrati.sk\/wp-content\/uploads\/2025\/03\/484808801_1224696582356501_7146880956960224051_n.jpg","thumbnail_width":1920,"thumbnail_height":1005,"description":"Demokrati organizuj\u00fa aj tento piatok, 21. marca 2025 protestn\u00e9 zhroma\u017edenia, &#8222;Proti Ficovej dra\u017eobe&#8221;&nbsp;, tentoraz v t\u00fdchto 4 slovensk\u00fdch mest\u00e1ch: Levice:&nbsp;n\u00e1mestie Hrdinov, 18:00Pre\u0161ov:&nbsp;pred mestsk\u00fdm \u00faradom, 16:30Skalica:&nbsp;Pam\u00e4tn\u00edk padl\u00fdch, 18:00&nbsp;Tren\u010d\u00edn:&nbsp;Mierov\u00e9 n\u00e1mestie, 17:00 Za Demokratov vyst\u00fapia:&nbsp; Levice &#8211; \u013dubom\u00edr Galko Pre\u0161ov &#8211; Dorota Nvotov\u00e1 Skalica &#8211; Juraj \u0160eliga&nbsp; Tren\u010d\u00edn &#8211; Karel Hirman Podujatia s\u00fa ur\u010den\u00e9 pre \u0161irok\u00fa verejnos\u0165 a [&hellip;]"}