{"id":258,"date":"2023-04-06T05:56:42","date_gmt":"2023-04-06T05:56:42","guid":{"rendered":"https:\/\/www.smedemokrati.sk\/?page_id=258"},"modified":"2023-04-13T21:19:31","modified_gmt":"2023-04-13T21:19:31","slug":"politicka-vizia","status":"publish","type":"page","link":"https:\/\/www.smedemokrati.sk\/en\/politicka-vizia\/","title":{"rendered":"Politick\u00e1 v\u00edzia"},"content":{"rendered":"<div id=\"fb-root\"><\/div>\n\n<h2 class=\"wp-block-heading\">\u010co je politick\u00e1 v\u00edzia?<\/h2>\n\n\n\n<ul class=\"wp-block-list\">\n<li>Sumarizuje my\u0161lienky a presved\u010denia o bud\u00facnosti spolo\u010dnosti, o jej riaden\u00ed<br>a organizovan\u00ed.<\/li>\n\n\n\n<li>Na\u010drt\u00e1va politick\u00fa ideol\u00f3giu alebo agendu, ktorou sa riadia \u010diny a rozhodnutia predstavite\u013eov<br>politick\u00e9ho subjektu.<\/li>\n\n\n\n<li>Vyjadruje hodnoty a ciele zalo\u017een\u00e9 na spolo\u010dnej interpret\u00e1cii glob\u00e1lnych trendov, v\u00fdziev,<br>hist\u00f3rie, kult\u00fary a soci\u00e1lnych a ekonomick\u00fdch podmienok.<\/li>\n\n\n\n<li>Zoh\u013ead\u0148uje z\u00e1ujmy cie\u013eov\u00fdch skup\u00edn v krajine, podporuje ekonomick\u00fd rast a udr\u017eanie<br>stabiln\u00e9ho politick\u00e9ho a soci\u00e1lneho prostredia.<\/li>\n<\/ul>\n\n\n\n<h2 class=\"wp-block-heading\">Na\u0161a v\u00edzia (2030):<\/h2>\n\n\n\n<p>Slovensko je pokojn\u00fdm, bezpe\u010dn\u00fdm a prosperuj\u00facim domovom pre ka\u017ed\u00e9ho z jeho obyvate\u013eov.<br>Pokoj je zalo\u017een\u00fd na d\u00f4vere a spolupr\u00e1ci v decentralizovanej spolo\u010dnosti, ktor\u00e9 s\u00fa ovoc\u00edm dobre funguj\u00facej demokracie, bezpodmiene\u010dn\u00e9ho re\u0161pektu k \u013eudsk\u00fdm pr\u00e1vam, a tie\u017e spo\u013eahlivo<br>funguj\u00faceho pr\u00e1vneho \u0161t\u00e1tu. Bezpe\u010dnos\u0165 \u0161t\u00e1tu je garantovan\u00e1 v\u00fdborne vycvi\u010denou a vybavenou<br>profesion\u00e1lnou arm\u00e1dou, ale najm\u00e4 pevn\u00fdm ukotven\u00edm v transatlantickom syst\u00e9me kolekt\u00edvnej<br>bezpe\u010dnosti NATO. Ekonomick\u00e1, soci\u00e1lna a kult\u00farna prosperita Slovenska pramen\u00ed zo zapojenia<br>do najvyspelej\u0161ieho ekonomick\u00e9ho a politick\u00e9ho integra\u010dn\u00e9ho zoskupenia na svete, Eur\u00f3pskej<br>\u00fanie.<br>Mo\u017enosti, ktor\u00e9 sa Slovensku v eur\u00f3pskej a glob\u00e1lnej de\u013ebe pr\u00e1ce otv\u00e1raj\u00fa, dok\u00e1\u017ee efekt\u00edvne vyu\u017e\u00edva\u0165 v\u010faka kvalitn\u00e9mu syst\u00e9mu \u0161kolstva, digitalizovanej informa\u010dnej spolo\u010dnosti,<br>spo\u013eahliv\u00e9mu zdravotn\u00e9mu a soci\u00e1lnemu syst\u00e9mu \u010di ochrane \u017eivotn\u00e9ho prostredia a trvalo<br>udr\u017eate\u013en\u00e9mu vyu\u017e\u00edvaniu obnovite\u013en\u00fdch pr\u00edrodn\u00fdch zdrojov. Dobr\u00e9 meno Slovenska,<br>ako kvalitne spravovan\u00e9ho, solid\u00e1rneho a medzin\u00e1rodn\u00e9mu pr\u00e1vu oddan\u00e9ho \u0161t\u00e1tu, je zdrojom<br>hrdosti a vlastenectva jeho ob\u010danov.<\/p>\n\n\n\n<h2 class=\"wp-block-heading\">Hodnoty, ktor\u00e9 vyzn\u00e1vame:<\/h2>\n\n\n\n<ul class=\"wp-block-list\">\n<li>Ver\u00edme, \u017ee demokracia potrebuje demokratov. \u013dud\u00ed nielen oddan\u00fdch hodnot\u00e1m slobody,<br>spravodlivosti, solidarity a rovnosti v \u013eudskej d\u00f4stojnosti, ale aj ochotn\u00fdch prilo\u017ei\u0165 ruku k dielu<br>v prospech celej spolo\u010dnosti.<\/li>\n\n\n\n<li>Ver\u00edme, \u017ee ozbrojen\u00e9 vyst\u00fapenie proti zahrani\u010dn\u00e9mu aj dom\u00e1cemu fa\u0161izmu v Slovenskom<br>n\u00e1rodnom povstan\u00ed a zvrhnutie komunistick\u00e9ho re\u017eimu v novembri 1989 s\u00fa najd\u00f4le\u017eitej\u0161\u00edmi<br>m\u00ed\u013enikmi novodob\u00fdch dej\u00edn Slovenska, na ktor\u00e9 sme hrd\u00ed.<\/li>\n\n\n\n<li>Ver\u00edme, \u017ee sloboda a zodpovednos\u0165 s\u00fa dve strany tej istej mince. Ak sloboda je z\u00e1kladn\u00fdm<br>predpokladom d\u00f4stojnosti \u010dloveka, potom zodpovednos\u0165 je jej vyjadren\u00edm.<\/li>\n\n\n\n<li>Ver\u00edme, \u017ee liber\u00e1lna demokracia je najlep\u0161ou z myslite\u013en\u00fdch foriem vl\u00e1dy, preto\u017ee najpln\u0161ie<br>zodpoved\u00e1 pr\u00e1vu ka\u017ed\u00e9ho jednotlivca spoluur\u010dova\u0165 usporiadanie verejn\u00e9ho \u017eivota, uvo\u013e\u0148uje<br>tvoriv\u00fd potenci\u00e1l \u010dloveka v prospech rozvoja spolo\u010dnosti a chr\u00e1ni \u013eudsk\u00e9 pr\u00e1va.<\/li>\n\n\n\n<li>Ver\u00edme, \u017ee cestou k spolo\u010dn\u00e9mu prospechu je spolupr\u00e1ca, nie konfront\u00e1cia. S\u00fa\u0165a\u017e my\u0161lienok<\/li>\n\n\n\n<li>a programov, nie s\u00faperenie vytv\u00e1raj\u00face umel\u00e9 hranice medzi \u013eu\u010fmi a n\u00e1rodmi.<\/li>\n\n\n\n<li>Ver\u00edme, \u017ee v zlo\u017eitom, glob\u00e1lne prepojenom svete je spr\u00e1vne podporova\u0165 smerovanie<br>k decentralizovanej spolo\u010dnosti. Modern\u00e1 spolo\u010dnos\u0165 sa stala pr\u00edli\u0161 ve\u013ekou, zlo\u017eitou a<br>centralizovanou. Digit\u00e1lna transform\u00e1cia poskytuje n\u00e1stroje, ktor\u00e9 umo\u017e\u0148uj\u00fa vykona\u0165<br>reorganiz\u00e1ciu fungovania \u0161t\u00e1tu tak, aby bol efekt\u00edvnej\u0161\u00ed, pru\u017enej\u0161\u00ed a maximalizoval sf\u00e9ru<br>rozhodovania jednotlivca o svojom \u017eivote a mo\u017enosti jeho zapojenia sa do \u017eivota ob\u010dianskej<br>spolo\u010dnosti.<\/li>\n\n\n\n<li>Ver\u00edme, \u017ee je spr\u00e1vne posil\u0148ova\u0165 d\u00f4veru \u013eud\u00ed v bud\u00facnos\u0165. Aj ke\u010f nie v\u0161etko je mo\u017en\u00e9<br>dokonale predv\u00edda\u0165, \u00falohou spolo\u010dnosti je vytv\u00e1ra\u0165 podmienky, aby ka\u017ed\u00fd mal mo\u017enos\u0165<br>svojou pr\u00e1cou zabezpe\u010di\u0165 seba a svoju rodinu, alebo bl\u00edzkych. Aby ka\u017ed\u00fd mal mo\u017enos\u0165 uspie\u0165,<br>a aby bolo postaran\u00e9 o najslab\u0161\u00edch.<\/li>\n\n\n\n<li>Ver\u00edme v silu pr\u00e1vneho \u0161t\u00e1tu. Demokracia mus\u00ed by\u0165 vl\u00e1dou z\u00e1kona, nie vl\u00e1dou z\u00e1konom.<br>S\u00fa\u010das\u0165ou pr\u00e1vneho \u0161t\u00e1tu sa mus\u00ed sta\u0165 aj pr\u00e1vo na rozhodnutie nez\u00e1visl\u00e9ho a nestrann\u00e9ho<br>s\u00fadu (bez \u00a7363 Trestn\u00e9ho poriadku).<\/li>\n\n\n\n<li>Ver\u00edme v nezastupite\u013en\u00fa d\u00f4le\u017eitos\u0165 slobody slova a \u00falohu m\u00e9di\u00ed pri zabezpe\u010dovan\u00ed pr\u00e1va<br>na poskytovanie a \u0161\u00edrenie inform\u00e1ci\u00ed. Podporujeme primeran\u00fa regul\u00e1ciu platforiem<br>internetov\u00fdch soci\u00e1lnych siet\u00ed na \u00farovni polit\u00edk Eur\u00f3pskej \u00fanie pre bezpe\u010dnej\u0161\u00ed online priestor<br>pre pou\u017e\u00edvate\u013eov a elimin\u00e1ciu hybridn\u00fdch dezinforma\u010dn\u00fdch hrozieb.<\/li>\n\n\n\n<li>Ver\u00edme, \u017ee z\u00e1kladnou \u00falohou politickej strany je programov\u00e1 \u010dinnos\u0165. Pripravi\u0165 program<br>smerovania \u0161t\u00e1tu je predpokladom z\u00edskania d\u00f4very voli\u010dov pre jeho presadenie. Pr\u00edpadn\u00e1<br>\u00fa\u010das\u0165 vo vl\u00e1de mus\u00ed vych\u00e1dza\u0165 z mo\u017enosti presadi\u0165 konkr\u00e9tne programov\u00e9 priority, nie zo<br>samo\u00fa\u010delnej t\u00fa\u017eby \u00fa\u010dasti na vl\u00e1de.<\/li>\n\n\n\n<li>Ver\u00edme, \u017ee Slovensko m\u00f4\u017ee existova\u0165 len ako demokratick\u00fd sekul\u00e1rny \u0161t\u00e1t re\u0161pektuj\u00faci \u013eudsk\u00e9<br>pr\u00e1va.<\/li>\n<\/ul>\n\n\n\n<h2 class=\"wp-block-heading\">Princ\u00edpy, ktor\u00fdmi sa riadime:<\/h2>\n\n\n\n<ul class=\"wp-block-list\">\n<li>Ch\u00e1peme, \u017ee \u0161t\u00e1t spravuj\u00fa volen\u00ed z\u00e1stupcovia \u013eudu v\u017edy len do\u010dasne a za svoju \u010dinnos\u0165 nes\u00fa<br>zodpovednos\u0165 pred ob\u010danmi.<\/li>\n\n\n\n<li>V\u017edy uprednostn\u00edme z\u00e1ujem \u0161t\u00e1tu pred z\u00e1ujmom strany a jednotlivcov.<\/li>\n\n\n\n<li>V\u00e1\u017eime si d\u00f4veru voli\u010dov, neboj\u00edme sa prevzia\u0165 zodpovednos\u0165.<\/li>\n\n\n\n<li>Nekradneme a hovor\u00edme pravdu.<\/li>\n\n\n\n<li>Sme zodpovedn\u00fdmi realistami. Predklad\u00e1me faktami podlo\u017een\u00e9 rie\u0161enia a vecne<br>diskutujeme o rie\u0161eniach navrhovan\u00fdch in\u00fdmi. Odmietame populistick\u00e9 skratky a<br>ideologicky motivovan\u00e9 experimenty. Nevedieme kult\u00farne vojny, ani osobn\u00e9 \u00fatoky.<\/li>\n\n\n\n<li>Sme centristick\u00e1, stredoprav\u00e1 politick\u00e1 strana.<\/li>\n\n\n\n<li>Sme v\u017edy otvoren\u00ed spolupr\u00e1ci s in\u00fdmi subjektami, kolekt\u00edvmi a osobnos\u0165ami na<br>programovom z\u00e1klade.<\/li>\n\n\n\n<li>Podporujeme zvy\u0161ovanie miery transparentnosti, ako aj verejn\u00fa kontrolu politikov a<\/li>\n\n\n\n<li>verejn\u00fdch in\u0161tit\u00faci\u00ed.<\/li>\n\n\n\n<li>Db\u00e1me o to, aby sme boli zrozumite\u013en\u00ed a predv\u00eddate\u013en\u00ed pre na\u0161ich voli\u010dov aj partnerov.<\/li>\n\n\n\n<li>Odmietame komunistick\u00fa, fa\u0161istick\u00fa ideol\u00f3giu a in\u00e9 ideol\u00f3gie stavaj\u00face na n\u00e1sil\u00ed, ako aj<br>nacionalizmus vo v\u0161etk\u00fdch ich prejavoch a d\u00f4sledkoch.<\/li>\n\n\n\n<li>Vylu\u010dujeme mo\u017enos\u0165 spolupr\u00e1ce pri vytv\u00e1ran\u00ed vl\u00e1dy so stranami veden\u00fdmi \u013eu\u010fmi s<br>korup\u010dn\u00fdm pozad\u00edm (SMER-SD, HLAS-SD), ako aj s antisyst\u00e9movo zameran\u00fdmi stranami<br>(Republika, Kotlebovci-\u013dSNS).<\/li>\n\n\n\n<li>Sme za \u0161t\u00edhly, efekt\u00edvny a nie drah\u00fd \u0161t\u00e1t. Podporujeme reorganiz\u00e1ciu spr\u00e1vy \u0161t\u00e1tu, aby<br>centr\u00e1lna moc spravovala a riadila len to, \u010do nemo\u017eno efekt\u00edvne zabezpe\u010di\u0165 na \u00farovni obce,<br>mesta alebo samospr\u00e1vneho kraja.<\/li>\n\n\n\n<li>Podporujeme vyrovn\u00e1vanie soci\u00e1lno-ekonomick\u00fdch region\u00e1lnych rozdielov.<\/li>\n\n\n\n<li>Netolerujeme diskrimin\u00e1ciu, rasizmus vr\u00e1tane antisemitizmu a nen\u00e1vistn\u00e9 prejavy.<br>Pova\u017eujeme ich za nezlu\u010dite\u013en\u00e9 s v\u00edziou budovania Slovenska ako pokojn\u00e9ho a bezpe\u010dn\u00e9ho<br>domova pre ka\u017ed\u00e9ho.<\/li>\n\n\n\n<li>V medzin\u00e1rodn\u00fdch vz\u0165ahoch trv\u00e1me na uplat\u0148ovan\u00ed medzin\u00e1rodn\u00e9ho pr\u00e1va, nie pr\u00e1va<br>silnej\u0161ieho.<\/li>\n\n\n\n<li>Podporujeme pokra\u010dovanie integr\u00e1cie Eur\u00f3pskej \u00fanie aj jej roz\u0161irovanie o \u010fal\u0161ie \u0161t\u00e1ty<br>sp\u013a\u0148aj\u00face krit\u00e9ri\u00e1.<\/li>\n\n\n\n<li>Podporujeme \u010dlenstvo Slovenska v Organiz\u00e1cii Severoatlantickej zmluvy (NATO)<br>a prehlbovanie spolupr\u00e1ce jej \u010dlensk\u00fdch \u0161t\u00e1tov.<\/li>\n<\/ul>\n","protected":false},"excerpt":{"rendered":"<p>\u010co je politick\u00e1 v\u00edzia? Na\u0161a v\u00edzia (2030): Slovensko je pokojn\u00fdm, bezpe\u010dn\u00fdm a prosperuj\u00facim domovom pre ka\u017ed\u00e9ho z jeho obyvate\u013eov.Pokoj je zalo\u017een\u00fd na d\u00f4vere a spolupr\u00e1ci v decentralizovanej spolo\u010dnosti, ktor\u00e9 s\u00fa ovoc\u00edm dobre funguj\u00facej demokracie, bezpodmiene\u010dn\u00e9ho re\u0161pektu k \u013eudsk\u00fdm pr\u00e1vam, a tie\u017e spo\u013eahlivofunguj\u00faceho pr\u00e1vneho \u0161t\u00e1tu. Bezpe\u010dnos\u0165 \u0161t\u00e1tu je garantovan\u00e1 v\u00fdborne vycvi\u010denou a vybavenouprofesion\u00e1lnou arm\u00e1dou, ale najm\u00e4 [&hellip;]<\/p>\n","protected":false},"author":1,"featured_media":0,"parent":0,"menu_order":0,"comment_status":"closed","ping_status":"closed","template":"template-politicka_vizia.php","meta":{"_acf_changed":false,"ngg_post_thumbnail":0,"footnotes":""},"class_list":["post-258","page","type-page","status-publish","hentry"],"acf":[],"yoast_head":"<!-- This site is optimized with the Yoast SEO plugin v27.2 - https:\/\/yoast.com\/product\/yoast-seo-wordpress\/ -->\n<title>Politick\u00e1 v\u00edzia - Smedemokrati.sk<\/title>\n<meta name=\"robots\" content=\"index, follow, max-snippet:-1, max-image-preview:large, max-video-preview:-1\" \/>\n<link rel=\"canonical\" href=\"https:\/\/www.smedemokrati.sk\/en\/politicka-vizia\/\" \/>\n<meta property=\"og:locale\" content=\"en_US\" \/>\n<meta property=\"og:locale:alternate\" content=\"cs_CZ\" \/>\n<meta property=\"og:locale:alternate\" content=\"hu_HU\" \/>\n<meta property=\"og:locale:alternate\" content=\"sk_SK\" \/>\n<meta property=\"og:locale:alternate\" content=\"sv_SE\" \/>\n<meta property=\"og:type\" content=\"article\" \/>\n<meta property=\"og:title\" content=\"Politick\u00e1 v\u00edzia - Smedemokrati.sk\" \/>\n<meta property=\"og:description\" content=\"\u010co je politick\u00e1 v\u00edzia? Na\u0161a v\u00edzia (2030): Slovensko je pokojn\u00fdm, bezpe\u010dn\u00fdm a prosperuj\u00facim domovom pre ka\u017ed\u00e9ho z jeho obyvate\u013eov.Pokoj je zalo\u017een\u00fd na d\u00f4vere a spolupr\u00e1ci v decentralizovanej spolo\u010dnosti, ktor\u00e9 s\u00fa ovoc\u00edm dobre funguj\u00facej demokracie, bezpodmiene\u010dn\u00e9ho re\u0161pektu k \u013eudsk\u00fdm pr\u00e1vam, a tie\u017e spo\u013eahlivofunguj\u00faceho pr\u00e1vneho \u0161t\u00e1tu. Bezpe\u010dnos\u0165 \u0161t\u00e1tu je garantovan\u00e1 v\u00fdborne vycvi\u010denou a vybavenouprofesion\u00e1lnou arm\u00e1dou, ale najm\u00e4 [&hellip;]\" \/>\n<meta property=\"og:url\" content=\"https:\/\/www.smedemokrati.sk\/en\/politicka-vizia\/\" \/>\n<meta property=\"og:site_name\" content=\"Smedemokrati.sk\" \/>\n<meta property=\"article:publisher\" content=\"https:\/\/www.facebook.com\/smedemokrati2023\" \/>\n<meta property=\"article:modified_time\" content=\"2023-04-13T21:19:31+00:00\" \/>\n<meta property=\"og:image\" content=\"https:\/\/www.smedemokrati.sk\/wp-content\/uploads\/2023\/04\/ff.004.jpeg\" \/>\n\t<meta property=\"og:image:width\" content=\"640\" \/>\n\t<meta property=\"og:image:height\" content=\"480\" \/>\n\t<meta property=\"og:image:type\" content=\"image\/jpeg\" \/>\n<meta name=\"twitter:card\" content=\"summary_large_image\" \/>\n<meta name=\"twitter:label1\" content=\"Est. reading time\" \/>\n\t<meta name=\"twitter:data1\" content=\"6 minutes\" \/>\n<script type=\"application\/ld+json\" class=\"yoast-schema-graph\">{\"@context\":\"https:\/\/schema.org\",\"@graph\":[{\"@type\":\"WebPage\",\"@id\":\"https:\/\/www.smedemokrati.sk\/politicka-vizia\/\",\"url\":\"https:\/\/www.smedemokrati.sk\/politicka-vizia\/\",\"name\":\"Politick\u00e1 v\u00edzia - Smedemokrati.sk\",\"isPartOf\":{\"@id\":\"https:\/\/www.smedemokrati.sk\/#website\"},\"datePublished\":\"2023-04-06T05:56:42+00:00\",\"dateModified\":\"2023-04-13T21:19:31+00:00\",\"breadcrumb\":{\"@id\":\"https:\/\/www.smedemokrati.sk\/politicka-vizia\/#breadcrumb\"},\"inLanguage\":\"en-US\",\"potentialAction\":[{\"@type\":\"ReadAction\",\"target\":[\"https:\/\/www.smedemokrati.sk\/politicka-vizia\/\"]}]},{\"@type\":\"BreadcrumbList\",\"@id\":\"https:\/\/www.smedemokrati.sk\/politicka-vizia\/#breadcrumb\",\"itemListElement\":[{\"@type\":\"ListItem\",\"position\":1,\"name\":\"Domovsk\u00e1 str\u00e1nka\",\"item\":\"https:\/\/www.smedemokrati.sk\/\"},{\"@type\":\"ListItem\",\"position\":2,\"name\":\"Politick\u00e1 v\u00edzia\"}]},{\"@type\":\"WebSite\",\"@id\":\"https:\/\/www.smedemokrati.sk\/#website\",\"url\":\"https:\/\/www.smedemokrati.sk\/\",\"name\":\"Smedemokrati.sk\",\"description\":\"Demokracia a slu\u0161nos\u0165 zv\u00ed\u0165az\u00ed\",\"publisher\":{\"@id\":\"https:\/\/www.smedemokrati.sk\/#organization\"},\"potentialAction\":[{\"@type\":\"SearchAction\",\"target\":{\"@type\":\"EntryPoint\",\"urlTemplate\":\"https:\/\/www.smedemokrati.sk\/?s={search_term_string}\"},\"query-input\":{\"@type\":\"PropertyValueSpecification\",\"valueRequired\":true,\"valueName\":\"search_term_string\"}}],\"inLanguage\":\"en-US\"},{\"@type\":\"Organization\",\"@id\":\"https:\/\/www.smedemokrati.sk\/#organization\",\"name\":\"Smedemokrati.sk\",\"url\":\"https:\/\/www.smedemokrati.sk\/\",\"logo\":{\"@type\":\"ImageObject\",\"inLanguage\":\"en-US\",\"@id\":\"https:\/\/www.smedemokrati.sk\/#\/schema\/logo\/image\/\",\"url\":\"https:\/\/www.smedemokrati.sk\/wp-content\/uploads\/2023\/04\/ff.002.jpeg\",\"contentUrl\":\"https:\/\/www.smedemokrati.sk\/wp-content\/uploads\/2023\/04\/ff.002.jpeg\",\"width\":640,\"height\":480,\"caption\":\"Smedemokrati.sk\"},\"image\":{\"@id\":\"https:\/\/www.smedemokrati.sk\/#\/schema\/logo\/image\/\"},\"sameAs\":[\"https:\/\/www.facebook.com\/smedemokrati2023\"]}]}<\/script>\n<!-- \/ Yoast SEO plugin. -->","yoast_head_json":{"title":"Politick\u00e1 v\u00edzia - Smedemokrati.sk","robots":{"index":"index","follow":"follow","max-snippet":"max-snippet:-1","max-image-preview":"max-image-preview:large","max-video-preview":"max-video-preview:-1"},"canonical":"https:\/\/www.smedemokrati.sk\/en\/politicka-vizia\/","og_locale":"en_US","og_type":"article","og_title":"Politick\u00e1 v\u00edzia - Smedemokrati.sk","og_description":"\u010co je politick\u00e1 v\u00edzia? Na\u0161a v\u00edzia (2030): Slovensko je pokojn\u00fdm, bezpe\u010dn\u00fdm a prosperuj\u00facim domovom pre ka\u017ed\u00e9ho z jeho obyvate\u013eov.Pokoj je zalo\u017een\u00fd na d\u00f4vere a spolupr\u00e1ci v decentralizovanej spolo\u010dnosti, ktor\u00e9 s\u00fa ovoc\u00edm dobre funguj\u00facej demokracie, bezpodmiene\u010dn\u00e9ho re\u0161pektu k \u013eudsk\u00fdm pr\u00e1vam, a tie\u017e spo\u013eahlivofunguj\u00faceho pr\u00e1vneho \u0161t\u00e1tu. Bezpe\u010dnos\u0165 \u0161t\u00e1tu je garantovan\u00e1 v\u00fdborne vycvi\u010denou a vybavenouprofesion\u00e1lnou arm\u00e1dou, ale najm\u00e4 [&hellip;]","og_url":"https:\/\/www.smedemokrati.sk\/en\/politicka-vizia\/","og_site_name":"Smedemokrati.sk","article_publisher":"https:\/\/www.facebook.com\/smedemokrati2023","article_modified_time":"2023-04-13T21:19:31+00:00","og_image":[{"width":640,"height":480,"url":"https:\/\/www.smedemokrati.sk\/wp-content\/uploads\/2023\/04\/ff.004.jpeg","type":"image\/jpeg"}],"twitter_card":"summary_large_image","twitter_misc":{"Est. reading time":"6 minutes"},"schema":{"@context":"https:\/\/schema.org","@graph":[{"@type":"WebPage","@id":"https:\/\/www.smedemokrati.sk\/politicka-vizia\/","url":"https:\/\/www.smedemokrati.sk\/politicka-vizia\/","name":"Politick\u00e1 v\u00edzia - Smedemokrati.sk","isPartOf":{"@id":"https:\/\/www.smedemokrati.sk\/#website"},"datePublished":"2023-04-06T05:56:42+00:00","dateModified":"2023-04-13T21:19:31+00:00","breadcrumb":{"@id":"https:\/\/www.smedemokrati.sk\/politicka-vizia\/#breadcrumb"},"inLanguage":"en-US","potentialAction":[{"@type":"ReadAction","target":["https:\/\/www.smedemokrati.sk\/politicka-vizia\/"]}]},{"@type":"BreadcrumbList","@id":"https:\/\/www.smedemokrati.sk\/politicka-vizia\/#breadcrumb","itemListElement":[{"@type":"ListItem","position":1,"name":"Domovsk\u00e1 str\u00e1nka","item":"https:\/\/www.smedemokrati.sk\/"},{"@type":"ListItem","position":2,"name":"Politick\u00e1 v\u00edzia"}]},{"@type":"WebSite","@id":"https:\/\/www.smedemokrati.sk\/#website","url":"https:\/\/www.smedemokrati.sk\/","name":"Smedemokrati.sk","description":"Demokracia a slu\u0161nos\u0165 zv\u00ed\u0165az\u00ed","publisher":{"@id":"https:\/\/www.smedemokrati.sk\/#organization"},"potentialAction":[{"@type":"SearchAction","target":{"@type":"EntryPoint","urlTemplate":"https:\/\/www.smedemokrati.sk\/?s={search_term_string}"},"query-input":{"@type":"PropertyValueSpecification","valueRequired":true,"valueName":"search_term_string"}}],"inLanguage":"en-US"},{"@type":"Organization","@id":"https:\/\/www.smedemokrati.sk\/#organization","name":"Smedemokrati.sk","url":"https:\/\/www.smedemokrati.sk\/","logo":{"@type":"ImageObject","inLanguage":"en-US","@id":"https:\/\/www.smedemokrati.sk\/#\/schema\/logo\/image\/","url":"https:\/\/www.smedemokrati.sk\/wp-content\/uploads\/2023\/04\/ff.002.jpeg","contentUrl":"https:\/\/www.smedemokrati.sk\/wp-content\/uploads\/2023\/04\/ff.002.jpeg","width":640,"height":480,"caption":"Smedemokrati.sk"},"image":{"@id":"https:\/\/www.smedemokrati.sk\/#\/schema\/logo\/image\/"},"sameAs":["https:\/\/www.facebook.com\/smedemokrati2023"]}]}},"_links":{"self":[{"href":"https:\/\/www.smedemokrati.sk\/en\/wp-json\/wp\/v2\/pages\/258","targetHints":{"allow":["GET"]}}],"collection":[{"href":"https:\/\/www.smedemokrati.sk\/en\/wp-json\/wp\/v2\/pages"}],"about":[{"href":"https:\/\/www.smedemokrati.sk\/en\/wp-json\/wp\/v2\/types\/page"}],"author":[{"embeddable":true,"href":"https:\/\/www.smedemokrati.sk\/en\/wp-json\/wp\/v2\/users\/1"}],"replies":[{"embeddable":true,"href":"https:\/\/www.smedemokrati.sk\/en\/wp-json\/wp\/v2\/comments?post=258"}],"version-history":[{"count":0,"href":"https:\/\/www.smedemokrati.sk\/en\/wp-json\/wp\/v2\/pages\/258\/revisions"}],"wp:attachment":[{"href":"https:\/\/www.smedemokrati.sk\/en\/wp-json\/wp\/v2\/media?parent=258"}],"curies":[{"name":"wp","href":"https:\/\/api.w.org\/{rel}","templated":true}]}}