{"version":"1.0","provider_name":"Smedemokrati.sk","provider_url":"https:\/\/www.smedemokrati.sk\/en","author_name":"Tom\u00e1\u0161 Koppl","author_url":"https:\/\/www.smedemokrati.sk\/en\/author\/tomaskoppl\/","title":"Vyz\u00fdvam Borisa Koll\u00e1ra na verejn\u00fa diskusiu - Smedemokrati.sk","type":"rich","width":600,"height":338,"html":"<blockquote class=\"wp-embedded-content\" data-secret=\"ocyiykGz4z\"><a href=\"https:\/\/www.smedemokrati.sk\/en\/vyzyvam-borisa-kollara-na-verejnu-diskusiu\/\">Vyz\u00fdvam Borisa Koll\u00e1ra na verejn\u00fa diskusiu<\/a><\/blockquote><iframe sandbox=\"allow-scripts\" security=\"restricted\" src=\"https:\/\/www.smedemokrati.sk\/en\/vyzyvam-borisa-kollara-na-verejnu-diskusiu\/embed\/#?secret=ocyiykGz4z\" width=\"600\" height=\"338\" title=\"&#8220;Vyz\u00fdvam Borisa Koll\u00e1ra na verejn\u00fa diskusiu&#8221; &#8212; Smedemokrati.sk\" data-secret=\"ocyiykGz4z\" frameborder=\"0\" marginwidth=\"0\" marginheight=\"0\" scrolling=\"no\" class=\"wp-embedded-content\"><\/iframe><script type=\"text\/javascript\">\n\/* <![CDATA[ *\/\n\/*! This file is auto-generated *\/\n!function(d,l){\"use strict\";l.querySelector&&d.addEventListener&&\"undefined\"!=typeof URL&&(d.wp=d.wp||{},d.wp.receiveEmbedMessage||(d.wp.receiveEmbedMessage=function(e){var t=e.data;if((t||t.secret||t.message||t.value)&&!\/[^a-zA-Z0-9]\/.test(t.secret)){for(var s,r,n,a=l.querySelectorAll('iframe[data-secret=\"'+t.secret+'\"]'),o=l.querySelectorAll('blockquote[data-secret=\"'+t.secret+'\"]'),c=new RegExp(\"^https?:$\",\"i\"),i=0;i<o.length;i++)o[i].style.display=\"none\";for(i=0;i<a.length;i++)s=a[i],e.source===s.contentWindow&&(s.removeAttribute(\"style\"),\"height\"===t.message?(1e3<(r=parseInt(t.value,10))?r=1e3:~~r<200&&(r=200),s.height=r):\"link\"===t.message&&(r=new URL(s.getAttribute(\"src\")),n=new URL(t.value),c.test(n.protocol))&&n.host===r.host&&l.activeElement===s&&(d.top.location.href=t.value))}},d.addEventListener(\"message\",d.wp.receiveEmbedMessage,!1),l.addEventListener(\"DOMContentLoaded\",function(){for(var e,t,s=l.querySelectorAll(\"iframe.wp-embedded-content\"),r=0;r<s.length;r++)(t=(e=s[r]).getAttribute(\"data-secret\"))||(t=Math.random().toString(36).substring(2,12),e.src+=\"#?secret=\"+t,e.setAttribute(\"data-secret\",t)),e.contentWindow.postMessage({message:\"ready\",secret:t},\"*\")},!1)))}(window,document);\n\/\/# sourceURL=https:\/\/www.smedemokrati.sk\/wp-includes\/js\/wp-embed.min.js\n\/* ]]> *\/\n<\/script>\n","thumbnail_url":"https:\/\/www.smedemokrati.sk\/wp-content\/uploads\/2023\/03\/AL_1-min.jpg","thumbnail_width":1024,"thumbnail_height":683,"description":"\u201eMimoriadna sch\u00f4dza parlamentu na odvolanie Borisa Koll\u00e1ra nebola nakoniec ani otvoren\u00e1. Politici vyslali sign\u00e1l desa\u0165tis\u00edcom t\u00fdran\u00fdch \u017eien, \u017ee sa mu to prepe\u010die. V\u0161etci maj\u00fa kopec re\u010d\u00ed, ako im n\u00e1silie na \u017een\u00e1ch vad\u00ed, ale ke\u010f treba nie\u010do urobi\u0165, strkaj\u00fa hlavu do piesku. To v\u0161ak neznamen\u00e1, \u017ee my budeme ml\u010da\u0165. Pr\u00e1ve naopak. P\u00e1n Koll\u00e1r, vyz\u00fdvam V\u00e1s v [&hellip;]"}