{"version":"1.0","provider_name":"Smedemokrati.sk","provider_url":"https:\/\/www.smedemokrati.sk\/en","author_name":"Tom\u00e1\u0161 Koppl","author_url":"https:\/\/www.smedemokrati.sk\/en\/author\/tomaskoppl\/","title":"Vyrovnan\u00fd rozpo\u010det by bol \u0161kodliv\u00fd pre ob\u010danov - Smedemokrati.sk","type":"rich","width":600,"height":338,"html":"<blockquote class=\"wp-embedded-content\" data-secret=\"oiboQ7PQ34\"><a href=\"https:\/\/www.smedemokrati.sk\/en\/vyrovnany-rozpocet-by-bol-skodlivy-pre-obcanov\/\">Vyrovnan\u00fd rozpo\u010det by bol \u0161kodliv\u00fd pre ob\u010danov<\/a><\/blockquote><iframe sandbox=\"allow-scripts\" security=\"restricted\" src=\"https:\/\/www.smedemokrati.sk\/en\/vyrovnany-rozpocet-by-bol-skodlivy-pre-obcanov\/embed\/#?secret=oiboQ7PQ34\" width=\"600\" height=\"338\" title=\"&#8220;Vyrovnan\u00fd rozpo\u010det by bol \u0161kodliv\u00fd pre ob\u010danov&#8221; &#8212; Smedemokrati.sk\" data-secret=\"oiboQ7PQ34\" frameborder=\"0\" marginwidth=\"0\" marginheight=\"0\" scrolling=\"no\" class=\"wp-embedded-content\"><\/iframe><script type=\"text\/javascript\">\n\/* <![CDATA[ *\/\n\/*! This file is auto-generated *\/\n!function(d,l){\"use strict\";l.querySelector&&d.addEventListener&&\"undefined\"!=typeof URL&&(d.wp=d.wp||{},d.wp.receiveEmbedMessage||(d.wp.receiveEmbedMessage=function(e){var t=e.data;if((t||t.secret||t.message||t.value)&&!\/[^a-zA-Z0-9]\/.test(t.secret)){for(var s,r,n,a=l.querySelectorAll('iframe[data-secret=\"'+t.secret+'\"]'),o=l.querySelectorAll('blockquote[data-secret=\"'+t.secret+'\"]'),c=new RegExp(\"^https?:$\",\"i\"),i=0;i<o.length;i++)o[i].style.display=\"none\";for(i=0;i<a.length;i++)s=a[i],e.source===s.contentWindow&&(s.removeAttribute(\"style\"),\"height\"===t.message?(1e3<(r=parseInt(t.value,10))?r=1e3:~~r<200&&(r=200),s.height=r):\"link\"===t.message&&(r=new URL(s.getAttribute(\"src\")),n=new URL(t.value),c.test(n.protocol))&&n.host===r.host&&l.activeElement===s&&(d.top.location.href=t.value))}},d.addEventListener(\"message\",d.wp.receiveEmbedMessage,!1),l.addEventListener(\"DOMContentLoaded\",function(){for(var e,t,s=l.querySelectorAll(\"iframe.wp-embedded-content\"),r=0;r<s.length;r++)(t=(e=s[r]).getAttribute(\"data-secret\"))||(t=Math.random().toString(36).substring(2,12),e.src+=\"#?secret=\"+t,e.setAttribute(\"data-secret\",t)),e.contentWindow.postMessage({message:\"ready\",secret:t},\"*\")},!1)))}(window,document);\n\/\/# sourceURL=https:\/\/www.smedemokrati.sk\/wp-includes\/js\/wp-embed.min.js\n\/* ]]> *\/\n<\/script>\n","thumbnail_url":"https:\/\/www.smedemokrati.sk\/wp-content\/uploads\/2023\/05\/111.jpg","thumbnail_width":2167,"thumbnail_height":1324,"description":"Strana Demokrati odmieta uznesenie N\u00e1rodnej rady Slovenskej republiky o schv\u00e1len\u00ed posunutia term\u00ednu na predlo\u017eenie n\u00e1vrhu rozpo\u010dtu verejnej spr\u00e1vy na roky 2024 a\u017e 2026, ktor\u00fd predklad\u00e1 Milan Krajniak.&nbsp; Pod\u013ea predsedu Demokratov Eduarda Hegera je\u00a0\u201enezodpovedn\u00e9, populistick\u00e9 a \u0161kodliv\u00e9 pre ob\u010danov, aby \u00faradn\u00edcka vl\u00e1da musela prinies\u0165 vyrovnan\u00fd rozpo\u010det do konca augusta. Tak\u00fdto rozpo\u010det by znamenal 6 miliardov\u00fd \u0161krt, [&hellip;]"}