{"version":"1.0","provider_name":"Smedemokrati.sk","provider_url":"https:\/\/www.smedemokrati.sk\/en","author_name":"miro.sopko","author_url":"https:\/\/www.smedemokrati.sk\/en\/author\/miro-sopko\/","title":"Vl\u00e1da dus\u00ed ekonomiku a nech\u00e1va regi\u00f3ny napospas - Smedemokrati.sk","type":"rich","width":600,"height":338,"html":"<blockquote class=\"wp-embedded-content\" data-secret=\"QuwrAbFCZU\"><a href=\"https:\/\/www.smedemokrati.sk\/en\/vlada-dusi-ekonomiku-a-nechava-regiony-napospas\/\">Vl\u00e1da dus\u00ed ekonomiku a nech\u00e1va regi\u00f3ny napospas<\/a><\/blockquote><iframe sandbox=\"allow-scripts\" security=\"restricted\" src=\"https:\/\/www.smedemokrati.sk\/en\/vlada-dusi-ekonomiku-a-nechava-regiony-napospas\/embed\/#?secret=QuwrAbFCZU\" width=\"600\" height=\"338\" title=\"&#8220;Vl\u00e1da dus\u00ed ekonomiku a nech\u00e1va regi\u00f3ny napospas&#8221; &#8212; Smedemokrati.sk\" data-secret=\"QuwrAbFCZU\" frameborder=\"0\" marginwidth=\"0\" marginheight=\"0\" scrolling=\"no\" class=\"wp-embedded-content\"><\/iframe><script type=\"text\/javascript\">\n\/* <![CDATA[ *\/\n\/*! This file is auto-generated *\/\n!function(d,l){\"use strict\";l.querySelector&&d.addEventListener&&\"undefined\"!=typeof URL&&(d.wp=d.wp||{},d.wp.receiveEmbedMessage||(d.wp.receiveEmbedMessage=function(e){var t=e.data;if((t||t.secret||t.message||t.value)&&!\/[^a-zA-Z0-9]\/.test(t.secret)){for(var s,r,n,a=l.querySelectorAll('iframe[data-secret=\"'+t.secret+'\"]'),o=l.querySelectorAll('blockquote[data-secret=\"'+t.secret+'\"]'),c=new RegExp(\"^https?:$\",\"i\"),i=0;i<o.length;i++)o[i].style.display=\"none\";for(i=0;i<a.length;i++)s=a[i],e.source===s.contentWindow&&(s.removeAttribute(\"style\"),\"height\"===t.message?(1e3<(r=parseInt(t.value,10))?r=1e3:~~r<200&&(r=200),s.height=r):\"link\"===t.message&&(r=new URL(s.getAttribute(\"src\")),n=new URL(t.value),c.test(n.protocol))&&n.host===r.host&&l.activeElement===s&&(d.top.location.href=t.value))}},d.addEventListener(\"message\",d.wp.receiveEmbedMessage,!1),l.addEventListener(\"DOMContentLoaded\",function(){for(var e,t,s=l.querySelectorAll(\"iframe.wp-embedded-content\"),r=0;r<s.length;r++)(t=(e=s[r]).getAttribute(\"data-secret\"))||(t=Math.random().toString(36).substring(2,12),e.src+=\"#?secret=\"+t,e.setAttribute(\"data-secret\",t)),e.contentWindow.postMessage({message:\"ready\",secret:t},\"*\")},!1)))}(window,document);\n\/\/# sourceURL=https:\/\/www.smedemokrati.sk\/wp-includes\/js\/wp-embed.min.js\n\/* ]]> *\/\n<\/script>\n","thumbnail_url":"https:\/\/www.smedemokrati.sk\/wp-content\/uploads\/2025\/09\/545412938_1349432553413459_5994136805040324756_n-e1757451816252.jpg","thumbnail_width":1080,"thumbnail_height":845,"description":"V de\u0148, ke\u010f vl\u00e1da predstavila svoj tret\u00ed konsolida\u010dn\u00fd bal\u00edk, nav\u0161t\u00edvili predstavitelia strany Demokrati mesto Zlat\u00e9 Moravce, aby priamo na mieste uk\u00e1zali, ak\u00e9 d\u00f4sledky maj\u00fa vl\u00e1dne rozhodnutia na \u017eivot be\u017en\u00fdch \u013eud\u00ed. Symbolom tohto \u00fapadku je firma Delfingen, ktor\u00e1 e\u0161te za\u010diatkom roka patrila medzi v\u00fdznamn\u00fdch zamestn\u00e1vate\u013eov v regi\u00f3ne, no dnes je u\u017e zatvoren\u00e1. \u201eDelfingen zamestn\u00e1val vy\u0161e 100 [&hellip;]"}