{"version":"1.0","provider_name":"Smedemokrati.sk","provider_url":"https:\/\/www.smedemokrati.sk\/en","author_name":"Tom\u00e1\u0161 Koppl","author_url":"https:\/\/www.smedemokrati.sk\/en\/author\/tomaskoppl\/","title":"\u0160eliga uverejnil d\u00f4kaz, \u017ee \u017dilinka klamal - Smedemokrati.sk","type":"rich","width":600,"height":338,"html":"<blockquote class=\"wp-embedded-content\" data-secret=\"dBfPbzevfh\"><a href=\"https:\/\/www.smedemokrati.sk\/en\/seliga-uverejnil-dokaz-ze-zilinka-klamal\/\">\u0160eliga uverejnil d\u00f4kaz, \u017ee \u017dilinka klamal<\/a><\/blockquote><iframe sandbox=\"allow-scripts\" security=\"restricted\" src=\"https:\/\/www.smedemokrati.sk\/en\/seliga-uverejnil-dokaz-ze-zilinka-klamal\/embed\/#?secret=dBfPbzevfh\" width=\"600\" height=\"338\" title=\"&#8220;\u0160eliga uverejnil d\u00f4kaz, \u017ee \u017dilinka klamal&#8221; &#8212; Smedemokrati.sk\" data-secret=\"dBfPbzevfh\" frameborder=\"0\" marginwidth=\"0\" marginheight=\"0\" scrolling=\"no\" class=\"wp-embedded-content\"><\/iframe><script type=\"text\/javascript\">\n\/* <![CDATA[ *\/\n\/*! This file is auto-generated *\/\n!function(d,l){\"use strict\";l.querySelector&&d.addEventListener&&\"undefined\"!=typeof URL&&(d.wp=d.wp||{},d.wp.receiveEmbedMessage||(d.wp.receiveEmbedMessage=function(e){var t=e.data;if((t||t.secret||t.message||t.value)&&!\/[^a-zA-Z0-9]\/.test(t.secret)){for(var s,r,n,a=l.querySelectorAll('iframe[data-secret=\"'+t.secret+'\"]'),o=l.querySelectorAll('blockquote[data-secret=\"'+t.secret+'\"]'),c=new RegExp(\"^https?:$\",\"i\"),i=0;i<o.length;i++)o[i].style.display=\"none\";for(i=0;i<a.length;i++)s=a[i],e.source===s.contentWindow&&(s.removeAttribute(\"style\"),\"height\"===t.message?(1e3<(r=parseInt(t.value,10))?r=1e3:~~r<200&&(r=200),s.height=r):\"link\"===t.message&&(r=new URL(s.getAttribute(\"src\")),n=new URL(t.value),c.test(n.protocol))&&n.host===r.host&&l.activeElement===s&&(d.top.location.href=t.value))}},d.addEventListener(\"message\",d.wp.receiveEmbedMessage,!1),l.addEventListener(\"DOMContentLoaded\",function(){for(var e,t,s=l.querySelectorAll(\"iframe.wp-embedded-content\"),r=0;r<s.length;r++)(t=(e=s[r]).getAttribute(\"data-secret\"))||(t=Math.random().toString(36).substring(2,12),e.src+=\"#?secret=\"+t,e.setAttribute(\"data-secret\",t)),e.contentWindow.postMessage({message:\"ready\",secret:t},\"*\")},!1)))}(window,document);\n\/\/# sourceURL=https:\/\/www.smedemokrati.sk\/wp-includes\/js\/wp-embed.min.js\n\/* ]]> *\/\n<\/script>\n","thumbnail_url":"https:\/\/www.smedemokrati.sk\/wp-content\/uploads\/2024\/01\/juro-1.jpg","thumbnail_width":1227,"thumbnail_height":707,"description":"Juraj \u0160eliga u\u017e minul\u00fd rok upozor\u0148oval na stretnutia Maro\u0161a \u017dilinku a Diany Santusovej, vy\u0161etrovate\u013eky policajnej in\u0161pekcie. \u017dilinka stretnutia poprel, ostatne tak urobil po v\u010deraj\u0161ej tla\u010dovej konferenci\u00ed Demokratov, kde podpredseda strany \u0160eliga jasne vykreslil sch\u00e9mu manipul\u00e1ci\u00ed na Gener\u00e1lnej prokurat\u00fare. Reakciou na klamstv\u00e1 M. \u017dilinku bolo dne\u0161n\u00e9 uverejnenie v\u00fdpovede D. Santusovej, ktor\u00e1 n\u00e1v\u0161tevy v kancel\u00e1rii gener\u00e1lneho prokur\u00e1tora [&hellip;]"}