{"version":"1.0","provider_name":"Smedemokrati.sk","provider_url":"https:\/\/www.smedemokrati.sk\/en","author_name":"admin","author_url":"https:\/\/www.smedemokrati.sk\/en\/author\/admin\/","title":"Ka\u017eim\u00edr je vinn\u00fd, vyz\u00fdvame ho na odst\u00fapenie - Smedemokrati.sk","type":"rich","width":600,"height":338,"html":"<blockquote class=\"wp-embedded-content\" data-secret=\"eucca3HdP5\"><a href=\"https:\/\/www.smedemokrati.sk\/en\/kazimir-je-vinny-vyzyvame-ho-na-odstupenie\/\">Ka\u017eim\u00edr je vinn\u00fd, vyz\u00fdvame ho na odst\u00fapenie<\/a><\/blockquote><iframe sandbox=\"allow-scripts\" security=\"restricted\" src=\"https:\/\/www.smedemokrati.sk\/en\/kazimir-je-vinny-vyzyvame-ho-na-odstupenie\/embed\/#?secret=eucca3HdP5\" width=\"600\" height=\"338\" title=\"&#8220;Ka\u017eim\u00edr je vinn\u00fd, vyz\u00fdvame ho na odst\u00fapenie&#8221; &#8212; Smedemokrati.sk\" data-secret=\"eucca3HdP5\" frameborder=\"0\" marginwidth=\"0\" marginheight=\"0\" scrolling=\"no\" class=\"wp-embedded-content\"><\/iframe><script type=\"text\/javascript\">\n\/* <![CDATA[ *\/\n\/*! This file is auto-generated *\/\n!function(d,l){\"use strict\";l.querySelector&&d.addEventListener&&\"undefined\"!=typeof URL&&(d.wp=d.wp||{},d.wp.receiveEmbedMessage||(d.wp.receiveEmbedMessage=function(e){var t=e.data;if((t||t.secret||t.message||t.value)&&!\/[^a-zA-Z0-9]\/.test(t.secret)){for(var s,r,n,a=l.querySelectorAll('iframe[data-secret=\"'+t.secret+'\"]'),o=l.querySelectorAll('blockquote[data-secret=\"'+t.secret+'\"]'),c=new RegExp(\"^https?:$\",\"i\"),i=0;i<o.length;i++)o[i].style.display=\"none\";for(i=0;i<a.length;i++)s=a[i],e.source===s.contentWindow&&(s.removeAttribute(\"style\"),\"height\"===t.message?(1e3<(r=parseInt(t.value,10))?r=1e3:~~r<200&&(r=200),s.height=r):\"link\"===t.message&&(r=new URL(s.getAttribute(\"src\")),n=new URL(t.value),c.test(n.protocol))&&n.host===r.host&&l.activeElement===s&&(d.top.location.href=t.value))}},d.addEventListener(\"message\",d.wp.receiveEmbedMessage,!1),l.addEventListener(\"DOMContentLoaded\",function(){for(var e,t,s=l.querySelectorAll(\"iframe.wp-embedded-content\"),r=0;r<s.length;r++)(t=(e=s[r]).getAttribute(\"data-secret\"))||(t=Math.random().toString(36).substring(2,12),e.src+=\"#?secret=\"+t,e.setAttribute(\"data-secret\",t)),e.contentWindow.postMessage({message:\"ready\",secret:t},\"*\")},!1)))}(window,document);\n\/\/# sourceURL=https:\/\/www.smedemokrati.sk\/wp-includes\/js\/wp-embed.min.js\n\/* ]]> *\/\n<\/script>\n","thumbnail_url":"https:\/\/www.smedemokrati.sk\/wp-content\/uploads\/2023\/04\/vvv.001.jpeg","thumbnail_width":640,"thumbnail_height":480,"description":"Sudca \u0160pecializovan\u00e9ho trestn\u00e9ho s\u00fadu rozhodol, \u017ee guvern\u00e9r N\u00e1rodnej banky Slovenska a b\u00fdval\u00fd smer\u00e1cky minister financi\u00ed Peter Ka\u017eim\u00edr je vinn\u00fd z podpl\u00e1cania \u010fal\u0161ieho nominanta b\u00fdvalej vl\u00e1dy Franti\u0161ka Imreczeho, ktor\u00fd riadil Finan\u010dn\u00fa spr\u00e1vu. Je na \u010dase, aby vo funkci\u00e1ch skon\u010dili \u013eudia ods\u00faden\u00ed za korupciu. Slovensko si zasl\u00fa\u017ei by\u0165 o\u010disten\u00e9 od nominantov Smeru, ktor\u00ed poru\u0161uj\u00fa z\u00e1kladn\u00e9 princ\u00edpy verejnej [&hellip;]"}