{"version":"1.0","provider_name":"Smedemokrati.sk","provider_url":"https:\/\/www.smedemokrati.sk\/en","author_name":"miro.sopko","author_url":"https:\/\/www.smedemokrati.sk\/en\/author\/miro-sopko\/","title":"\u010eal\u0161ia destabiliz\u00e1cia policajn\u00e9ho zboru - Smedemokrati.sk","type":"rich","width":600,"height":338,"html":"<blockquote class=\"wp-embedded-content\" data-secret=\"ZmKOy0CvjK\"><a href=\"https:\/\/www.smedemokrati.sk\/en\/dalsia-destabilizacia-policajneho-zboru\/\">\u010eal\u0161ia destabiliz\u00e1cia policajn\u00e9ho zboru<\/a><\/blockquote><iframe sandbox=\"allow-scripts\" security=\"restricted\" src=\"https:\/\/www.smedemokrati.sk\/en\/dalsia-destabilizacia-policajneho-zboru\/embed\/#?secret=ZmKOy0CvjK\" width=\"600\" height=\"338\" title=\"&#8220;\u010eal\u0161ia destabiliz\u00e1cia policajn\u00e9ho zboru&#8221; &#8212; Smedemokrati.sk\" data-secret=\"ZmKOy0CvjK\" frameborder=\"0\" marginwidth=\"0\" marginheight=\"0\" scrolling=\"no\" class=\"wp-embedded-content\"><\/iframe><script type=\"text\/javascript\">\n\/* <![CDATA[ *\/\n\/*! This file is auto-generated *\/\n!function(d,l){\"use strict\";l.querySelector&&d.addEventListener&&\"undefined\"!=typeof URL&&(d.wp=d.wp||{},d.wp.receiveEmbedMessage||(d.wp.receiveEmbedMessage=function(e){var t=e.data;if((t||t.secret||t.message||t.value)&&!\/[^a-zA-Z0-9]\/.test(t.secret)){for(var s,r,n,a=l.querySelectorAll('iframe[data-secret=\"'+t.secret+'\"]'),o=l.querySelectorAll('blockquote[data-secret=\"'+t.secret+'\"]'),c=new RegExp(\"^https?:$\",\"i\"),i=0;i<o.length;i++)o[i].style.display=\"none\";for(i=0;i<a.length;i++)s=a[i],e.source===s.contentWindow&&(s.removeAttribute(\"style\"),\"height\"===t.message?(1e3<(r=parseInt(t.value,10))?r=1e3:~~r<200&&(r=200),s.height=r):\"link\"===t.message&&(r=new URL(s.getAttribute(\"src\")),n=new URL(t.value),c.test(n.protocol))&&n.host===r.host&&l.activeElement===s&&(d.top.location.href=t.value))}},d.addEventListener(\"message\",d.wp.receiveEmbedMessage,!1),l.addEventListener(\"DOMContentLoaded\",function(){for(var e,t,s=l.querySelectorAll(\"iframe.wp-embedded-content\"),r=0;r<s.length;r++)(t=(e=s[r]).getAttribute(\"data-secret\"))||(t=Math.random().toString(36).substring(2,12),e.src+=\"#?secret=\"+t,e.setAttribute(\"data-secret\",t)),e.contentWindow.postMessage({message:\"ready\",secret:t},\"*\")},!1)))}(window,document);\n\/\/# sourceURL=https:\/\/www.smedemokrati.sk\/wp-includes\/js\/wp-embed.min.js\n\/* ]]> *\/\n<\/script>\n","thumbnail_url":"https:\/\/www.smedemokrati.sk\/wp-content\/uploads\/2024\/10\/Picsart_24-10-02_17-17-09-680.jpg","thumbnail_width":1833,"thumbnail_height":1220,"description":"\u201ePriatelia, ale \u0161peci\u00e1lne policajti a policajtky, viete ako chce \u201ekinder mana\u017e\u00e9r\u201c alebo minister \u0160utaj E\u0161tok a Sol\u00e1k najnov\u0161ie stabilizova\u0165 situ\u00e1ciu v policajnom zbore? Po vzore Orb\u00e1na chc\u00fa zak\u00e1za\u0165 policajtom odchod do v\u00fdsluhov\u00e9ho d\u00f4chodku. V jednoduchosti povedan\u00e9, ka\u017ed\u00fd kto nem\u00e1 vek 55 rokov (alebo dokonca 60 rokov) p\u00f4jde nasp\u00e4\u0165 do slu\u017eobn\u00e9ho pomer. Miest v pol\u00edcii je [&hellip;]"}