{"version":"1.0","provider_name":"Smedemokrati.sk","provider_url":"https:\/\/www.smedemokrati.sk\/en","author_name":"miro.sopko","author_url":"https:\/\/www.smedemokrati.sk\/en\/author\/miro-sopko\/","title":"Bude sa kv\u00f4li hlbinn\u00e9mu \u00falo\u017eisku vyvlast\u0148ova\u0165? - Smedemokrati.sk","type":"rich","width":600,"height":338,"html":"<blockquote class=\"wp-embedded-content\" data-secret=\"UkFoqz0iuy\"><a href=\"https:\/\/www.smedemokrati.sk\/en\/bude-sa-kvoli-hlbinnemu-ulozisku-vyvlastnovat\/\">Bude sa kv\u00f4li hlbinn\u00e9mu \u00falo\u017eisku vyvlast\u0148ova\u0165?<\/a><\/blockquote><iframe sandbox=\"allow-scripts\" security=\"restricted\" src=\"https:\/\/www.smedemokrati.sk\/en\/bude-sa-kvoli-hlbinnemu-ulozisku-vyvlastnovat\/embed\/#?secret=UkFoqz0iuy\" width=\"600\" height=\"338\" title=\"&#8220;Bude sa kv\u00f4li hlbinn\u00e9mu \u00falo\u017eisku vyvlast\u0148ova\u0165?&#8221; &#8212; Smedemokrati.sk\" data-secret=\"UkFoqz0iuy\" frameborder=\"0\" marginwidth=\"0\" marginheight=\"0\" scrolling=\"no\" class=\"wp-embedded-content\"><\/iframe><script type=\"text\/javascript\">\n\/* <![CDATA[ *\/\n\/*! This file is auto-generated *\/\n!function(d,l){\"use strict\";l.querySelector&&d.addEventListener&&\"undefined\"!=typeof URL&&(d.wp=d.wp||{},d.wp.receiveEmbedMessage||(d.wp.receiveEmbedMessage=function(e){var t=e.data;if((t||t.secret||t.message||t.value)&&!\/[^a-zA-Z0-9]\/.test(t.secret)){for(var s,r,n,a=l.querySelectorAll('iframe[data-secret=\"'+t.secret+'\"]'),o=l.querySelectorAll('blockquote[data-secret=\"'+t.secret+'\"]'),c=new RegExp(\"^https?:$\",\"i\"),i=0;i<o.length;i++)o[i].style.display=\"none\";for(i=0;i<a.length;i++)s=a[i],e.source===s.contentWindow&&(s.removeAttribute(\"style\"),\"height\"===t.message?(1e3<(r=parseInt(t.value,10))?r=1e3:~~r<200&&(r=200),s.height=r):\"link\"===t.message&&(r=new URL(s.getAttribute(\"src\")),n=new URL(t.value),c.test(n.protocol))&&n.host===r.host&&l.activeElement===s&&(d.top.location.href=t.value))}},d.addEventListener(\"message\",d.wp.receiveEmbedMessage,!1),l.addEventListener(\"DOMContentLoaded\",function(){for(var e,t,s=l.querySelectorAll(\"iframe.wp-embedded-content\"),r=0;r<s.length;r++)(t=(e=s[r]).getAttribute(\"data-secret\"))||(t=Math.random().toString(36).substring(2,12),e.src+=\"#?secret=\"+t,e.setAttribute(\"data-secret\",t)),e.contentWindow.postMessage({message:\"ready\",secret:t},\"*\")},!1)))}(window,document);\n\/\/# sourceURL=https:\/\/www.smedemokrati.sk\/wp-includes\/js\/wp-embed.min.js\n\/* ]]> *\/\n<\/script>\n","thumbnail_url":"https:\/\/www.smedemokrati.sk\/wp-content\/uploads\/2024\/04\/kufovci.jpg","thumbnail_width":1200,"thumbnail_height":1094,"description":"Aj t\u00fato ot\u00e1zku sme polo\u017eili v otvorenom liste Filipovi Kuffovi, \u010dlenovi dozornej rady N\u00e1rodn\u00e9ho jadrov\u00e9ho fondu. V\u0161etko toti\u017e nasved\u010duje tomu, \u017ee kv\u00f4li neschopnosti alebo neochote na v\u010dasn\u00e9 zapojenie obyvate\u013eov dotknut\u00fdch obc\u00ed do procesu v\u00fdberu miesta pre hlbinn\u00e9 \u00falo\u017eisko vyhoret\u00e9ho jadrov\u00e9ho paliva sa ohrozuje realiz\u00e1cia tohto strategick\u00e9ho projektu. Vyz\u00fdvame na bezodkladn\u00e9 a plnohodnotn\u00e9 zapojenie verejnosti do [&hellip;]"}