{"id":233,"date":"2023-04-04T12:33:15","date_gmt":"2023-04-04T12:33:15","guid":{"rendered":"https:\/\/www.smedemokrati.sk\/?page_id=233"},"modified":"2023-04-13T20:52:46","modified_gmt":"2023-04-13T20:52:46","slug":"zasady-spracuvania-osobnych-udajov","status":"publish","type":"page","link":"https:\/\/www.smedemokrati.sk\/cs\/zasady-spracuvania-osobnych-udajov\/","title":{"rendered":"Z\u00e1sady sprac\u00favania osobn\u00fdch \u00fadajov"},"content":{"rendered":"<div id=\"fb-root\"><\/div>\n\n<p class=\"has-text-align-left\">v s\u00falade s \u010dl\u00e1nkom 13 a s\u00favisiacich Nariadenia Eur\u00f3pskeho parlamentu a Rady (E\u00da) 2016\/679 z 27. apr\u00edla 2016 o ochrane fyzick\u00fdch os\u00f4b pri sprac\u00favan\u00ed osobn\u00fdch \u00fadajov a o vo\u013enom pohybe tak\u00fdchto \u00fadajov, ktor\u00fdm sa zru\u0161uje smernica 95\/46\/ES (\u201e\u010falej len nariadenie GDPR\u201c).<\/p>\n\n\n\n<p>Z\u00e1sady sprac\u00favania osobn\u00fdch \u00fadajov poskytuj\u00fa kompletn\u00fd a vy\u010derp\u00e1vaj\u00faci preh\u013ead tak povinne poskytovan\u00fdch inform\u00e1cii ako aj dopl\u0148uj\u00facich inform\u00e1cii o spracovan\u00ed osobn\u00fdch \u00fadajov prev\u00e1dzkovate\u013eom&nbsp;<strong>Demokrati, Mileti\u010dova 21, 821 08 Bratislava \u2013 Ru\u017einov, \u010d\u00edslo registr\u00e1cie strany: SVS-OVR1-2018\/004572<\/strong> (\u010falej len \u201eprev\u00e1dzkovate\u013e\u201c). A to tak, aby osoby, ktor\u00fdch sa \u00fadaje t\u00fdkaj\u00fa, z\u00edskali d\u00f4veru v z\u00e1konnos\u0165 sprac\u00favania osobn\u00fdch \u00fadajov.&nbsp;<\/p>\n\n\n\n<p>Re\u0161pektujeme a v plnej miere uplat\u0148ujeme po\u017eiadavky nariadenia GDPR. Ak vznikne ak\u00e1ko\u013evek ot\u00e1zka alebo nejasnos\u0165, kontaktujte n\u00e1s prostredn\u00edctvom ochranaudajov@smedemokrati.sk.<\/p>\n\n\n\n<h2 class=\"wp-block-heading\">Ochrana osobn\u00fdch \u00fadajov<\/h2>\n\n\n\n<p>Prev\u00e1dzkujeme webov\u00fa str\u00e1nku www.smedemokrati.sk, prostredn\u00edctvom ktorej informujeme o na\u0161ej \u010dinnosti, z\u00edskavame nov\u00fdch \u010dlenov a darcov.<\/p>\n\n\n\n<p>Vedieme evidenciu z\u00e1ujemcov o kontaktovanie v s\u00favislosti so stranou Demokrati, jej sympatizantov a darcov, pri\u010dom v tejto s\u00favislosti sprac\u00favame aj citliv\u00e9 osobn\u00e9 \u00fadaje t\u00fdkaj\u00face sa politick\u00e9ho presved\u010denia.<\/p>\n\n\n\n<p>Taktie\u017e sprac\u00favame osobn\u00e9 \u00fadaje za \u00fa\u010delom zasielania pravideln\u00e9ho newslettera a in\u00fdch elektronick\u00fdch spr\u00e1v alebo telefonickej komunik\u00e1cie, pr\u00edpadne sms komunik\u00e1cie s inform\u00e1ciami t\u00fdkaj\u00facimi \u010dinnosti strany Demokrati.\u00a0Takto uskuto\u010d\u0148ujeme sprac\u00favanie osobn\u00fdch \u00fadajov v\u00fdlu\u010dne v rozsahu a prostriedkami\u00a0uveden\u00fdmi v t\u00fdchto Z\u00e1sad\u00e1ch sprac\u00favania osobn\u00fdch \u00fadajov. Priklad\u00e1me maxim\u00e1lnu pozornos\u0165 na dodr\u017eanie transparentnosti a zodpovednosti pri sprac\u00favan\u00ed osobn\u00fdch \u00fadajov.<\/p>\n\n\n\n<h2 class=\"wp-block-heading\">\u00davodn\u00e9 vysvetlenie<\/h2>\n\n\n\n<p>Osobn\u00e9 \u00fadaje sprac\u00favame na nasledovn\u00e9 \u00fa\u010dely:<\/p>\n\n\n\n<p>pre zaistenie <strong>vedenia datab\u00e1zy z\u00e1ujemcov o kontaktovanie v s\u00favislosti so stranou Demokrati, sympatizantov a darcov strany a pre zaistenie komunik\u00e1cie o jej \u010dinnosti,<\/strong> v s\u00falade s ustanoven\u00edm \u010dl\u00e1nku 9 ods. 2 p\u00edsm. d) nariadenia GDPR, spracov\u00e1vame osobn\u00e9 \u00fadaje v nasledovnom rozsahu:<\/p>\n\n\n\n<ul class=\"wp-block-list\">\n<li>fyzick\u00e9 osoby: meno a priezvisko, ulica, popisn\u00e9 \u010d\u00edslo, mesto, PS\u010c, rok narodenia, email, telef\u00f3nne \u010d\u00edslo,<\/li>\n\n\n\n<li>pr\u00e1vnic\u00e9 osoby: n\u00e1zov spolo\u010dnosti, \u0161tatut\u00e1r, I\u010cO, pr\u00e1vna forma, ulica, popisn\u00e9 \u010d\u00edslo, mesto, PS\u010c, email, telef\u00f3nne \u010d\u00edslo,<\/li>\n<\/ul>\n\n\n\n<p>pre zaistenie zasielania <strong>pravideln<\/strong><strong>\u00e9<\/strong><strong>ho newslettera a in<\/strong><strong>\u00fdch elektronick\u00fdch spr\u00e1v<\/strong> v nasledovnom rozsahu:<\/p>\n\n\n\n<ul class=\"wp-block-list\">\n<li>emailov\u00e1 adresa.\u00a0<\/li>\n<\/ul>\n\n\n\n<p>Osobn\u00e9 \u00fadaje sa sprac\u00favaj\u00fa na pr\u00e1vnom z\u00e1klade <strong>s\u00fahlasu<\/strong> dotknutej osoby, pri\u010dom udelenie s\u00fahlasu na sprac\u00favanie osobn\u00fdch \u00fadajov je dobrovo\u013en\u00e9. Osobn\u00e9 \u00fadaje sa sprac\u00favaj\u00fa aj na pr\u00e1vnom z\u00e1klade <strong>opr\u00e1vnen\u00e9ho z\u00e1ujmu<\/strong> strany Demokrati, ktor\u00fd spo\u010d\u00edva vo vykon\u00e1van\u00ed politickej \u010dinnosti v prospech potenci\u00e1lnych voli\u010dov a kandid\u00e1tov vo vo\u013eb\u00e1ch.<\/p>\n\n\n\n<h2 class=\"wp-block-heading\">A. Ako sa z\u00edskavaj\u00fa osobn\u00e9 \u00fadaje?<\/h2>\n\n\n\n<h3 class=\"wp-block-heading\">1.&nbsp;&nbsp; &nbsp;Inform\u00e1cie priamo od dotknut\u00fdch os\u00f4b<\/h3>\n\n\n\n<p><strong>\u017diados\u0165 o kontaktovanie<\/strong><\/p>\n\n\n\n<p>N\u00e1v\u0161tevn\u00edci webov\u00e9ho s\u00eddla www.smedemokrati.sk \u017eiadaj\u00faci o kontakt v s\u00favislosti so stranou Demokrati vyp\u013a\u0148aj\u00fa \u017eiados\u0165 o kontaktovanie, v ktorej uved\u00fa: meno a priezvisko, ulica, popisn\u00e9 \u010d\u00edslo, mesto, PS\u010c, rok narodenia, email, telef\u00f3nne \u010d\u00edslo.&nbsp;<\/p>\n\n\n\n<p><strong>Dotazn\u00edk &#8211; pomoc v kampani<\/strong><strong><\/strong><\/p>\n\n\n\n<p>N\u00e1v\u0161tevn\u00edci webov\u00e9ho s\u00eddla www.smedemokrati.sk prejavu\u00faci v\u00f4\u013eu pom\u00f4c\u0165 strane Demokrati v kampani vyp\u013a\u0148aj\u00fa dotazn\u00edk, v ktorom uved\u00fa: meno a priezvisko, ulica, popisn\u00e9 \u010d\u00edslo, mesto, PS\u010c, rok narodenia, email, telef\u00f3nne \u010d\u00edslo.&nbsp;<\/p>\n\n\n\n<p><strong>Darovac\u00ed <\/strong><strong>formul<\/strong><strong>\u00e1r<\/strong><\/p>\n\n\n\n<p>Dotknut\u00e9 osoby, ktor\u00e9 prejavia v\u00f4\u013eu podpori\u0165 politick\u00fa stranu Demokrati na webovom s\u00eddle www.smedemokrati.sk finan\u010dn\u00fdm darom, vyplnia formul\u00e1r, v ktorom uved\u00fa:<\/p>\n\n\n\n<ul class=\"wp-block-list\">\n<li>fyzick\u00e9 osoby: meno a priezvisko, ulica, popisn\u00e9 \u010d\u00edslo, mesto, PS\u010c, rok narodenia, email, telef\u00f3nne \u010d\u00edslo,<\/li>\n\n\n\n<li>pr\u00e1vnic\u00e9 osoby: n\u00e1zov spolo\u010dnosti, \u0161tatut\u00e1r, I\u010cO, pr\u00e1vna forma, ulica, popisn\u00e9 \u010d\u00edslo, mesto, PS\u010c, email, telef\u00f3nne \u010d\u00edslo.&nbsp;<\/li>\n<\/ul>\n\n\n\n<p><strong>Prihl\u00e1senie na odber Newslettera<\/strong><\/p>\n\n\n\n<p>Dotknut\u00e9 osoby, aby mohli dost\u00e1va\u0165 newsletter a in\u00e9 elektronick\u00e9 inform\u00e1cie udelia s\u00fahlas so spracovan\u00edm osobn\u00fdch \u00fadajov, kde uved\u00fa emailov\u00fa adresu.<\/p>\n\n\n\n<h3 class=\"wp-block-heading\">Cookies<\/h3>\n\n\n\n<p>Vyu\u017e\u00edvame cookies a podobn\u00e9 technol\u00f3gie na sledovanie u\u017e\u00edvate\u013esk\u00e9ho spr\u00e1vania. Pou\u017e\u00edvanie t\u00fdchto technol\u00f3gii sa riadi osobitn\u00fdmi Pravidlami na pou\u017e\u00edvanie cookies. U\u017e\u00edvatelia spravuj\u00fa pou\u017eitie t\u00fdchto technol\u00f3gii jednak u\u017e\u00edvate\u013esk\u00fdm nastaven\u00edm prehliada\u010dov a tie\u017e udelen\u00edm s\u00fahlasom, ktor\u00fd m\u00f4\u017eu odvola\u0165.&nbsp;<\/p>\n\n\n\n<h2 class=\"wp-block-heading\">B. Ako sa sprac\u00favaj\u00fa osobn\u00e9 \u00fadaje?<\/h2>\n\n\n\n<h3 class=\"wp-block-heading\"><strong>1.&nbsp;&nbsp; &nbsp;Informovanie o \u010dinnosti strany Demokrati<\/strong><\/h3>\n\n\n\n<p>Pre realiz\u00e1ciu a podporu \u010dinnosti strany Demokrati vyu\u017e\u00edvame osobn\u00e9 \u00fadaje z\u00e1ujemcov o kontaktovanie, sympatizantov a darcov na ich pravideln\u00e9 informovanie.&nbsp;<\/p>\n\n\n\n<h3 class=\"wp-block-heading\"><strong>2.&nbsp;&nbsp; &nbsp;Marketing &nbsp;&#8211; zasielanie newslettra a noviniek&nbsp;<\/strong><\/h3>\n\n\n\n<p>Vyu\u017e\u00edvame z\u00edskan\u00e9 osobn\u00e9 \u00fadaje od u\u017e\u00edvate\u013eov na zasielanie noviniek o \u010dinnosti strany Demokrati.<\/p>\n\n\n\n<h3 class=\"wp-block-heading\"><strong>3. &nbsp; &nbsp;Pr\u00edjemcovia osobn\u00fdch \u00fadajov<\/strong><\/h3>\n\n\n\n<p>Poskytujeme z\u00edskan\u00e9 osobn\u00e9 \u00fadaje u\u017e\u00edvate\u013eov kandid\u00e1tom do volieb prezidenta SR, do N\u00e1rodnej rady SR, do \u00fazemnej samospr\u00e1vy a do Eur\u00f3pskeho parlamentu.\u00a0<\/p>\n\n\n\n<h2 class=\"wp-block-heading\">C. Ak\u00e9 pr\u00e1va m\u00e1te?<\/h2>\n\n\n\n<p>Uplat\u0148ovanie pr\u00e1v, ktor\u00e9 V\u00e1m garantuje GDPR, je z n\u00e1\u0161ho poh\u013eadu posilnen\u00edm Va\u0161ej d\u00f4very v z\u00e1konnos\u0165 n\u00e1\u0161ho sprac\u00favania osobn\u00fdch \u00fadajov. M\u00e1te preto mo\u017enos\u0165 si uplatni\u0165 nasledovn\u00e9 pr\u00e1va:<\/p>\n\n\n\n<h3 class=\"wp-block-heading\"><strong>1.&nbsp;&nbsp; &nbsp;Pr\u00e1vo na pr\u00edstup k \u00fadajom<\/strong> &nbsp;<\/h3>\n\n\n\n<p>U\u017e\u00edvatelia maj\u00fa pr\u00e1vo z\u00edska\u0165 potvrdenie o tom, \u010di sa sprac\u00favaj\u00fa ich osobn\u00e9 \u00fadaje. S t\u00fdmto pr\u00e1vom s\u00favis\u00ed aj pr\u00e1vo z\u00edska\u0165 pr\u00edstup k t\u00fdmto osobn\u00fdm \u00fadajom a inform\u00e1cie s t\u00fdm s\u00favisiace.<\/p>\n\n\n\n<h3 class=\"wp-block-heading\"><strong>2.&nbsp;&nbsp; &nbsp;Pr\u00e1vo na opravu \u00fadajov &nbsp;<\/strong><\/h3>\n\n\n\n<p>U\u017e\u00edvatelia maj\u00fa pr\u00e1vo, aby boli bez zbyto\u010dn\u00e9ho odkladu opraven\u00e9 alebo doplnen\u00e9 nespr\u00e1vne, ne\u00faplne alebo neaktu\u00e1lne ich osobn\u00e9 \u00fadaje, a to bez oh\u013eadu na d\u00f4vod vzniku nepresnosti.<\/p>\n\n\n\n<h3 class=\"wp-block-heading\"><strong>3.&nbsp;&nbsp; &nbsp;Pr\u00e1vo na v\u00fdmaz<\/strong><\/h3>\n\n\n\n<p>M\u00e1te pr\u00e1vo \u017eiada\u0165, aby strana Demokrati ukon\u010dila sprac\u00favanie a vymazala v\u0161etk va\u0161e osobn\u00e9 \u00fadaje, ak s\u00fa splnen\u00e9 podmienky stanoven\u00e9 GDPR. Najm\u00e4 v situ\u00e1ci\u00e1ch, kedy u\u017e\u00edvatelia odvolaj\u00fa udelen\u00fd s\u00fahlas alebo pominie \u00fa\u010del, na ktor\u00fd sa \u00fadaje sprac\u00favali.\u00a0<\/p>\n\n\n\n<h3 class=\"wp-block-heading\"><strong>4.&nbsp;&nbsp; &nbsp;Pr\u00e1vo na obmedzenie sprac\u00favania&nbsp;<\/strong><\/h3>\n\n\n\n<p>M\u00e1te pr\u00e1vo \u017eiada\u0165 obmedzenie sprac\u00favania \u00fadajov napr\u00edklad, ak je pochybnos\u0165 o spr\u00e1vnosti sprac\u00favania osobn\u00fdch \u00fadajov, a to na dobu umo\u017e\u0148uj\u00facu strane Demokrati overi\u0165 spr\u00e1vnos\u0165 osobn\u00fdch \u00fadajov.\u00a0<\/p>\n\n\n\n<h3 class=\"wp-block-heading\"><strong>5.&nbsp;&nbsp; &nbsp;Pr\u00e1vo na prenos<\/strong><\/h3>\n\n\n\n<p>M\u00e1te pr\u00e1vo \u017eiada\u0165 prenos osobn\u00fdch \u00fadajov, ktor\u00e9 s\u00fa sprac\u00favan\u00e9 v \u0161trukt\u00farovanom, be\u017ene pou\u017e\u00edvanom a strojovo \u010ditate\u013enom form\u00e1te a maj\u00fa pr\u00e1vo prenies\u0165 tieto \u00fadaje \u010fal\u0161iemu prev\u00e1dzkovate\u013eovi alebo pre seba. Uplatnenie tohto pr\u00e1va nem\u00e1 vplyv na poskytovanie slu\u017eieb.&nbsp;<\/p>\n\n\n\n<h3 class=\"wp-block-heading\"><strong>6.&nbsp;&nbsp; &nbsp;Pr\u00e1vo namieta\u0165<\/strong><\/h3>\n\n\n\n<p>M\u00e1te pr\u00e1vo namieta\u0165 z d\u00f4vodov:<br>a)\u00a0\u00a0 \u00a0sprac\u00favania osobn\u00fdch \u00fadajov na pr\u00e1vnom z\u00e1klade opr\u00e1vnen\u00e9ho z\u00e1ujmu, vr\u00e1tane namietania proti profilovaniu alebo plnenia \u00faloh vo verejnom z\u00e1ujme,<br>b)\u00a0\u00a0 \u00a0sprac\u00favania osobn\u00fdch \u00fadajov na \u00fa\u010dely priameho marketingu na pr\u00e1vnom z\u00e1klade opr\u00e1vnen\u00e9ho z\u00e1ujmu prev\u00e1dzkovate\u013ea.<\/p>\n\n\n\n<p>Nebudeme \u010falej sprac\u00fava\u0165 osobn\u00e9 \u00fadaje, pokia\u013e nepreuk\u00e1\u017eeme nevyhnutnos\u0165 sprac\u00favania testom proporcionality.<\/p>\n\n\n\n<h3 class=\"wp-block-heading\"><strong>7.&nbsp;&nbsp; &nbsp;Kontaktn\u00e9 \u00fadaje pre uplatnenie pr\u00e1v<\/strong><\/h3>\n\n\n\n<p>Pr\u00e1va m\u00f4\u017eete uplatni\u0165 aj prostredn\u00edctvom nami poverenej osoby: kontakt@smedemokrati.sk.<\/p>\n\n\n\n<h3 class=\"wp-block-heading\"><strong>8.&nbsp;&nbsp; &nbsp;Kontaktn\u00e9 \u00fadaje na dozorn\u00fd org\u00e1n<\/strong><\/h3>\n\n\n\n<p>M\u00e1te pr\u00e1vo sa obr\u00e1ti\u0165 so s\u0165a\u017enos\u0165ou na sprac\u00favanie Va\u0161ich osobn\u00fdch \u00fadajov na \u00darad na ochranu osobn\u00fdch \u00fadajov:<\/p>\n\n\n\n<p><strong>\u00darad na ochranu osobn\u00fdch \u00fadajov Slovenskej republiky<\/strong><br>Hrani\u010dn\u00e1 12<br>820 07, Bratislava 27<br>Slovensk\u00e1 republika<br>I\u010cO: 36064220<br>email: <a href=\"mailto:statny.dozor@pdp.gov.sk\">statny.dozor@pdp.gov.sk<\/a><\/p>\n\n\n\n<h2 class=\"wp-block-heading\">D. Dopl\u0148uj\u00face inform\u00e1cie<\/h2>\n\n\n\n<h3 class=\"wp-block-heading\"><strong>1.&nbsp;&nbsp; &nbsp;Neplnenie z\u00e1konnej povinnosti<\/strong><\/h3>\n\n\n\n<p>Poskytovanie osobn\u00fdch \u00fadajov v zmysle t\u00fdchto Z\u00e1sad sprac\u00favania osobn\u00fdch \u00fadajov nie je plnen\u00edm z\u00e1konnej po\u017eiadavky pod\u013ea GDPR alebo osobitn\u00e9ho z\u00e1kona.<\/p>\n\n\n\n<h3 class=\"wp-block-heading\"><strong>2.&nbsp;&nbsp; &nbsp;Opr\u00e1vnen\u00fd z\u00e1ujem<\/strong><\/h3>\n\n\n\n<p>Strana\u00a0Demokrati sprac\u00fava osobn\u00e9 \u00fadaje na z\u00e1klade opr\u00e1vnen\u00e9ho z\u00e1ujmu pri zabezpe\u010dovan\u00ed svojej \u010dinnosti, komunik\u00e1cii so \u017eiadate\u013emmi o kontakt, sympatizantmi, darcami a zabezpe\u010den\u00ed bezpe\u010dnosti osobn\u00fdch \u00fadajov. Opr\u00e1vnen\u00fd z\u00e1uje spo\u010d\u00edva \u010falej aj:<br>&#8211;\u00a0\u00a0 \u00a0v ochrane \u017eiadate\u013eov o kontakt, sympatizantov a darcov pred nekal\u00fdmi praktikami,<br>&#8211;\u00a0\u00a0 \u00a0v zabezpe\u010den\u00ed s\u00faladu s po\u017eiadavkami v\u0161eobecne z\u00e1v\u00e4zn\u00fdmi pr\u00e1vnych predpisov v SR.<br><\/p>\n","protected":false},"excerpt":{"rendered":"<p>v s\u00falade s \u010dl\u00e1nkom 13 a s\u00favisiacich Nariadenia Eur\u00f3pskeho parlamentu a Rady (E\u00da) 2016\/679 z 27. apr\u00edla 2016 o ochrane fyzick\u00fdch os\u00f4b pri sprac\u00favan\u00ed osobn\u00fdch \u00fadajov a o vo\u013enom pohybe tak\u00fdchto \u00fadajov, ktor\u00fdm sa zru\u0161uje smernica 95\/46\/ES (\u201e\u010falej len nariadenie GDPR\u201c). Z\u00e1sady sprac\u00favania osobn\u00fdch \u00fadajov poskytuj\u00fa kompletn\u00fd a vy\u010derp\u00e1vaj\u00faci preh\u013ead tak povinne poskytovan\u00fdch inform\u00e1cii ako [&hellip;]<\/p>\n","protected":false},"author":1,"featured_media":0,"parent":0,"menu_order":0,"comment_status":"closed","ping_status":"closed","template":"","meta":{"_acf_changed":false,"ngg_post_thumbnail":0,"footnotes":""},"class_list":["post-233","page","type-page","status-publish","hentry"],"acf":[],"yoast_head":"<!-- This site is optimized with the Yoast SEO plugin v27.2 - https:\/\/yoast.com\/product\/yoast-seo-wordpress\/ -->\n<title>Z\u00e1sady sprac\u00favania osobn\u00fdch \u00fadajov - Smedemokrati.sk<\/title>\n<meta name=\"robots\" content=\"index, follow, max-snippet:-1, max-image-preview:large, max-video-preview:-1\" \/>\n<link rel=\"canonical\" href=\"https:\/\/www.smedemokrati.sk\/cs\/zasady-spracuvania-osobnych-udajov\/\" \/>\n<meta property=\"og:locale\" content=\"cs_CZ\" \/>\n<meta property=\"og:locale:alternate\" content=\"en_US\" \/>\n<meta property=\"og:locale:alternate\" content=\"hu_HU\" \/>\n<meta property=\"og:locale:alternate\" content=\"sk_SK\" \/>\n<meta property=\"og:locale:alternate\" content=\"sv_SE\" \/>\n<meta property=\"og:type\" content=\"article\" \/>\n<meta property=\"og:title\" content=\"Z\u00e1sady sprac\u00favania osobn\u00fdch \u00fadajov - Smedemokrati.sk\" \/>\n<meta property=\"og:description\" content=\"v s\u00falade s \u010dl\u00e1nkom 13 a s\u00favisiacich Nariadenia Eur\u00f3pskeho parlamentu a Rady (E\u00da) 2016\/679 z 27. apr\u00edla 2016 o ochrane fyzick\u00fdch os\u00f4b pri sprac\u00favan\u00ed osobn\u00fdch \u00fadajov a o vo\u013enom pohybe tak\u00fdchto \u00fadajov, ktor\u00fdm sa zru\u0161uje smernica 95\/46\/ES (\u201e\u010falej len nariadenie GDPR\u201c). Z\u00e1sady sprac\u00favania osobn\u00fdch \u00fadajov poskytuj\u00fa kompletn\u00fd a vy\u010derp\u00e1vaj\u00faci preh\u013ead tak povinne poskytovan\u00fdch inform\u00e1cii ako [&hellip;]\" \/>\n<meta property=\"og:url\" content=\"https:\/\/www.smedemokrati.sk\/cs\/zasady-spracuvania-osobnych-udajov\/\" \/>\n<meta property=\"og:site_name\" content=\"Smedemokrati.sk\" \/>\n<meta property=\"article:publisher\" content=\"https:\/\/www.facebook.com\/smedemokrati2023\" \/>\n<meta property=\"article:modified_time\" content=\"2023-04-13T20:52:46+00:00\" \/>\n<meta property=\"og:image\" content=\"https:\/\/www.smedemokrati.sk\/wp-content\/uploads\/2023\/04\/ff.004.jpeg\" \/>\n\t<meta property=\"og:image:width\" content=\"640\" \/>\n\t<meta property=\"og:image:height\" content=\"480\" \/>\n\t<meta property=\"og:image:type\" content=\"image\/jpeg\" \/>\n<meta name=\"twitter:card\" content=\"summary_large_image\" \/>\n<meta name=\"twitter:label1\" content=\"Odhadovan\u00e1 doba \u010dten\u00ed\" \/>\n\t<meta name=\"twitter:data1\" content=\"7 minut\" \/>\n<script type=\"application\/ld+json\" class=\"yoast-schema-graph\">{\"@context\":\"https:\/\/schema.org\",\"@graph\":[{\"@type\":\"WebPage\",\"@id\":\"https:\/\/www.smedemokrati.sk\/zasady-spracuvania-osobnych-udajov\/\",\"url\":\"https:\/\/www.smedemokrati.sk\/zasady-spracuvania-osobnych-udajov\/\",\"name\":\"Z\u00e1sady sprac\u00favania osobn\u00fdch \u00fadajov - Smedemokrati.sk\",\"isPartOf\":{\"@id\":\"https:\/\/www.smedemokrati.sk\/#website\"},\"datePublished\":\"2023-04-04T12:33:15+00:00\",\"dateModified\":\"2023-04-13T20:52:46+00:00\",\"breadcrumb\":{\"@id\":\"https:\/\/www.smedemokrati.sk\/zasady-spracuvania-osobnych-udajov\/#breadcrumb\"},\"inLanguage\":\"cs-CZ\",\"potentialAction\":[{\"@type\":\"ReadAction\",\"target\":[\"https:\/\/www.smedemokrati.sk\/zasady-spracuvania-osobnych-udajov\/\"]}]},{\"@type\":\"BreadcrumbList\",\"@id\":\"https:\/\/www.smedemokrati.sk\/zasady-spracuvania-osobnych-udajov\/#breadcrumb\",\"itemListElement\":[{\"@type\":\"ListItem\",\"position\":1,\"name\":\"Domovsk\u00e1 str\u00e1nka\",\"item\":\"https:\/\/www.smedemokrati.sk\/\"},{\"@type\":\"ListItem\",\"position\":2,\"name\":\"Z\u00e1sady sprac\u00favania osobn\u00fdch \u00fadajov\"}]},{\"@type\":\"WebSite\",\"@id\":\"https:\/\/www.smedemokrati.sk\/#website\",\"url\":\"https:\/\/www.smedemokrati.sk\/\",\"name\":\"Smedemokrati.sk\",\"description\":\"Demokracia a slu\u0161nos\u0165 zv\u00ed\u0165az\u00ed\",\"publisher\":{\"@id\":\"https:\/\/www.smedemokrati.sk\/#organization\"},\"potentialAction\":[{\"@type\":\"SearchAction\",\"target\":{\"@type\":\"EntryPoint\",\"urlTemplate\":\"https:\/\/www.smedemokrati.sk\/?s={search_term_string}\"},\"query-input\":{\"@type\":\"PropertyValueSpecification\",\"valueRequired\":true,\"valueName\":\"search_term_string\"}}],\"inLanguage\":\"cs-CZ\"},{\"@type\":\"Organization\",\"@id\":\"https:\/\/www.smedemokrati.sk\/#organization\",\"name\":\"Smedemokrati.sk\",\"url\":\"https:\/\/www.smedemokrati.sk\/\",\"logo\":{\"@type\":\"ImageObject\",\"inLanguage\":\"cs-CZ\",\"@id\":\"https:\/\/www.smedemokrati.sk\/#\/schema\/logo\/image\/\",\"url\":\"https:\/\/www.smedemokrati.sk\/wp-content\/uploads\/2023\/04\/ff.002.jpeg\",\"contentUrl\":\"https:\/\/www.smedemokrati.sk\/wp-content\/uploads\/2023\/04\/ff.002.jpeg\",\"width\":640,\"height\":480,\"caption\":\"Smedemokrati.sk\"},\"image\":{\"@id\":\"https:\/\/www.smedemokrati.sk\/#\/schema\/logo\/image\/\"},\"sameAs\":[\"https:\/\/www.facebook.com\/smedemokrati2023\"]}]}<\/script>\n<!-- \/ Yoast SEO plugin. -->","yoast_head_json":{"title":"Z\u00e1sady sprac\u00favania osobn\u00fdch \u00fadajov - Smedemokrati.sk","robots":{"index":"index","follow":"follow","max-snippet":"max-snippet:-1","max-image-preview":"max-image-preview:large","max-video-preview":"max-video-preview:-1"},"canonical":"https:\/\/www.smedemokrati.sk\/cs\/zasady-spracuvania-osobnych-udajov\/","og_locale":"cs_CZ","og_type":"article","og_title":"Z\u00e1sady sprac\u00favania osobn\u00fdch \u00fadajov - Smedemokrati.sk","og_description":"v s\u00falade s \u010dl\u00e1nkom 13 a s\u00favisiacich Nariadenia Eur\u00f3pskeho parlamentu a Rady (E\u00da) 2016\/679 z 27. apr\u00edla 2016 o ochrane fyzick\u00fdch os\u00f4b pri sprac\u00favan\u00ed osobn\u00fdch \u00fadajov a o vo\u013enom pohybe tak\u00fdchto \u00fadajov, ktor\u00fdm sa zru\u0161uje smernica 95\/46\/ES (\u201e\u010falej len nariadenie GDPR\u201c). Z\u00e1sady sprac\u00favania osobn\u00fdch \u00fadajov poskytuj\u00fa kompletn\u00fd a vy\u010derp\u00e1vaj\u00faci preh\u013ead tak povinne poskytovan\u00fdch inform\u00e1cii ako [&hellip;]","og_url":"https:\/\/www.smedemokrati.sk\/cs\/zasady-spracuvania-osobnych-udajov\/","og_site_name":"Smedemokrati.sk","article_publisher":"https:\/\/www.facebook.com\/smedemokrati2023","article_modified_time":"2023-04-13T20:52:46+00:00","og_image":[{"width":640,"height":480,"url":"https:\/\/www.smedemokrati.sk\/wp-content\/uploads\/2023\/04\/ff.004.jpeg","type":"image\/jpeg"}],"twitter_card":"summary_large_image","twitter_misc":{"Odhadovan\u00e1 doba \u010dten\u00ed":"7 minut"},"schema":{"@context":"https:\/\/schema.org","@graph":[{"@type":"WebPage","@id":"https:\/\/www.smedemokrati.sk\/zasady-spracuvania-osobnych-udajov\/","url":"https:\/\/www.smedemokrati.sk\/zasady-spracuvania-osobnych-udajov\/","name":"Z\u00e1sady sprac\u00favania osobn\u00fdch \u00fadajov - Smedemokrati.sk","isPartOf":{"@id":"https:\/\/www.smedemokrati.sk\/#website"},"datePublished":"2023-04-04T12:33:15+00:00","dateModified":"2023-04-13T20:52:46+00:00","breadcrumb":{"@id":"https:\/\/www.smedemokrati.sk\/zasady-spracuvania-osobnych-udajov\/#breadcrumb"},"inLanguage":"cs-CZ","potentialAction":[{"@type":"ReadAction","target":["https:\/\/www.smedemokrati.sk\/zasady-spracuvania-osobnych-udajov\/"]}]},{"@type":"BreadcrumbList","@id":"https:\/\/www.smedemokrati.sk\/zasady-spracuvania-osobnych-udajov\/#breadcrumb","itemListElement":[{"@type":"ListItem","position":1,"name":"Domovsk\u00e1 str\u00e1nka","item":"https:\/\/www.smedemokrati.sk\/"},{"@type":"ListItem","position":2,"name":"Z\u00e1sady sprac\u00favania osobn\u00fdch \u00fadajov"}]},{"@type":"WebSite","@id":"https:\/\/www.smedemokrati.sk\/#website","url":"https:\/\/www.smedemokrati.sk\/","name":"Smedemokrati.sk","description":"Demokracia a slu\u0161nos\u0165 zv\u00ed\u0165az\u00ed","publisher":{"@id":"https:\/\/www.smedemokrati.sk\/#organization"},"potentialAction":[{"@type":"SearchAction","target":{"@type":"EntryPoint","urlTemplate":"https:\/\/www.smedemokrati.sk\/?s={search_term_string}"},"query-input":{"@type":"PropertyValueSpecification","valueRequired":true,"valueName":"search_term_string"}}],"inLanguage":"cs-CZ"},{"@type":"Organization","@id":"https:\/\/www.smedemokrati.sk\/#organization","name":"Smedemokrati.sk","url":"https:\/\/www.smedemokrati.sk\/","logo":{"@type":"ImageObject","inLanguage":"cs-CZ","@id":"https:\/\/www.smedemokrati.sk\/#\/schema\/logo\/image\/","url":"https:\/\/www.smedemokrati.sk\/wp-content\/uploads\/2023\/04\/ff.002.jpeg","contentUrl":"https:\/\/www.smedemokrati.sk\/wp-content\/uploads\/2023\/04\/ff.002.jpeg","width":640,"height":480,"caption":"Smedemokrati.sk"},"image":{"@id":"https:\/\/www.smedemokrati.sk\/#\/schema\/logo\/image\/"},"sameAs":["https:\/\/www.facebook.com\/smedemokrati2023"]}]}},"_links":{"self":[{"href":"https:\/\/www.smedemokrati.sk\/cs\/wp-json\/wp\/v2\/pages\/233","targetHints":{"allow":["GET"]}}],"collection":[{"href":"https:\/\/www.smedemokrati.sk\/cs\/wp-json\/wp\/v2\/pages"}],"about":[{"href":"https:\/\/www.smedemokrati.sk\/cs\/wp-json\/wp\/v2\/types\/page"}],"author":[{"embeddable":true,"href":"https:\/\/www.smedemokrati.sk\/cs\/wp-json\/wp\/v2\/users\/1"}],"replies":[{"embeddable":true,"href":"https:\/\/www.smedemokrati.sk\/cs\/wp-json\/wp\/v2\/comments?post=233"}],"version-history":[{"count":0,"href":"https:\/\/www.smedemokrati.sk\/cs\/wp-json\/wp\/v2\/pages\/233\/revisions"}],"wp:attachment":[{"href":"https:\/\/www.smedemokrati.sk\/cs\/wp-json\/wp\/v2\/media?parent=233"}],"curies":[{"name":"wp","href":"https:\/\/api.w.org\/{rel}","templated":true}]}}