{"version":"1.0","provider_name":"Smedemokrati.sk","provider_url":"https:\/\/www.smedemokrati.sk\/cs","author_name":"miro.sopko","author_url":"https:\/\/www.smedemokrati.sk\/cs\/author\/miro-sopko\/","title":"\u017diados\u0165 na ministerstvo kult\u00fary - Smedemokrati.sk","type":"rich","width":600,"height":338,"html":"<blockquote class=\"wp-embedded-content\" data-secret=\"o1bGgqmWWx\"><a href=\"https:\/\/www.smedemokrati.sk\/cs\/ziadost-na-ministerstvo-kultury\/\">\u017diados\u0165 na ministerstvo kult\u00fary<\/a><\/blockquote><iframe sandbox=\"allow-scripts\" security=\"restricted\" src=\"https:\/\/www.smedemokrati.sk\/cs\/ziadost-na-ministerstvo-kultury\/embed\/#?secret=o1bGgqmWWx\" width=\"600\" height=\"338\" title=\"&#8222;\u017diados\u0165 na ministerstvo kult\u00fary&#8220; &#8212; Smedemokrati.sk\" data-secret=\"o1bGgqmWWx\" frameborder=\"0\" marginwidth=\"0\" marginheight=\"0\" scrolling=\"no\" class=\"wp-embedded-content\"><\/iframe><script type=\"text\/javascript\">\n\/* <![CDATA[ *\/\n\/*! This file is auto-generated *\/\n!function(d,l){\"use strict\";l.querySelector&&d.addEventListener&&\"undefined\"!=typeof URL&&(d.wp=d.wp||{},d.wp.receiveEmbedMessage||(d.wp.receiveEmbedMessage=function(e){var t=e.data;if((t||t.secret||t.message||t.value)&&!\/[^a-zA-Z0-9]\/.test(t.secret)){for(var s,r,n,a=l.querySelectorAll('iframe[data-secret=\"'+t.secret+'\"]'),o=l.querySelectorAll('blockquote[data-secret=\"'+t.secret+'\"]'),c=new RegExp(\"^https?:$\",\"i\"),i=0;i<o.length;i++)o[i].style.display=\"none\";for(i=0;i<a.length;i++)s=a[i],e.source===s.contentWindow&&(s.removeAttribute(\"style\"),\"height\"===t.message?(1e3<(r=parseInt(t.value,10))?r=1e3:~~r<200&&(r=200),s.height=r):\"link\"===t.message&&(r=new URL(s.getAttribute(\"src\")),n=new URL(t.value),c.test(n.protocol))&&n.host===r.host&&l.activeElement===s&&(d.top.location.href=t.value))}},d.addEventListener(\"message\",d.wp.receiveEmbedMessage,!1),l.addEventListener(\"DOMContentLoaded\",function(){for(var e,t,s=l.querySelectorAll(\"iframe.wp-embedded-content\"),r=0;r<s.length;r++)(t=(e=s[r]).getAttribute(\"data-secret\"))||(t=Math.random().toString(36).substring(2,12),e.src+=\"#?secret=\"+t,e.setAttribute(\"data-secret\",t)),e.contentWindow.postMessage({message:\"ready\",secret:t},\"*\")},!1)))}(window,document);\n\/\/# sourceURL=https:\/\/www.smedemokrati.sk\/wp-includes\/js\/wp-embed.min.js\n\/* ]]> *\/\n<\/script>\n","thumbnail_url":"https:\/\/www.smedemokrati.sk\/wp-content\/uploads\/2024\/04\/castle-5813952_1280.jpg","thumbnail_width":1280,"thumbnail_height":853,"description":"Chceme V\u00e1s informova\u0165, \u017ee strana Demokrati ofici\u00e1lne po\u017eiadala Ministerstvo kult\u00fary SR o priestory v ka\u0161tieli v Budmericiach na organiz\u00e1ciu podujatia s n\u00e1zvom: \u201cSnaha o legislat\u00edvnu normaliz\u00e1ciu v RTVS\u201d. Ver\u00edme v skor\u00fa odpove\u010f zo strany MK SR, o v\u00fdsledku v\u00e1s budeme samozrejme informova\u0165."}