{"version":"1.0","provider_name":"Smedemokrati.sk","provider_url":"https:\/\/www.smedemokrati.sk\/cs","author_name":"miro.sopko","author_url":"https:\/\/www.smedemokrati.sk\/cs\/author\/miro-sopko\/","title":"Vyvraciame Tarabov\u00e9 klamstv\u00e1 o Gab\u010d\u00edkove - Smedemokrati.sk","type":"rich","width":600,"height":338,"html":"<blockquote class=\"wp-embedded-content\" data-secret=\"vgu2e7NLFY\"><a href=\"https:\/\/www.smedemokrati.sk\/cs\/vyvraciame-tarabove-klamstva-o-gabcikove\/\">Vyvraciame Tarabov\u00e9 klamstv\u00e1 o Gab\u010d\u00edkove<\/a><\/blockquote><iframe sandbox=\"allow-scripts\" security=\"restricted\" src=\"https:\/\/www.smedemokrati.sk\/cs\/vyvraciame-tarabove-klamstva-o-gabcikove\/embed\/#?secret=vgu2e7NLFY\" width=\"600\" height=\"338\" title=\"&#8222;Vyvraciame Tarabov\u00e9 klamstv\u00e1 o Gab\u010d\u00edkove&#8220; &#8212; Smedemokrati.sk\" data-secret=\"vgu2e7NLFY\" frameborder=\"0\" marginwidth=\"0\" marginheight=\"0\" scrolling=\"no\" class=\"wp-embedded-content\"><\/iframe><script type=\"text\/javascript\">\n\/* <![CDATA[ *\/\n\/*! This file is auto-generated *\/\n!function(d,l){\"use strict\";l.querySelector&&d.addEventListener&&\"undefined\"!=typeof URL&&(d.wp=d.wp||{},d.wp.receiveEmbedMessage||(d.wp.receiveEmbedMessage=function(e){var t=e.data;if((t||t.secret||t.message||t.value)&&!\/[^a-zA-Z0-9]\/.test(t.secret)){for(var s,r,n,a=l.querySelectorAll('iframe[data-secret=\"'+t.secret+'\"]'),o=l.querySelectorAll('blockquote[data-secret=\"'+t.secret+'\"]'),c=new RegExp(\"^https?:$\",\"i\"),i=0;i<o.length;i++)o[i].style.display=\"none\";for(i=0;i<a.length;i++)s=a[i],e.source===s.contentWindow&&(s.removeAttribute(\"style\"),\"height\"===t.message?(1e3<(r=parseInt(t.value,10))?r=1e3:~~r<200&&(r=200),s.height=r):\"link\"===t.message&&(r=new URL(s.getAttribute(\"src\")),n=new URL(t.value),c.test(n.protocol))&&n.host===r.host&&l.activeElement===s&&(d.top.location.href=t.value))}},d.addEventListener(\"message\",d.wp.receiveEmbedMessage,!1),l.addEventListener(\"DOMContentLoaded\",function(){for(var e,t,s=l.querySelectorAll(\"iframe.wp-embedded-content\"),r=0;r<s.length;r++)(t=(e=s[r]).getAttribute(\"data-secret\"))||(t=Math.random().toString(36).substring(2,12),e.src+=\"#?secret=\"+t,e.setAttribute(\"data-secret\",t)),e.contentWindow.postMessage({message:\"ready\",secret:t},\"*\")},!1)))}(window,document);\n\/\/# sourceURL=https:\/\/www.smedemokrati.sk\/wp-includes\/js\/wp-embed.min.js\n\/* ]]> *\/\n<\/script>\n","thumbnail_url":"https:\/\/www.smedemokrati.sk\/wp-content\/uploads\/2025\/06\/gabcikovo.jpg","thumbnail_width":1457,"thumbnail_height":820,"description":"Reagujeme na ned\u00e1vne tvrdenia ministra \u017eivotn\u00e9ho prostredia Tom\u00e1\u0161a\u202fTarabu, ktor\u00fd sa sna\u017e\u00ed ob\u010danov oklama\u0165, \u017ee Slovensko je zaviazan\u00e9 odovzd\u00e1va\u0165 elektrinu Ma\u010farsku. Odvol\u00e1va sa na s\u00fad Haagu, ale ten vo svojom rozsudku ni\u010d tak\u00e9 netvrd\u00ed &#8211; jeho z\u00e1verom je, aby strany rokovali v dobrej viere. Robert Fico s Tom\u00e1\u0161 Tarabom vedome \u0161kodia energetick\u00fdm z\u00e1ujmom Slovenska a m\u00f4\u017eeme [&hellip;]"}