{"version":"1.0","provider_name":"Smedemokrati.sk","provider_url":"https:\/\/www.smedemokrati.sk\/cs","author_name":"miro.sopko","author_url":"https:\/\/www.smedemokrati.sk\/cs\/author\/miro-sopko\/","title":"Vl\u00e1da stratila v parlamente v\u00e4\u010d\u0161inu - vyz\u00fdvame na hlasovanie o jej d\u00f4vere - Smedemokrati.sk","type":"rich","width":600,"height":338,"html":"<blockquote class=\"wp-embedded-content\" data-secret=\"I4BWlyvY6b\"><a href=\"https:\/\/www.smedemokrati.sk\/cs\/vlada-stratila-v-parlamente-vacsinu-vy\/\">Vl\u00e1da stratila v parlamente v\u00e4\u010d\u0161inu &#8211; vyz\u00fdvame na hlasovanie o jej d\u00f4vere<\/a><\/blockquote><iframe sandbox=\"allow-scripts\" security=\"restricted\" src=\"https:\/\/www.smedemokrati.sk\/cs\/vlada-stratila-v-parlamente-vacsinu-vy\/embed\/#?secret=I4BWlyvY6b\" width=\"600\" height=\"338\" title=\"&#8222;Vl\u00e1da stratila v parlamente v\u00e4\u010d\u0161inu &#8211; vyz\u00fdvame na hlasovanie o jej d\u00f4vere&#8220; &#8212; Smedemokrati.sk\" data-secret=\"I4BWlyvY6b\" frameborder=\"0\" marginwidth=\"0\" marginheight=\"0\" scrolling=\"no\" class=\"wp-embedded-content\"><\/iframe><script type=\"text\/javascript\">\n\/* <![CDATA[ *\/\n\/*! This file is auto-generated *\/\n!function(d,l){\"use strict\";l.querySelector&&d.addEventListener&&\"undefined\"!=typeof URL&&(d.wp=d.wp||{},d.wp.receiveEmbedMessage||(d.wp.receiveEmbedMessage=function(e){var t=e.data;if((t||t.secret||t.message||t.value)&&!\/[^a-zA-Z0-9]\/.test(t.secret)){for(var s,r,n,a=l.querySelectorAll('iframe[data-secret=\"'+t.secret+'\"]'),o=l.querySelectorAll('blockquote[data-secret=\"'+t.secret+'\"]'),c=new RegExp(\"^https?:$\",\"i\"),i=0;i<o.length;i++)o[i].style.display=\"none\";for(i=0;i<a.length;i++)s=a[i],e.source===s.contentWindow&&(s.removeAttribute(\"style\"),\"height\"===t.message?(1e3<(r=parseInt(t.value,10))?r=1e3:~~r<200&&(r=200),s.height=r):\"link\"===t.message&&(r=new URL(s.getAttribute(\"src\")),n=new URL(t.value),c.test(n.protocol))&&n.host===r.host&&l.activeElement===s&&(d.top.location.href=t.value))}},d.addEventListener(\"message\",d.wp.receiveEmbedMessage,!1),l.addEventListener(\"DOMContentLoaded\",function(){for(var e,t,s=l.querySelectorAll(\"iframe.wp-embedded-content\"),r=0;r<s.length;r++)(t=(e=s[r]).getAttribute(\"data-secret\"))||(t=Math.random().toString(36).substring(2,12),e.src+=\"#?secret=\"+t,e.setAttribute(\"data-secret\",t)),e.contentWindow.postMessage({message:\"ready\",secret:t},\"*\")},!1)))}(window,document);\n\/\/# sourceURL=https:\/\/www.smedemokrati.sk\/wp-includes\/js\/wp-embed.min.js\n\/* ]]> *\/\n<\/script>\n","thumbnail_url":"https:\/\/www.smedemokrati.sk\/wp-content\/uploads\/2024\/09\/stacilofica.jpg","thumbnail_width":1592,"thumbnail_height":739,"description":"Primit\u00edvna h\u00e1dka o stran\u00edcke fleky v ochrane pr\u00edrody paralyzuje \u010dinnos\u0165 n\u00e1rodnej rady. Vl\u00e1dna koal\u00edcia v d\u00f4sledku sporu medzi Huliakom s Tarabom a Dankom stratila v t\u00fdchto d\u0148och parlamentn\u00fa v\u00e4\u010d\u0161inu. Vyz\u00fdvame na jedin\u00e9 \u010dist\u00e9 rie\u0161enie: hlasovanie o d\u00f4vere vl\u00e1dy, ku ktor\u00e9mu je poslanec \u013dubom\u00edr Galko pripraven\u00fd pripoji\u0165 svoj podpis. O\u010dak\u00e1vame toti\u017e kup\u010denie s hlasmi a \u0161pinav\u00e9 [&hellip;]"}