{"version":"1.0","provider_name":"Smedemokrati.sk","provider_url":"https:\/\/www.smedemokrati.sk\/cs","author_name":"miro.sopko","author_url":"https:\/\/www.smedemokrati.sk\/cs\/author\/miro-sopko\/","title":"Taraba pri memorande k PVE M\u00e1linec oklamal ob\u010danov - Smedemokrati.sk","type":"rich","width":600,"height":338,"html":"<blockquote class=\"wp-embedded-content\" data-secret=\"9CEYzSAzlb\"><a href=\"https:\/\/www.smedemokrati.sk\/cs\/taraba-pri-memorande-k-pve-malinec-oklamal-obcanov\/\">Taraba pri memorande k PVE M\u00e1linec oklamal ob\u010danov<\/a><\/blockquote><iframe sandbox=\"allow-scripts\" security=\"restricted\" src=\"https:\/\/www.smedemokrati.sk\/cs\/taraba-pri-memorande-k-pve-malinec-oklamal-obcanov\/embed\/#?secret=9CEYzSAzlb\" width=\"600\" height=\"338\" title=\"&#8222;Taraba pri memorande k PVE M\u00e1linec oklamal ob\u010danov&#8220; &#8212; Smedemokrati.sk\" data-secret=\"9CEYzSAzlb\" frameborder=\"0\" marginwidth=\"0\" marginheight=\"0\" scrolling=\"no\" class=\"wp-embedded-content\"><\/iframe><script type=\"text\/javascript\">\n\/* <![CDATA[ *\/\n\/*! This file is auto-generated *\/\n!function(d,l){\"use strict\";l.querySelector&&d.addEventListener&&\"undefined\"!=typeof URL&&(d.wp=d.wp||{},d.wp.receiveEmbedMessage||(d.wp.receiveEmbedMessage=function(e){var t=e.data;if((t||t.secret||t.message||t.value)&&!\/[^a-zA-Z0-9]\/.test(t.secret)){for(var s,r,n,a=l.querySelectorAll('iframe[data-secret=\"'+t.secret+'\"]'),o=l.querySelectorAll('blockquote[data-secret=\"'+t.secret+'\"]'),c=new RegExp(\"^https?:$\",\"i\"),i=0;i<o.length;i++)o[i].style.display=\"none\";for(i=0;i<a.length;i++)s=a[i],e.source===s.contentWindow&&(s.removeAttribute(\"style\"),\"height\"===t.message?(1e3<(r=parseInt(t.value,10))?r=1e3:~~r<200&&(r=200),s.height=r):\"link\"===t.message&&(r=new URL(s.getAttribute(\"src\")),n=new URL(t.value),c.test(n.protocol))&&n.host===r.host&&l.activeElement===s&&(d.top.location.href=t.value))}},d.addEventListener(\"message\",d.wp.receiveEmbedMessage,!1),l.addEventListener(\"DOMContentLoaded\",function(){for(var e,t,s=l.querySelectorAll(\"iframe.wp-embedded-content\"),r=0;r<s.length;r++)(t=(e=s[r]).getAttribute(\"data-secret\"))||(t=Math.random().toString(36).substring(2,12),e.src+=\"#?secret=\"+t,e.setAttribute(\"data-secret\",t)),e.contentWindow.postMessage({message:\"ready\",secret:t},\"*\")},!1)))}(window,document);\n\/\/# sourceURL=https:\/\/www.smedemokrati.sk\/wp-includes\/js\/wp-embed.min.js\n\/* ]]> *\/\n<\/script>\n","thumbnail_url":"https:\/\/www.smedemokrati.sk\/wp-content\/uploads\/2024\/03\/robert-fico-tomas-taraba-clanokW-1.jpg","thumbnail_width":800,"thumbnail_height":448,"description":"Memorandum medzi \u0161t\u00e1tom a dotknut\u00fdmi samospr\u00e1vami, ktor\u00e9 dnes schv\u00e1lila vl\u00e1da, pova\u017eujeme za mimoriadne nev\u00fdhodn\u00e9 pre dotknut\u00e9 obce. Starostovia spravili ve\u013ek\u00fa chybu a podcenili \u013estivos\u0165 Tom\u00e1\u0161a Tarabu. K\u00fdm obce s\u00fahlasili prakticky so v\u0161etk\u00fdmi po\u017eiadavkami Vodohospod\u00e1rskej v\u00fdstavby, na opl\u00e1tku dostali len nekonkr\u00e9tne s\u013euby. Memorandum nezabr\u00e1ni v\u00fdstavbe hlbinn\u00e9ho \u00falo\u017eiska, z\u00e1v\u00e4zok nepretr\u017eit\u00e9ho z\u00e1sobovania pitnou vodou bol vyvr\u00e1ten\u00fd samotnou Vodohospod\u00e1rskou [&hellip;]"}