{"version":"1.0","provider_name":"Smedemokrati.sk","provider_url":"https:\/\/www.smedemokrati.sk\/cs","author_name":"Tom\u00e1\u0161 Koppl","author_url":"https:\/\/www.smedemokrati.sk\/cs\/author\/tomaskoppl\/","title":"Strana \u0160anca schv\u00e1lila zl\u00fa\u010denie s Demokratmi - Smedemokrati.sk","type":"rich","width":600,"height":338,"html":"<blockquote class=\"wp-embedded-content\" data-secret=\"cENydcEI28\"><a href=\"https:\/\/www.smedemokrati.sk\/cs\/strana-sanca-schvalila-zlucenie-s-demokratmi\/\">Strana \u0160anca schv\u00e1lila zl\u00fa\u010denie s Demokratmi<\/a><\/blockquote><iframe sandbox=\"allow-scripts\" security=\"restricted\" src=\"https:\/\/www.smedemokrati.sk\/cs\/strana-sanca-schvalila-zlucenie-s-demokratmi\/embed\/#?secret=cENydcEI28\" width=\"600\" height=\"338\" title=\"&#8222;Strana \u0160anca schv\u00e1lila zl\u00fa\u010denie s Demokratmi&#8220; &#8212; Smedemokrati.sk\" data-secret=\"cENydcEI28\" frameborder=\"0\" marginwidth=\"0\" marginheight=\"0\" scrolling=\"no\" class=\"wp-embedded-content\"><\/iframe><script type=\"text\/javascript\">\n\/* <![CDATA[ *\/\n\/*! This file is auto-generated *\/\n!function(d,l){\"use strict\";l.querySelector&&d.addEventListener&&\"undefined\"!=typeof URL&&(d.wp=d.wp||{},d.wp.receiveEmbedMessage||(d.wp.receiveEmbedMessage=function(e){var t=e.data;if((t||t.secret||t.message||t.value)&&!\/[^a-zA-Z0-9]\/.test(t.secret)){for(var s,r,n,a=l.querySelectorAll('iframe[data-secret=\"'+t.secret+'\"]'),o=l.querySelectorAll('blockquote[data-secret=\"'+t.secret+'\"]'),c=new RegExp(\"^https?:$\",\"i\"),i=0;i<o.length;i++)o[i].style.display=\"none\";for(i=0;i<a.length;i++)s=a[i],e.source===s.contentWindow&&(s.removeAttribute(\"style\"),\"height\"===t.message?(1e3<(r=parseInt(t.value,10))?r=1e3:~~r<200&&(r=200),s.height=r):\"link\"===t.message&&(r=new URL(s.getAttribute(\"src\")),n=new URL(t.value),c.test(n.protocol))&&n.host===r.host&&l.activeElement===s&&(d.top.location.href=t.value))}},d.addEventListener(\"message\",d.wp.receiveEmbedMessage,!1),l.addEventListener(\"DOMContentLoaded\",function(){for(var e,t,s=l.querySelectorAll(\"iframe.wp-embedded-content\"),r=0;r<s.length;r++)(t=(e=s[r]).getAttribute(\"data-secret\"))||(t=Math.random().toString(36).substring(2,12),e.src+=\"#?secret=\"+t,e.setAttribute(\"data-secret\",t)),e.contentWindow.postMessage({message:\"ready\",secret:t},\"*\")},!1)))}(window,document);\n\/\/# sourceURL=https:\/\/www.smedemokrati.sk\/wp-includes\/js\/wp-embed.min.js\n\/* ]]> *\/\n<\/script>\n","thumbnail_url":"https:\/\/www.smedemokrati.sk\/wp-content\/uploads\/2024\/02\/image0-1.jpeg","thumbnail_width":1920,"thumbnail_height":1440,"description":"Na kongrese strany \u0160anca v\u00a0Banskej Bystrici schv\u00e1lili deleg\u00e1ti jednohlasne zl\u00fa\u010denie so stranou Demokrati. To mus\u00ed by\u0165 e\u0161te form\u00e1lne ods\u00fahlasen\u00e9 Demokratmi, stane sa tak na najbli\u017e\u0161om sneme strany. Strany spolupracuj\u00fa u\u017e od ostatn\u00fdch parlamentn\u00fdch volieb, pri\u010dom pr\u00e1ve \u0160anca&nbsp;bola jednou z&nbsp;piatich str\u00e1n, ktor\u00e9 kandidovali spolo\u010dne na kandid\u00e1tke Demokratov.&nbsp;\u201eNa\u0161a doteraj\u0161ia spolupr\u00e1ca bola intenz\u00edvna, odborn\u00e1 a te\u0161\u00ed ma, \u017ee [&hellip;]"}