{"version":"1.0","provider_name":"Smedemokrati.sk","provider_url":"https:\/\/www.smedemokrati.sk\/cs","author_name":"miro.sopko","author_url":"https:\/\/www.smedemokrati.sk\/cs\/author\/miro-sopko\/","title":"Stanovisko k prv\u00e9mu roku P. Pellegriniho vo funkcii - Smedemokrati.sk","type":"rich","width":600,"height":338,"html":"<blockquote class=\"wp-embedded-content\" data-secret=\"Nny2TB1PyE\"><a href=\"https:\/\/www.smedemokrati.sk\/cs\/stanovisko-k-prvemu-roku-p-pellegriniho-vo-funkcii\/\">Stanovisko k prv\u00e9mu roku P. Pellegriniho vo funkcii<\/a><\/blockquote><iframe sandbox=\"allow-scripts\" security=\"restricted\" src=\"https:\/\/www.smedemokrati.sk\/cs\/stanovisko-k-prvemu-roku-p-pellegriniho-vo-funkcii\/embed\/#?secret=Nny2TB1PyE\" width=\"600\" height=\"338\" title=\"&#8222;Stanovisko k prv\u00e9mu roku P. Pellegriniho vo funkcii&#8220; &#8212; Smedemokrati.sk\" data-secret=\"Nny2TB1PyE\" frameborder=\"0\" marginwidth=\"0\" marginheight=\"0\" scrolling=\"no\" class=\"wp-embedded-content\"><\/iframe><script type=\"text\/javascript\">\n\/* <![CDATA[ *\/\n\/*! This file is auto-generated *\/\n!function(d,l){\"use strict\";l.querySelector&&d.addEventListener&&\"undefined\"!=typeof URL&&(d.wp=d.wp||{},d.wp.receiveEmbedMessage||(d.wp.receiveEmbedMessage=function(e){var t=e.data;if((t||t.secret||t.message||t.value)&&!\/[^a-zA-Z0-9]\/.test(t.secret)){for(var s,r,n,a=l.querySelectorAll('iframe[data-secret=\"'+t.secret+'\"]'),o=l.querySelectorAll('blockquote[data-secret=\"'+t.secret+'\"]'),c=new RegExp(\"^https?:$\",\"i\"),i=0;i<o.length;i++)o[i].style.display=\"none\";for(i=0;i<a.length;i++)s=a[i],e.source===s.contentWindow&&(s.removeAttribute(\"style\"),\"height\"===t.message?(1e3<(r=parseInt(t.value,10))?r=1e3:~~r<200&&(r=200),s.height=r):\"link\"===t.message&&(r=new URL(s.getAttribute(\"src\")),n=new URL(t.value),c.test(n.protocol))&&n.host===r.host&&l.activeElement===s&&(d.top.location.href=t.value))}},d.addEventListener(\"message\",d.wp.receiveEmbedMessage,!1),l.addEventListener(\"DOMContentLoaded\",function(){for(var e,t,s=l.querySelectorAll(\"iframe.wp-embedded-content\"),r=0;r<s.length;r++)(t=(e=s[r]).getAttribute(\"data-secret\"))||(t=Math.random().toString(36).substring(2,12),e.src+=\"#?secret=\"+t,e.setAttribute(\"data-secret\",t)),e.contentWindow.postMessage({message:\"ready\",secret:t},\"*\")},!1)))}(window,document);\n\/\/# sourceURL=https:\/\/www.smedemokrati.sk\/wp-includes\/js\/wp-embed.min.js\n\/* ]]> *\/\n<\/script>\n","thumbnail_url":"https:\/\/www.smedemokrati.sk\/wp-content\/uploads\/2025\/05\/pellegrini.webp","thumbnail_width":1680,"thumbnail_height":1260,"description":"Prezident m\u00e1 by\u0165 hlasom rozvahy, \u00fastavnosti a ochrany demokracie, m\u00e1 by\u0165 prezidentom v\u0161etk\u00fdch ob\u010danov. Po prvom roku Petra Pellegriniho mus\u00edme v\u0161ak s po\u013eutovan\u00edm skon\u0161tatova\u0165, \u017ee prezident Pellegrini zatia\u013e nie je nestran\u00edckym a nadstran\u00edckym prezidentom, naopak je st\u00e1le faktick\u00fdch predsedom Hlasu, je s\u00fa\u010das\u0165 vl\u00e1dnej koal\u00edcie. Peter Pellegrini mal opakovane mo\u017enos\u0165 uk\u00e1za\u0165, \u017ee sa vie zasta\u0165 nez\u00e1visl\u00fdch [&hellip;]"}