{"version":"1.0","provider_name":"Smedemokrati.sk","provider_url":"https:\/\/www.smedemokrati.sk\/cs","author_name":"Tom\u00e1\u0161 Koppl","author_url":"https:\/\/www.smedemokrati.sk\/cs\/author\/tomaskoppl\/","title":"Jedin\u00fdm cie\u013eom tejto sch\u00f4dze je spolitizova\u0165 pol\u00edciu - Smedemokrati.sk","type":"rich","width":600,"height":338,"html":"<blockquote class=\"wp-embedded-content\" data-secret=\"9H0XUrqEab\"><a href=\"https:\/\/www.smedemokrati.sk\/cs\/jedinym-cielom-tejto-schodze-je-spolitizovat-policiu\/\">Jedin\u00fdm cie\u013eom tejto sch\u00f4dze je spolitizova\u0165 pol\u00edciu<\/a><\/blockquote><iframe sandbox=\"allow-scripts\" security=\"restricted\" src=\"https:\/\/www.smedemokrati.sk\/cs\/jedinym-cielom-tejto-schodze-je-spolitizovat-policiu\/embed\/#?secret=9H0XUrqEab\" width=\"600\" height=\"338\" title=\"&#8222;Jedin\u00fdm cie\u013eom tejto sch\u00f4dze je spolitizova\u0165 pol\u00edciu&#8220; &#8212; Smedemokrati.sk\" data-secret=\"9H0XUrqEab\" frameborder=\"0\" marginwidth=\"0\" marginheight=\"0\" scrolling=\"no\" class=\"wp-embedded-content\"><\/iframe><script type=\"text\/javascript\">\n\/* <![CDATA[ *\/\n\/*! This file is auto-generated *\/\n!function(d,l){\"use strict\";l.querySelector&&d.addEventListener&&\"undefined\"!=typeof URL&&(d.wp=d.wp||{},d.wp.receiveEmbedMessage||(d.wp.receiveEmbedMessage=function(e){var t=e.data;if((t||t.secret||t.message||t.value)&&!\/[^a-zA-Z0-9]\/.test(t.secret)){for(var s,r,n,a=l.querySelectorAll('iframe[data-secret=\"'+t.secret+'\"]'),o=l.querySelectorAll('blockquote[data-secret=\"'+t.secret+'\"]'),c=new RegExp(\"^https?:$\",\"i\"),i=0;i<o.length;i++)o[i].style.display=\"none\";for(i=0;i<a.length;i++)s=a[i],e.source===s.contentWindow&&(s.removeAttribute(\"style\"),\"height\"===t.message?(1e3<(r=parseInt(t.value,10))?r=1e3:~~r<200&&(r=200),s.height=r):\"link\"===t.message&&(r=new URL(s.getAttribute(\"src\")),n=new URL(t.value),c.test(n.protocol))&&n.host===r.host&&l.activeElement===s&&(d.top.location.href=t.value))}},d.addEventListener(\"message\",d.wp.receiveEmbedMessage,!1),l.addEventListener(\"DOMContentLoaded\",function(){for(var e,t,s=l.querySelectorAll(\"iframe.wp-embedded-content\"),r=0;r<s.length;r++)(t=(e=s[r]).getAttribute(\"data-secret\"))||(t=Math.random().toString(36).substring(2,12),e.src+=\"#?secret=\"+t,e.setAttribute(\"data-secret\",t)),e.contentWindow.postMessage({message:\"ready\",secret:t},\"*\")},!1)))}(window,document);\n\/\/# sourceURL=https:\/\/www.smedemokrati.sk\/wp-includes\/js\/wp-embed.min.js\n\/* ]]> *\/\n<\/script>\n","thumbnail_url":"https:\/\/www.smedemokrati.sk\/wp-content\/uploads\/2023\/08\/000.jpg","thumbnail_width":1666,"thumbnail_height":940,"description":"\u201eJedin\u00fdm cie\u013eom tejto mimoriadnej sch\u00f4dze bolo spolitizova\u0165 pol\u00edciu, som r\u00e1d, \u017ee sa ju nepodarilo otvori\u0165,\u201d vyhl\u00e1sil poslanec NR SR zo strany Demokrati Juraj \u0160eliga. Fico chcel prik\u00e1za\u0165 vl\u00e1de vstupova\u0165 do vy\u0161etrovan\u00ed a po\u0161pini\u0165 policajn\u00fd zbor a zatiahnu\u0165 ho do politick\u00e9ho z\u00e1pasu,\u201d doplnil \u0160eliga. Pod\u013ea \u0160eligu je smutn\u00e9, \u017ee toto v\u0161etko sa deje v de\u0148 55. [&hellip;]"}