{"version":"1.0","provider_name":"Smedemokrati.sk","provider_url":"https:\/\/www.smedemokrati.sk\/cs","author_name":"maros","author_url":"https:\/\/www.smedemokrati.sk\/cs\/author\/maros\/","title":"Je \u010das postavi\u0165 sa a br\u00e1ni\u0165 demokraciu - Smedemokrati.sk","type":"rich","width":600,"height":338,"html":"<blockquote class=\"wp-embedded-content\" data-secret=\"DTYabzt0iG\"><a href=\"https:\/\/www.smedemokrati.sk\/cs\/je-cas-postavit-sa-a-branit-demokraciu\/\">Je \u010das postavi\u0165 sa a br\u00e1ni\u0165 demokraciu<\/a><\/blockquote><iframe sandbox=\"allow-scripts\" security=\"restricted\" src=\"https:\/\/www.smedemokrati.sk\/cs\/je-cas-postavit-sa-a-branit-demokraciu\/embed\/#?secret=DTYabzt0iG\" width=\"600\" height=\"338\" title=\"&#8222;Je \u010das postavi\u0165 sa a br\u00e1ni\u0165 demokraciu&#8220; &#8212; Smedemokrati.sk\" data-secret=\"DTYabzt0iG\" frameborder=\"0\" marginwidth=\"0\" marginheight=\"0\" scrolling=\"no\" class=\"wp-embedded-content\"><\/iframe><script type=\"text\/javascript\">\n\/* <![CDATA[ *\/\n\/*! This file is auto-generated *\/\n!function(d,l){\"use strict\";l.querySelector&&d.addEventListener&&\"undefined\"!=typeof URL&&(d.wp=d.wp||{},d.wp.receiveEmbedMessage||(d.wp.receiveEmbedMessage=function(e){var t=e.data;if((t||t.secret||t.message||t.value)&&!\/[^a-zA-Z0-9]\/.test(t.secret)){for(var s,r,n,a=l.querySelectorAll('iframe[data-secret=\"'+t.secret+'\"]'),o=l.querySelectorAll('blockquote[data-secret=\"'+t.secret+'\"]'),c=new RegExp(\"^https?:$\",\"i\"),i=0;i<o.length;i++)o[i].style.display=\"none\";for(i=0;i<a.length;i++)s=a[i],e.source===s.contentWindow&&(s.removeAttribute(\"style\"),\"height\"===t.message?(1e3<(r=parseInt(t.value,10))?r=1e3:~~r<200&&(r=200),s.height=r):\"link\"===t.message&&(r=new URL(s.getAttribute(\"src\")),n=new URL(t.value),c.test(n.protocol))&&n.host===r.host&&l.activeElement===s&&(d.top.location.href=t.value))}},d.addEventListener(\"message\",d.wp.receiveEmbedMessage,!1),l.addEventListener(\"DOMContentLoaded\",function(){for(var e,t,s=l.querySelectorAll(\"iframe.wp-embedded-content\"),r=0;r<s.length;r++)(t=(e=s[r]).getAttribute(\"data-secret\"))||(t=Math.random().toString(36).substring(2,12),e.src+=\"#?secret=\"+t,e.setAttribute(\"data-secret\",t)),e.contentWindow.postMessage({message:\"ready\",secret:t},\"*\")},!1)))}(window,document);\n\/\/# sourceURL=https:\/\/www.smedemokrati.sk\/wp-includes\/js\/wp-embed.min.js\n\/* ]]> *\/\n<\/script>\n","thumbnail_url":"https:\/\/www.smedemokrati.sk\/wp-content\/uploads\/2023\/04\/signal-2023-04-25-164907_002.jpeg","thumbnail_width":1600,"thumbnail_height":1540,"description":"Robert Fico sa neleg\u00e1lnym \u0161\u00edren\u00edm zmanipulovan\u00fdch nahr\u00e1vok sna\u017e\u00ed podkop\u00e1va\u0165 z\u00e1klady pr\u00e1vneho \u0161t\u00e1tu, preto\u017ee vie, \u017ee pred spravodlivos\u0165ou ho zachr\u00e1ni u\u017e iba zvrhnutie demokracie. Dnes sme gener\u00e1lneho prokur\u00e1tora Maro\u0161a \u017dilinku vyzvali, aby sa kone\u010dne k t\u00fdmto nahr\u00e1vkam vyjadril. Strana Demokrati bude v\u017edy st\u00e1\u0165 na strane \u010destn\u00fdch vy\u0161etrovate\u013eov, sudcov, prokur\u00e1torov, ale aj novin\u00e1rov a ob\u010dianskej spolo\u010dnosti a [&hellip;]"}