{"version":"1.0","provider_name":"Smedemokrati.sk","provider_url":"https:\/\/www.smedemokrati.sk\/cs","author_name":"miro.sopko","author_url":"https:\/\/www.smedemokrati.sk\/cs\/author\/miro-sopko\/","title":"Ficov rozpo\u010det: podvody a rozpo\u010dtov\u00e1 vlastizrada - Smedemokrati.sk","type":"rich","width":600,"height":338,"html":"<blockquote class=\"wp-embedded-content\" data-secret=\"50J56oVtgf\"><a href=\"https:\/\/www.smedemokrati.sk\/cs\/ficov-rozpocet-podvody-a-rozpoctova-vlastizrada\/\">Ficov rozpo\u010det: podvody a rozpo\u010dtov\u00e1 vlastizrada<\/a><\/blockquote><iframe sandbox=\"allow-scripts\" security=\"restricted\" src=\"https:\/\/www.smedemokrati.sk\/cs\/ficov-rozpocet-podvody-a-rozpoctova-vlastizrada\/embed\/#?secret=50J56oVtgf\" width=\"600\" height=\"338\" title=\"&#8222;Ficov rozpo\u010det: podvody a rozpo\u010dtov\u00e1 vlastizrada&#8220; &#8212; Smedemokrati.sk\" data-secret=\"50J56oVtgf\" frameborder=\"0\" marginwidth=\"0\" marginheight=\"0\" scrolling=\"no\" class=\"wp-embedded-content\"><\/iframe><script type=\"text\/javascript\">\n\/* <![CDATA[ *\/\n\/*! This file is auto-generated *\/\n!function(d,l){\"use strict\";l.querySelector&&d.addEventListener&&\"undefined\"!=typeof URL&&(d.wp=d.wp||{},d.wp.receiveEmbedMessage||(d.wp.receiveEmbedMessage=function(e){var t=e.data;if((t||t.secret||t.message||t.value)&&!\/[^a-zA-Z0-9]\/.test(t.secret)){for(var s,r,n,a=l.querySelectorAll('iframe[data-secret=\"'+t.secret+'\"]'),o=l.querySelectorAll('blockquote[data-secret=\"'+t.secret+'\"]'),c=new RegExp(\"^https?:$\",\"i\"),i=0;i<o.length;i++)o[i].style.display=\"none\";for(i=0;i<a.length;i++)s=a[i],e.source===s.contentWindow&&(s.removeAttribute(\"style\"),\"height\"===t.message?(1e3<(r=parseInt(t.value,10))?r=1e3:~~r<200&&(r=200),s.height=r):\"link\"===t.message&&(r=new URL(s.getAttribute(\"src\")),n=new URL(t.value),c.test(n.protocol))&&n.host===r.host&&l.activeElement===s&&(d.top.location.href=t.value))}},d.addEventListener(\"message\",d.wp.receiveEmbedMessage,!1),l.addEventListener(\"DOMContentLoaded\",function(){for(var e,t,s=l.querySelectorAll(\"iframe.wp-embedded-content\"),r=0;r<s.length;r++)(t=(e=s[r]).getAttribute(\"data-secret\"))||(t=Math.random().toString(36).substring(2,12),e.src+=\"#?secret=\"+t,e.setAttribute(\"data-secret\",t)),e.contentWindow.postMessage({message:\"ready\",secret:t},\"*\")},!1)))}(window,document);\n\/\/# sourceURL=https:\/\/www.smedemokrati.sk\/wp-includes\/js\/wp-embed.min.js\n\/* ]]> *\/\n<\/script>\n","thumbnail_url":"https:\/\/www.smedemokrati.sk\/wp-content\/uploads\/2024\/04\/Graf_Deficit_verejnych_financii_april_2023.jpg","thumbnail_width":2048,"thumbnail_height":1300,"description":"Deficit verejn\u00fdch financi\u00ed bol vlani 4,9 % hrub\u00e9ho dom\u00e1ceho produktu (HDP). Fin\u00e1lne \u010d\u00edslo rozpo\u010dtovej bilancie Slovenska za rok 2023, ktor\u00e9 zverejnil \u0160tatistick\u00fd \u00farad SR, je ove\u013ea ni\u017e\u0161ie ako tohtoro\u010dn\u00fd rozpo\u010det, za ktor\u00fd je u\u017e plne zodpovedn\u00e1 Ficova vl\u00e1da (cca 6 % HDP). \u0160tatistick\u00fd \u00farad z\u00e1rove\u0148 potvrdil, \u017ee eurofondy, ktor\u00e9 v Bruseli vybavil pre Slovensko e\u0161te [&hellip;]"}