{"version":"1.0","provider_name":"Smedemokrati.sk","provider_url":"https:\/\/www.smedemokrati.sk\/cs","author_name":"miro.sopko","author_url":"https:\/\/www.smedemokrati.sk\/cs\/author\/miro-sopko\/","title":"Ako zabr\u00e1nite kolapsu prokurat\u00fary, p\u00e1n \u017dilinka? - Smedemokrati.sk","type":"rich","width":600,"height":338,"html":"<blockquote class=\"wp-embedded-content\" data-secret=\"BUINDYKlDM\"><a href=\"https:\/\/www.smedemokrati.sk\/cs\/ako-zabranite-kolapsu-prokuratury-pan-zilinka\/\">Ako zabr\u00e1nite kolapsu prokurat\u00fary, p\u00e1n \u017dilinka?<\/a><\/blockquote><iframe sandbox=\"allow-scripts\" security=\"restricted\" src=\"https:\/\/www.smedemokrati.sk\/cs\/ako-zabranite-kolapsu-prokuratury-pan-zilinka\/embed\/#?secret=BUINDYKlDM\" width=\"600\" height=\"338\" title=\"&#8222;Ako zabr\u00e1nite kolapsu prokurat\u00fary, p\u00e1n \u017dilinka?&#8220; &#8212; Smedemokrati.sk\" data-secret=\"BUINDYKlDM\" frameborder=\"0\" marginwidth=\"0\" marginheight=\"0\" scrolling=\"no\" class=\"wp-embedded-content\"><\/iframe><script type=\"text\/javascript\">\n\/* <![CDATA[ *\/\n\/*! This file is auto-generated *\/\n!function(d,l){\"use strict\";l.querySelector&&d.addEventListener&&\"undefined\"!=typeof URL&&(d.wp=d.wp||{},d.wp.receiveEmbedMessage||(d.wp.receiveEmbedMessage=function(e){var t=e.data;if((t||t.secret||t.message||t.value)&&!\/[^a-zA-Z0-9]\/.test(t.secret)){for(var s,r,n,a=l.querySelectorAll('iframe[data-secret=\"'+t.secret+'\"]'),o=l.querySelectorAll('blockquote[data-secret=\"'+t.secret+'\"]'),c=new RegExp(\"^https?:$\",\"i\"),i=0;i<o.length;i++)o[i].style.display=\"none\";for(i=0;i<a.length;i++)s=a[i],e.source===s.contentWindow&&(s.removeAttribute(\"style\"),\"height\"===t.message?(1e3<(r=parseInt(t.value,10))?r=1e3:~~r<200&&(r=200),s.height=r):\"link\"===t.message&&(r=new URL(s.getAttribute(\"src\")),n=new URL(t.value),c.test(n.protocol))&&n.host===r.host&&l.activeElement===s&&(d.top.location.href=t.value))}},d.addEventListener(\"message\",d.wp.receiveEmbedMessage,!1),l.addEventListener(\"DOMContentLoaded\",function(){for(var e,t,s=l.querySelectorAll(\"iframe.wp-embedded-content\"),r=0;r<s.length;r++)(t=(e=s[r]).getAttribute(\"data-secret\"))||(t=Math.random().toString(36).substring(2,12),e.src+=\"#?secret=\"+t,e.setAttribute(\"data-secret\",t)),e.contentWindow.postMessage({message:\"ready\",secret:t},\"*\")},!1)))}(window,document);\n\/\/# sourceURL=https:\/\/www.smedemokrati.sk\/wp-includes\/js\/wp-embed.min.js\n\/* ]]> *\/\n<\/script>\n","thumbnail_url":"https:\/\/www.smedemokrati.sk\/wp-content\/uploads\/2024\/03\/Seliga_TS.jpg","thumbnail_width":552,"thumbnail_height":368,"description":"Demokrati opakovane vyz\u00fdvaj\u00fa Gener\u00e1lneho prokur\u00e1tora Maro\u0161a \u017dilinku, aby predstavil verejnosti pl\u00e1n fungovania \u00faradu po tom, \u010do vl\u00e1da ods\u00fahlasila zru\u0161enie \u0160peci\u00e1lnej prokurat\u00fary. Juraj \u0160eliga v tejto s\u00favislosti vyu\u017e\u00edva in\u0161tit\u00fat slobodn\u00e9ho pr\u00edstupu k inform\u00e1ci\u00e1m aby zistil, nako\u013eko je opodstatnen\u00e9 hovori\u0165 o mo\u017enom kolapse slovenskej prokurat\u00fary. \u00a0\u201eTis\u00edcky spisov prejd\u00fa na krajsk\u00e9 prokurat\u00fary. Doteraz nevieme, ako chce Maro\u0161 \u017dilinka [&hellip;]"}